{"id":1537,"date":"2022-11-02T10:54:35","date_gmt":"2022-11-02T09:54:35","guid":{"rendered":"https:\/\/eifeil.com\/?page_id=1537"},"modified":"2022-11-02T15:12:40","modified_gmt":"2022-11-02T14:12:40","slug":"edita-event-2018","status":"publish","type":"page","link":"https:\/\/eifeil.com\/index.php\/edita-event-2018\/","title":{"rendered":"EditA 2018"},"content":{"rendered":"\t\t<div data-elementor-type=\"wp-page\" data-elementor-id=\"1537\" class=\"elementor elementor-1537\">\n\t\t\t\t\t\t<section class=\"elementor-section elementor-top-section elementor-element elementor-element-28df37f elementor-section-stretched elementor-section-boxed elementor-section-height-default elementor-section-height-default\" data-id=\"28df37f\" data-element_type=\"section\" data-e-type=\"section\" data-settings=\"{&quot;stretch_section&quot;:&quot;section-stretched&quot;,&quot;background_background&quot;:&quot;classic&quot;}\">\n\t\t\t\t\t\t<div class=\"elementor-container elementor-column-gap-default\">\n\t\t\t\t\t<div class=\"elementor-column elementor-col-100 elementor-top-column elementor-element elementor-element-2d7ab02\" data-id=\"2d7ab02\" data-element_type=\"column\" data-e-type=\"column\">\n\t\t\t<div class=\"elementor-widget-wrap elementor-element-populated\">\n\t\t\t\t\t\t<div class=\"elementor-element elementor-element-f9f8272 elementor-widget elementor-widget-spacer\" data-id=\"f9f8272\" data-element_type=\"widget\" data-e-type=\"widget\" data-widget_type=\"spacer.default\">\n\t\t\t\t<div class=\"elementor-widget-container\">\n\t\t\t\t\t\t\t<div class=\"elementor-spacer\">\n\t\t\t<div class=\"elementor-spacer-inner\"><\/div>\n\t\t<\/div>\n\t\t\t\t\t\t<\/div>\n\t\t\t\t<\/div>\n\t\t\t\t<div class=\"elementor-element elementor-element-885d618 elementor-widget elementor-widget-spacer\" data-id=\"885d618\" data-element_type=\"widget\" data-e-type=\"widget\" data-widget_type=\"spacer.default\">\n\t\t\t\t<div class=\"elementor-widget-container\">\n\t\t\t\t\t\t\t<div class=\"elementor-spacer\">\n\t\t\t<div class=\"elementor-spacer-inner\"><\/div>\n\t\t<\/div>\n\t\t\t\t\t\t<\/div>\n\t\t\t\t<\/div>\n\t\t\t\t\t<\/div>\n\t\t<\/div>\n\t\t\t\t\t<\/div>\n\t\t<\/section>\n\t\t\t\t<section class=\"elementor-section elementor-top-section elementor-element elementor-element-2542bd2 elementor-section-stretched elementor-section-boxed elementor-section-height-default elementor-section-height-default\" data-id=\"2542bd2\" data-element_type=\"section\" data-e-type=\"section\" data-settings=\"{&quot;stretch_section&quot;:&quot;section-stretched&quot;}\">\n\t\t\t\t\t\t<div class=\"elementor-container elementor-column-gap-default\">\n\t\t\t\t\t<div class=\"elementor-column elementor-col-100 elementor-top-column elementor-element elementor-element-6e8cb80\" data-id=\"6e8cb80\" data-element_type=\"column\" data-e-type=\"column\">\n\t\t\t<div class=\"elementor-widget-wrap elementor-element-populated\">\n\t\t\t\t\t\t<div class=\"elementor-element elementor-element-f08af9d elementor-widget elementor-widget-spacer\" data-id=\"f08af9d\" data-element_type=\"widget\" data-e-type=\"widget\" data-widget_type=\"spacer.default\">\n\t\t\t\t<div class=\"elementor-widget-container\">\n\t\t\t\t\t\t\t<div class=\"elementor-spacer\">\n\t\t\t<div class=\"elementor-spacer-inner\"><\/div>\n\t\t<\/div>\n\t\t\t\t\t\t<\/div>\n\t\t\t\t<\/div>\n\t\t\t\t<div class=\"elementor-element elementor-element-43763dd elementor-widget elementor-widget-heading\" data-id=\"43763dd\" data-element_type=\"widget\" data-e-type=\"widget\" data-widget_type=\"heading.default\">\n\t\t\t\t<div class=\"elementor-widget-container\">\n\t\t\t\t\t<h2 class=\"elementor-heading-title elementor-size-default\">PROGRAMME<\/h2>\t\t\t\t<\/div>\n\t\t\t\t<\/div>\n\t\t\t\t<div class=\"elementor-element elementor-element-5e26f6e elementor-widget elementor-widget-spacer\" data-id=\"5e26f6e\" data-element_type=\"widget\" data-e-type=\"widget\" data-widget_type=\"spacer.default\">\n\t\t\t\t<div class=\"elementor-widget-container\">\n\t\t\t\t\t\t\t<div class=\"elementor-spacer\">\n\t\t\t<div class=\"elementor-spacer-inner\"><\/div>\n\t\t<\/div>\n\t\t\t\t\t\t<\/div>\n\t\t\t\t<\/div>\n\t\t\t\t<div class=\"elementor-element elementor-element-bea7ecf elementor-widget elementor-widget-text-editor\" data-id=\"bea7ecf\" data-element_type=\"widget\" data-e-type=\"widget\" data-widget_type=\"text-editor.default\">\n\t\t\t\t<div class=\"elementor-widget-container\">\n\t\t\t\t\t\t\t\t\t<p class=\"p2\"><strong>LES DEBATS<\/strong><\/p><p class=\"p2\"><em>Fort du succ\u00e8s des d\u00e9bats et ateliers des \u00e9ditions 2015 et 2016 \u00e0 Paris, et 2017 \u00e0 Toulouse, nous d\u00e9cidons d\u2019exporter \u00e0 nouveau le concept dans une m\u00e9tropole r\u00e9gionale o\u00f9 la culture est au coeur des \u00e9v\u00e9nements<\/em><\/p><p class=\"p2\">Organis\u00e9es autour de sujets d\u2019actualit\u00e9, ces rencontres se veulent innovantes.<\/p><p class=\"p2\">Des sujets tr\u00e8s divers seront abord\u00e9s :\u00a0<strong>le m\u00e9tier d\u2019\u00e9diteur, les financements de la cr\u00e9ation, le num\u00e9rique, le transm\u00e9dia, la musique \u00e0 l\u2019image&#8230;\u00a0<\/strong>Des intervenants d\u2019horizons divers animeront tous les panels et aborderont toutes les facettes de chaque sujet.<\/p>\t\t\t\t\t\t\t\t<\/div>\n\t\t\t\t<\/div>\n\t\t\t\t<div class=\"elementor-element elementor-element-923e5a8 elementor-widget elementor-widget-toggle\" data-id=\"923e5a8\" data-element_type=\"widget\" data-e-type=\"widget\" data-widget_type=\"toggle.default\">\n\t\t\t\t<div class=\"elementor-widget-container\">\n\t\t\t\t\t\t\t<div class=\"elementor-toggle\">\n\t\t\t\t\t\t\t<div class=\"elementor-toggle-item\">\n\t\t\t\t\t<div id=\"elementor-tab-title-1531\" class=\"elementor-tab-title\" data-tab=\"1\" role=\"button\" aria-controls=\"elementor-tab-content-1531\" aria-expanded=\"false\">\n\t\t\t\t\t\t\t\t\t\t\t\t<span class=\"elementor-toggle-icon elementor-toggle-icon-left\" aria-hidden=\"true\">\n\t\t\t\t\t\t\t\t\t\t\t\t\t\t\t<span class=\"elementor-toggle-icon-closed\"><i class=\"fas fa-caret-right\"><\/i><\/span>\n\t\t\t\t\t\t\t\t<span class=\"elementor-toggle-icon-opened\"><i class=\"elementor-toggle-icon-opened fas fa-caret-up\"><\/i><\/span>\n\t\t\t\t\t\t\t\t\t\t\t\t\t<\/span>\n\t\t\t\t\t\t\t\t\t\t\t\t<a class=\"elementor-toggle-title\" tabindex=\"0\">Qu\u2019est-ce qu\u2019un \u00e9diteur ?<\/a>\n\t\t\t\t\t<\/div>\n\n\t\t\t\t\t<div id=\"elementor-tab-content-1531\" class=\"elementor-tab-content elementor-clearfix\" data-tab=\"1\" role=\"region\" aria-labelledby=\"elementor-tab-title-1531\"><p class=\"p2\">M\u00e9tier peu connu mais essentiel, son r\u00f4le est devenu tr\u00e8s large : financements d\u2019enregistrement de promotion, exploitations commerciales et recherche de synchronisation des oeuvres \u00e9dit\u00e9es\u2026<\/p><p class=\"p2\">Quelles responsabilit\u00e9s incombent \u00e0 un \u00e9diteur de musique \u00e9voluant aujourd\u2019hui dans un monde num\u00e9rique et d\u00e9mat\u00e9rialis\u00e9 ?<\/p><\/div>\n\t\t\t\t<\/div>\n\t\t\t\t\t\t\t<div class=\"elementor-toggle-item\">\n\t\t\t\t\t<div id=\"elementor-tab-title-1532\" class=\"elementor-tab-title\" data-tab=\"2\" role=\"button\" aria-controls=\"elementor-tab-content-1532\" aria-expanded=\"false\">\n\t\t\t\t\t\t\t\t\t\t\t\t<span class=\"elementor-toggle-icon elementor-toggle-icon-left\" aria-hidden=\"true\">\n\t\t\t\t\t\t\t\t\t\t\t\t\t\t\t<span class=\"elementor-toggle-icon-closed\"><i class=\"fas fa-caret-right\"><\/i><\/span>\n\t\t\t\t\t\t\t\t<span class=\"elementor-toggle-icon-opened\"><i class=\"elementor-toggle-icon-opened fas fa-caret-up\"><\/i><\/span>\n\t\t\t\t\t\t\t\t\t\t\t\t\t<\/span>\n\t\t\t\t\t\t\t\t\t\t\t\t<a class=\"elementor-toggle-title\" tabindex=\"0\">Soutien aux artistes et aux \u00e9diteurs : les aides pour qui et pourquoi ?<\/a>\n\t\t\t\t\t<\/div>\n\n\t\t\t\t\t<div id=\"elementor-tab-content-1532\" class=\"elementor-tab-content elementor-clearfix\" data-tab=\"2\" role=\"region\" aria-labelledby=\"elementor-tab-title-1532\"><p class=\"p2\">La culture est en pleine mutation.<\/p><p class=\"p2\">Dans le contexte \u00e9conomique actuel, quels sont les bons outils prenant en compte les ressources propres des \u00e9diteurs et les aides \u00e0 la cr\u00e9ation pour une solution durable et \u00e9quitable ?<\/p><p class=\"p2\">Et comment r\u00e9unir toutes les conditions pour r\u00e9ussir le d\u00e9veloppement de projets ?<\/p><\/div>\n\t\t\t\t<\/div>\n\t\t\t\t\t\t\t<div class=\"elementor-toggle-item\">\n\t\t\t\t\t<div id=\"elementor-tab-title-1533\" class=\"elementor-tab-title\" data-tab=\"3\" role=\"button\" aria-controls=\"elementor-tab-content-1533\" aria-expanded=\"false\">\n\t\t\t\t\t\t\t\t\t\t\t\t<span class=\"elementor-toggle-icon elementor-toggle-icon-left\" aria-hidden=\"true\">\n\t\t\t\t\t\t\t\t\t\t\t\t\t\t\t<span class=\"elementor-toggle-icon-closed\"><i class=\"fas fa-caret-right\"><\/i><\/span>\n\t\t\t\t\t\t\t\t<span class=\"elementor-toggle-icon-opened\"><i class=\"elementor-toggle-icon-opened fas fa-caret-up\"><\/i><\/span>\n\t\t\t\t\t\t\t\t\t\t\t\t\t<\/span>\n\t\t\t\t\t\t\t\t\t\t\t\t<a class=\"elementor-toggle-title\" tabindex=\"0\">\u00c9dition musicale : outils de promotion et \u00ab transm\u00e9dia \u00bb<\/a>\n\t\t\t\t\t<\/div>\n\n\t\t\t\t\t<div id=\"elementor-tab-content-1533\" class=\"elementor-tab-content elementor-clearfix\" data-tab=\"3\" role=\"region\" aria-labelledby=\"elementor-tab-title-1533\"><p class=\"p1\">Aujourd\u2019hui, de nouvelles plateformes dites \u00ab transm\u00e9dias \u00bb port\u00e9es par une g\u00e9n\u00e9ration de jeunes objecteurs sont au coeur de la circulation des contenus num\u00e9riques d\u00e9di\u00e9s \u00e0 la musique et la cr\u00e9ation.<\/p><p class=\"p1\">Ces auteurs innovants, libres et audacieux d\u00e9cryptent l\u2019\u00e9mergence et la diversit\u00e9 culturelle, proposent des pens\u00e9es alternatives et r\u00e9inventent l\u2019exposition m\u00e9diatique.<\/p><p class=\"p1\">Les transm\u00e9dias sont-ils une nouvelle forme d\u2019expression identitaire et la meilleure r\u00e9ponse \u00e0 l\u2019asphyxie culturelle propos\u00e9e par des m\u00e9dias d\u00e9connect\u00e9s ?<\/p><\/div>\n\t\t\t\t<\/div>\n\t\t\t\t\t\t\t<div class=\"elementor-toggle-item\">\n\t\t\t\t\t<div id=\"elementor-tab-title-1534\" class=\"elementor-tab-title\" data-tab=\"4\" role=\"button\" aria-controls=\"elementor-tab-content-1534\" aria-expanded=\"false\">\n\t\t\t\t\t\t\t\t\t\t\t\t<span class=\"elementor-toggle-icon elementor-toggle-icon-left\" aria-hidden=\"true\">\n\t\t\t\t\t\t\t\t\t\t\t\t\t\t\t<span class=\"elementor-toggle-icon-closed\"><i class=\"fas fa-caret-right\"><\/i><\/span>\n\t\t\t\t\t\t\t\t<span class=\"elementor-toggle-icon-opened\"><i class=\"elementor-toggle-icon-opened fas fa-caret-up\"><\/i><\/span>\n\t\t\t\t\t\t\t\t\t\t\t\t\t<\/span>\n\t\t\t\t\t\t\t\t\t\t\t\t<a class=\"elementor-toggle-title\" tabindex=\"0\">Synchronisation et musiques \u00e0 l\u2019image: les bonnes pratiques<\/a>\n\t\t\t\t\t<\/div>\n\n\t\t\t\t\t<div id=\"elementor-tab-content-1534\" class=\"elementor-tab-content elementor-clearfix\" data-tab=\"4\" role=\"region\" aria-labelledby=\"elementor-tab-title-1534\"><p class=\"p1\">Qu\u2019il s\u2019agisse de films, documentaires, jeux vid\u00e9os, ou pubs, de l\u2019utilisation d\u2019une oeuvre pr\u00e9existante ou d\u2019une cr\u00e9ation, la finalit\u00e9 est la m\u00eame: la musique b\u00e9n\u00e9ficie du succ\u00e8s de production d\u2019images en mouvement et vise versa ! Vecteur essentiel de communication des supports audiovisuels, elle repr\u00e9sente aujourd\u2019hui un pan entier de l\u2019industrie musicale.<\/p><p class=\"p1\">Mais quelles sont les bonnes pratiques?<\/p><p class=\"p2\">T\u00e9moignages d\u2019une communaut\u00e9 artistique \u00e0 part enti\u00e8re.<\/p><\/div>\n\t\t\t\t<\/div>\n\t\t\t\t\t\t\t\t<\/div>\n\t\t\t\t\t\t<\/div>\n\t\t\t\t<\/div>\n\t\t\t\t<div class=\"elementor-element elementor-element-c7dc89d elementor-widget elementor-widget-spacer\" data-id=\"c7dc89d\" data-element_type=\"widget\" data-e-type=\"widget\" data-widget_type=\"spacer.default\">\n\t\t\t\t<div class=\"elementor-widget-container\">\n\t\t\t\t\t\t\t<div class=\"elementor-spacer\">\n\t\t\t<div class=\"elementor-spacer-inner\"><\/div>\n\t\t<\/div>\n\t\t\t\t\t\t<\/div>\n\t\t\t\t<\/div>\n\t\t\t\t\t<\/div>\n\t\t<\/div>\n\t\t\t\t\t<\/div>\n\t\t<\/section>\n\t\t\t\t<section class=\"elementor-section elementor-top-section elementor-element elementor-element-dad5945 elementor-section-boxed elementor-section-height-default elementor-section-height-default\" data-id=\"dad5945\" data-element_type=\"section\" data-e-type=\"section\">\n\t\t\t\t\t\t<div class=\"elementor-container elementor-column-gap-default\">\n\t\t\t\t\t<div class=\"elementor-column elementor-col-100 elementor-top-column elementor-element elementor-element-95b16d8\" data-id=\"95b16d8\" data-element_type=\"column\" data-e-type=\"column\">\n\t\t\t<div class=\"elementor-widget-wrap elementor-element-populated\">\n\t\t\t\t\t\t<div class=\"elementor-element elementor-element-f59bea2 elementor-widget elementor-widget-video\" data-id=\"f59bea2\" data-element_type=\"widget\" data-e-type=\"widget\" data-settings=\"{&quot;youtube_url&quot;:&quot;https:\\\/\\\/www.youtube.com\\\/watch?v=FiaOKUppDQ4&quot;,&quot;video_type&quot;:&quot;youtube&quot;,&quot;controls&quot;:&quot;yes&quot;}\" data-widget_type=\"video.default\">\n\t\t\t\t<div class=\"elementor-widget-container\">\n\t\t\t\t\t\t\t<div class=\"elementor-wrapper elementor-open-inline\">\n\t\t\t<div class=\"elementor-video\"><\/div>\t\t<\/div>\n\t\t\t\t\t\t<\/div>\n\t\t\t\t<\/div>\n\t\t\t\t\t<\/div>\n\t\t<\/div>\n\t\t\t\t\t<\/div>\n\t\t<\/section>\n\t\t\t\t<\/div>\n\t\t","protected":false},"excerpt":{"rendered":"<p>PROGRAMME LES DEBATS Fort du succ\u00e8s des d\u00e9bats et ateliers des \u00e9ditions 2015 et 2016 \u00e0 Paris, et 2017 \u00e0 Toulouse, nous d\u00e9cidons d\u2019exporter \u00e0 nouveau le concept dans une [&hellip;]<\/p>\n","protected":false},"author":1,"featured_media":0,"parent":0,"menu_order":0,"comment_status":"closed","ping_status":"closed","template":"","meta":{"footnotes":""},"class_list":["post-1537","page","type-page","status-publish","hentry"],"yoast_head":"<!-- This site is optimized with the Yoast SEO plugin v26.6 - https:\/\/yoast.com\/wordpress\/plugins\/seo\/ -->\n<title>EditA event 2018<\/title>\n<meta name=\"description\" content=\"EditA event \u00e9dition 2018 : le salon de l&#039;\u00e9dition musicale, rencontre entre professionnels de l&#039;industrie de la musique.\" \/>\n<meta name=\"robots\" content=\"index, follow, max-snippet:-1, max-image-preview:large, max-video-preview:-1\" \/>\n<link rel=\"canonical\" href=\"https:\/\/eifeil.com\/index.php\/edita-event-2018\/\" \/>\n<meta property=\"og:locale\" content=\"fr_FR\" \/>\n<meta property=\"og:type\" content=\"article\" \/>\n<meta property=\"og:title\" content=\"EditA event 2018\" \/>\n<meta property=\"og:description\" content=\"EditA event \u00e9dition 2018 : le salon de l&#039;\u00e9dition musicale, rencontre entre professionnels de l&#039;industrie de la musique.\" \/>\n<meta property=\"og:url\" content=\"https:\/\/eifeil.com\/index.php\/edita-event-2018\/\" \/>\n<meta property=\"og:site_name\" content=\"EIFEIL\" \/>\n<meta property=\"article:modified_time\" content=\"2022-11-02T14:12:40+00:00\" \/>\n<meta name=\"twitter:card\" content=\"summary_large_image\" \/>\n<meta name=\"twitter:label1\" content=\"Dur\u00e9e de lecture estim\u00e9e\" \/>\n\t<meta name=\"twitter:data1\" content=\"2 minutes\" \/>\n<script type=\"application\/ld+json\" class=\"yoast-schema-graph\">{\"@context\":\"https:\/\/schema.org\",\"@graph\":[{\"@type\":\"WebPage\",\"@id\":\"https:\/\/eifeil.com\/index.php\/edita-event-2018\/\",\"url\":\"https:\/\/eifeil.com\/index.php\/edita-event-2018\/\",\"name\":\"EditA event 2018\",\"isPartOf\":{\"@id\":\"https:\/\/eifeil.com\/#website\"},\"datePublished\":\"2022-11-02T09:54:35+00:00\",\"dateModified\":\"2022-11-02T14:12:40+00:00\",\"description\":\"EditA event \u00e9dition 2018 : le salon de l'\u00e9dition musicale, rencontre entre professionnels de l'industrie de la musique.\",\"breadcrumb\":{\"@id\":\"https:\/\/eifeil.com\/index.php\/edita-event-2018\/#breadcrumb\"},\"inLanguage\":\"fr-FR\",\"potentialAction\":[{\"@type\":\"ReadAction\",\"target\":[\"https:\/\/eifeil.com\/index.php\/edita-event-2018\/\"]}]},{\"@type\":\"BreadcrumbList\",\"@id\":\"https:\/\/eifeil.com\/index.php\/edita-event-2018\/#breadcrumb\",\"itemListElement\":[{\"@type\":\"ListItem\",\"position\":1,\"name\":\"Accueil\",\"item\":\"https:\/\/eifeil.com\/\"},{\"@type\":\"ListItem\",\"position\":2,\"name\":\"EditA 2018\"}]},{\"@type\":\"WebSite\",\"@id\":\"https:\/\/eifeil.com\/#website\",\"url\":\"https:\/\/eifeil.com\/\",\"name\":\"EIFEIL\",\"description\":\"\u00c9diteurs Ind\u00e9pendants F\u00e9d\u00e9r\u00e9s en France\",\"potentialAction\":[{\"@type\":\"SearchAction\",\"target\":{\"@type\":\"EntryPoint\",\"urlTemplate\":\"https:\/\/eifeil.com\/?s={search_term_string}\"},\"query-input\":{\"@type\":\"PropertyValueSpecification\",\"valueRequired\":true,\"valueName\":\"search_term_string\"}}],\"inLanguage\":\"fr-FR\"}]}<\/script>\n<!-- \/ Yoast SEO plugin. -->","yoast_head_json":{"title":"EditA event 2018","description":"EditA event \u00e9dition 2018 : le salon de l'\u00e9dition musicale, rencontre entre professionnels de l'industrie de la musique.","robots":{"index":"index","follow":"follow","max-snippet":"max-snippet:-1","max-image-preview":"max-image-preview:large","max-video-preview":"max-video-preview:-1"},"canonical":"https:\/\/eifeil.com\/index.php\/edita-event-2018\/","og_locale":"fr_FR","og_type":"article","og_title":"EditA event 2018","og_description":"EditA event \u00e9dition 2018 : le salon de l'\u00e9dition musicale, rencontre entre professionnels de l'industrie de la musique.","og_url":"https:\/\/eifeil.com\/index.php\/edita-event-2018\/","og_site_name":"EIFEIL","article_modified_time":"2022-11-02T14:12:40+00:00","twitter_card":"summary_large_image","twitter_misc":{"Dur\u00e9e de lecture estim\u00e9e":"2 minutes"},"schema":{"@context":"https:\/\/schema.org","@graph":[{"@type":"WebPage","@id":"https:\/\/eifeil.com\/index.php\/edita-event-2018\/","url":"https:\/\/eifeil.com\/index.php\/edita-event-2018\/","name":"EditA event 2018","isPartOf":{"@id":"https:\/\/eifeil.com\/#website"},"datePublished":"2022-11-02T09:54:35+00:00","dateModified":"2022-11-02T14:12:40+00:00","description":"EditA event \u00e9dition 2018 : le salon de l'\u00e9dition musicale, rencontre entre professionnels de l'industrie de la musique.","breadcrumb":{"@id":"https:\/\/eifeil.com\/index.php\/edita-event-2018\/#breadcrumb"},"inLanguage":"fr-FR","potentialAction":[{"@type":"ReadAction","target":["https:\/\/eifeil.com\/index.php\/edita-event-2018\/"]}]},{"@type":"BreadcrumbList","@id":"https:\/\/eifeil.com\/index.php\/edita-event-2018\/#breadcrumb","itemListElement":[{"@type":"ListItem","position":1,"name":"Accueil","item":"https:\/\/eifeil.com\/"},{"@type":"ListItem","position":2,"name":"EditA 2018"}]},{"@type":"WebSite","@id":"https:\/\/eifeil.com\/#website","url":"https:\/\/eifeil.com\/","name":"EIFEIL","description":"\u00c9diteurs Ind\u00e9pendants F\u00e9d\u00e9r\u00e9s en France","potentialAction":[{"@type":"SearchAction","target":{"@type":"EntryPoint","urlTemplate":"https:\/\/eifeil.com\/?s={search_term_string}"},"query-input":{"@type":"PropertyValueSpecification","valueRequired":true,"valueName":"search_term_string"}}],"inLanguage":"fr-FR"}]}},"_links":{"self":[{"href":"https:\/\/eifeil.com\/index.php\/wp-json\/wp\/v2\/pages\/1537","targetHints":{"allow":["GET"]}}],"collection":[{"href":"https:\/\/eifeil.com\/index.php\/wp-json\/wp\/v2\/pages"}],"about":[{"href":"https:\/\/eifeil.com\/index.php\/wp-json\/wp\/v2\/types\/page"}],"author":[{"embeddable":true,"href":"https:\/\/eifeil.com\/index.php\/wp-json\/wp\/v2\/users\/1"}],"replies":[{"embeddable":true,"href":"https:\/\/eifeil.com\/index.php\/wp-json\/wp\/v2\/comments?post=1537"}],"version-history":[{"count":20,"href":"https:\/\/eifeil.com\/index.php\/wp-json\/wp\/v2\/pages\/1537\/revisions"}],"predecessor-version":[{"id":8577,"href":"https:\/\/eifeil.com\/index.php\/wp-json\/wp\/v2\/pages\/1537\/revisions\/8577"}],"wp:attachment":[{"href":"https:\/\/eifeil.com\/index.php\/wp-json\/wp\/v2\/media?parent=1537"}],"curies":[{"name":"wp","href":"https:\/\/api.w.org\/{rel}","templated":true}]}}