{"id":1663,"date":"2022-11-02T15:20:55","date_gmt":"2022-11-02T14:20:55","guid":{"rendered":"https:\/\/eifeil.com\/?page_id=1663"},"modified":"2026-03-26T11:19:06","modified_gmt":"2026-03-26T10:19:06","slug":"les-prix-lyceens-de-la-creation-musicale","status":"publish","type":"page","link":"https:\/\/eifeil.com\/index.php\/les-prix-lyceens-de-la-creation-musicale\/","title":{"rendered":"Les prix lyc\u00e9ens de la cr\u00e9ation musicale"},"content":{"rendered":"\t\t<div data-elementor-type=\"wp-page\" data-elementor-id=\"1663\" class=\"elementor elementor-1663\">\n\t\t\t\t\t\t<section class=\"elementor-section elementor-top-section elementor-element elementor-element-37766a8 elementor-section-boxed elementor-section-height-default elementor-section-height-default\" data-id=\"37766a8\" data-element_type=\"section\" data-e-type=\"section\">\n\t\t\t\t\t\t<div class=\"elementor-container elementor-column-gap-default\">\n\t\t\t\t\t<div class=\"elementor-column elementor-col-100 elementor-top-column elementor-element elementor-element-45cc628\" data-id=\"45cc628\" data-element_type=\"column\" data-e-type=\"column\">\n\t\t\t<div class=\"elementor-widget-wrap elementor-element-populated\">\n\t\t\t\t\t\t<div class=\"elementor-element elementor-element-1529b53 elementor-widget elementor-widget-heading\" data-id=\"1529b53\" data-element_type=\"widget\" data-e-type=\"widget\" data-widget_type=\"heading.default\">\n\t\t\t\t<div class=\"elementor-widget-container\">\n\t\t\t\t\t<h1 class=\"elementor-heading-title elementor-size-default\">Les Prix Lyc\u00e9ens de la Cr\u00e9ation Musicale<\/h1>\t\t\t\t<\/div>\n\t\t\t\t<\/div>\n\t\t\t\t\t<\/div>\n\t\t<\/div>\n\t\t\t\t\t<\/div>\n\t\t<\/section>\n\t\t\t\t<section class=\"elementor-section elementor-top-section elementor-element elementor-element-e53ae9b elementor-section-stretched elementor-section-boxed elementor-section-height-default elementor-section-height-default\" data-id=\"e53ae9b\" data-element_type=\"section\" data-e-type=\"section\" data-settings=\"{&quot;stretch_section&quot;:&quot;section-stretched&quot;}\">\n\t\t\t\t\t\t<div class=\"elementor-container elementor-column-gap-default\">\n\t\t\t\t\t<div class=\"elementor-column elementor-col-100 elementor-top-column elementor-element elementor-element-c8d8334\" data-id=\"c8d8334\" data-element_type=\"column\" data-e-type=\"column\">\n\t\t\t<div class=\"elementor-widget-wrap elementor-element-populated\">\n\t\t\t\t\t\t<div class=\"elementor-element elementor-element-1eddc3d elementor-widget elementor-widget-video\" data-id=\"1eddc3d\" data-element_type=\"widget\" data-e-type=\"widget\" data-settings=\"{&quot;youtube_url&quot;:&quot;https:\\\/\\\/youtu.be\\\/4YJ1WVkmCxs&quot;,&quot;autoplay&quot;:&quot;yes&quot;,&quot;play_on_mobile&quot;:&quot;yes&quot;,&quot;loop&quot;:&quot;yes&quot;,&quot;video_type&quot;:&quot;youtube&quot;,&quot;controls&quot;:&quot;yes&quot;}\" data-widget_type=\"video.default\">\n\t\t\t\t<div class=\"elementor-widget-container\">\n\t\t\t\t\t\t\t<div class=\"elementor-wrapper elementor-open-inline\">\n\t\t\t<div class=\"elementor-video\"><\/div>\t\t<\/div>\n\t\t\t\t\t\t<\/div>\n\t\t\t\t<\/div>\n\t\t\t\t\t<\/div>\n\t\t<\/div>\n\t\t\t\t\t<\/div>\n\t\t<\/section>\n\t\t\t\t<section class=\"elementor-section elementor-top-section elementor-element elementor-element-c31d822 elementor-section-stretched elementor-section-boxed elementor-section-height-default elementor-section-height-default\" data-id=\"c31d822\" data-element_type=\"section\" data-e-type=\"section\" data-settings=\"{&quot;stretch_section&quot;:&quot;section-stretched&quot;,&quot;background_background&quot;:&quot;classic&quot;}\">\n\t\t\t\t\t\t<div class=\"elementor-container elementor-column-gap-default\">\n\t\t\t\t\t<div class=\"elementor-column elementor-col-100 elementor-top-column elementor-element elementor-element-b4539c0\" data-id=\"b4539c0\" data-element_type=\"column\" data-e-type=\"column\">\n\t\t\t<div class=\"elementor-widget-wrap elementor-element-populated\">\n\t\t\t\t\t\t<div class=\"elementor-element elementor-element-6e3e42b elementor-widget elementor-widget-text-editor\" data-id=\"6e3e42b\" data-element_type=\"widget\" data-e-type=\"widget\" data-widget_type=\"text-editor.default\">\n\t\t\t\t<div class=\"elementor-widget-container\">\n\t\t\t\t\t\t\t\t\t<p><span style=\"color: #000000;\">Depuis 2016, EIFEIL s\u2019engage chaque ann\u00e9e aupr\u00e8s des lyc\u00e9ens pour leur faire d\u00e9couvrir, de mani\u00e8re concr\u00e8te et participative, <span style=\"color: #ee1f61;\"><b>les\u00a0enjeux du droit\u00a0d\u2019auteur<\/b><\/span> \u00e0 travers une <span style=\"color: #ee1f61;\"><b>masterclass<\/b> <\/span>d\u00e9di\u00e9e et l\u2019<span style=\"color: #ee1f61;\"><b>organisation des\u00a0Prix Lyc\u00e9ens de la Cr\u00e9ation Musicale.<\/b><\/span><\/span><\/p><p><span style=\"color: #000000;\">Au c\u0153ur du programme : une <strong><span style=\"color: #ee1f61;\">masterclass interactive autour du droit d\u2019auteur et des usages responsables du num\u00e9rique.<\/span><\/strong> Auteurs, compositeurs et interpr\u00e8tes, dont la r\u00e9mun\u00e9ration d\u00e9pend directement de l\u2019exploitation de leurs \u0153uvres, y sont clairement identifi\u00e9s, permettant aux \u00e9l\u00e8ves de comprendre toute la cha\u00eene de valeur et la diversit\u00e9 des acteurs indispensables \u00e0 la cr\u00e9ation musicale.<\/span><\/p><p><span style=\"color: #000000;\">La formation se prolonge par un temps fort : le vote des lyc\u00e9ens. \u00c0 partir d\u2019une s\u00e9lection \u00e9clectique de titres issus des musiques actuelles et produits l\u2019ann\u00e9e pr\u00e9c\u00e9dente, <span style=\"color: #ee1f61;\"><strong>les \u00e9l\u00e8ves analysent les \u0153uvres, identifient leurs cr\u00e9ateurs et d\u00e9signent trois laur\u00e9ats :<\/strong><\/span><\/span><\/p><ul><li><p><span style=\"color: #000000;\">le meilleur auteur (texte pr\u00e9f\u00e9r\u00e9),<\/span><\/p><\/li><li><p><span style=\"color: #000000;\">le meilleur compositeur (musique pr\u00e9f\u00e9r\u00e9e),<\/span><\/p><\/li><li><p><span style=\"color: #000000;\">l\u2019interpr\u00e8te pr\u00e9f\u00e9r\u00e9.<\/span><\/p><\/li><\/ul><p><span style=\"color: #000000;\">Un exercice p\u00e9dagogique stimulant qui les place au c\u0153ur du processus de reconnaissance artistique.<\/span><\/p><p><span style=\"color: #000000;\">La remise des prix se tient ensuite lors du <a href=\"https:\/\/eifeil.com\/index.php\/edita-event-salon-de-ledition-musicale\/\"><span style=\"text-decoration: underline;\"><span style=\"color: #ee1f61; text-decoration: underline;\"><strong>salon Edita<\/strong><\/span><\/span><\/a>, rendez-vous de l\u2019\u00c9dition et de la Cr\u00e9ation Musicale, en pr\u00e9sence des artistes et du jury lyc\u00e9en. Un moment de rencontre privil\u00e9gi\u00e9 entre jeunes publics et professionnels de la cr\u00e9ation.<\/span><\/p>\t\t\t\t\t\t\t\t<\/div>\n\t\t\t\t<\/div>\n\t\t\t\t\t<\/div>\n\t\t<\/div>\n\t\t\t\t\t<\/div>\n\t\t<\/section>\n\t\t\t\t<section class=\"elementor-section elementor-top-section elementor-element elementor-element-48bccb1 elementor-section-stretched elementor-section-boxed elementor-section-height-default elementor-section-height-default\" data-id=\"48bccb1\" data-element_type=\"section\" data-e-type=\"section\" data-settings=\"{&quot;stretch_section&quot;:&quot;section-stretched&quot;}\">\n\t\t\t\t\t\t<div class=\"elementor-container elementor-column-gap-default\">\n\t\t\t\t\t<div class=\"elementor-column elementor-col-100 elementor-top-column elementor-element elementor-element-82dd619\" data-id=\"82dd619\" data-element_type=\"column\" data-e-type=\"column\">\n\t\t\t<div class=\"elementor-widget-wrap elementor-element-populated\">\n\t\t\t\t\t\t<div class=\"elementor-element elementor-element-478eaa9 elementor-widget elementor-widget-heading\" data-id=\"478eaa9\" data-element_type=\"widget\" data-e-type=\"widget\" data-widget_type=\"heading.default\">\n\t\t\t\t<div class=\"elementor-widget-container\">\n\t\t\t\t\t<h3 class=\"elementor-heading-title elementor-size-default\">Prix 2024<\/h3>\t\t\t\t<\/div>\n\t\t\t\t<\/div>\n\t\t\t\t<div class=\"elementor-element elementor-element-4f7c6ba elementor-widget elementor-widget-text-editor\" data-id=\"4f7c6ba\" data-element_type=\"widget\" data-e-type=\"widget\" data-widget_type=\"text-editor.default\">\n\t\t\t\t<div class=\"elementor-widget-container\">\n\t\t\t\t\t\t\t\t\t<p>Lors de cette neuvi\u00e8me \u00e9dition, l&rsquo;\u00e9quipe EIFEIL s&rsquo;est rendu dans le lyc\u00e9e Malherbe de Caen.\u00a0\u00a0<\/p><div><ul><li dir=\"auto\">Prix du meilleur auteur &#8211; <span style=\"color: #ee1f61;\"><strong>Orelsan,<\/strong><\/span> pour la chanson \u00ab La Qu\u00eate \u00bb<\/li><li dir=\"auto\">Prix du compositeur &#8211; <span style=\"color: #ee1f61;\"><strong>Petit Biscuit<\/strong><\/span>, pour la chanson \u00ab You don&rsquo;t Ignore (too late) \u00bb<\/li><li dir=\"auto\">Prix de la meilleure chanson port\u00e9 par un interpr\u00e8te : <span style=\"color: #ee1f61;\"><strong>Fakear<\/strong><\/span>, pour la chanson \u00ab Elysium \u00bb<\/li><\/ul><\/div>\t\t\t\t\t\t\t\t<\/div>\n\t\t\t\t<\/div>\n\t\t\t\t\t<\/div>\n\t\t<\/div>\n\t\t\t\t\t<\/div>\n\t\t<\/section>\n\t\t\t\t<section class=\"elementor-section elementor-top-section elementor-element elementor-element-6e4748f elementor-section-stretched elementor-section-boxed elementor-section-height-default elementor-section-height-default\" data-id=\"6e4748f\" data-element_type=\"section\" data-e-type=\"section\" data-settings=\"{&quot;stretch_section&quot;:&quot;section-stretched&quot;,&quot;background_background&quot;:&quot;classic&quot;}\">\n\t\t\t\t\t\t<div class=\"elementor-container elementor-column-gap-default\">\n\t\t\t\t\t<div class=\"elementor-column elementor-col-50 elementor-top-column elementor-element elementor-element-5ff8dea\" data-id=\"5ff8dea\" data-element_type=\"column\" data-e-type=\"column\">\n\t\t\t<div class=\"elementor-widget-wrap elementor-element-populated\">\n\t\t\t\t\t\t<div class=\"elementor-element elementor-element-303111f gallery-spacing-custom elementor-widget elementor-widget-image-gallery\" data-id=\"303111f\" data-element_type=\"widget\" data-e-type=\"widget\" data-widget_type=\"image-gallery.default\">\n\t\t\t\t<div class=\"elementor-widget-container\">\n\t\t\t\t\t\t\t<div class=\"elementor-image-gallery\">\n\t\t\t<div id='gallery-1' class='gallery galleryid-1663 gallery-columns-2 gallery-size-medium_large'><figure class='gallery-item'>\n\t\t\t<div class='gallery-icon portrait'>\n\t\t\t\t<a data-elementor-open-lightbox=\"yes\" data-elementor-lightbox-slideshow=\"303111f\" data-elementor-lightbox-title=\"image7\" data-e-action-hash=\"#elementor-action%3Aaction%3Dlightbox%26settings%3DeyJpZCI6MzU5MywidXJsIjoiaHR0cHM6XC9cL2VpZmVpbC5jb21cL3dwLWNvbnRlbnRcL3VwbG9hZHNcLzIwMjNcLzA1XC9pbWFnZTctcm90YXRlZC5qcGVnIiwic2xpZGVzaG93IjoiMzAzMTExZiJ9\" href='https:\/\/eifeil.com\/wp-content\/uploads\/2023\/05\/image7-rotated.jpeg'><img fetchpriority=\"high\" decoding=\"async\" width=\"768\" height=\"1024\" src=\"https:\/\/eifeil.com\/wp-content\/uploads\/2023\/05\/image7-768x1024.jpeg\" class=\"attachment-medium_large size-medium_large\" alt=\"\" srcset=\"https:\/\/eifeil.com\/wp-content\/uploads\/2023\/05\/image7-768x1024.jpeg 768w, https:\/\/eifeil.com\/wp-content\/uploads\/2023\/05\/image7-225x300.jpeg 225w, https:\/\/eifeil.com\/wp-content\/uploads\/2023\/05\/image7-1152x1536.jpeg 1152w, https:\/\/eifeil.com\/wp-content\/uploads\/2023\/05\/image7-1000x1333.jpeg 1000w, https:\/\/eifeil.com\/wp-content\/uploads\/2023\/05\/image7-230x307.jpeg 230w, https:\/\/eifeil.com\/wp-content\/uploads\/2023\/05\/image7-350x467.jpeg 350w, https:\/\/eifeil.com\/wp-content\/uploads\/2023\/05\/image7-480x640.jpeg 480w, https:\/\/eifeil.com\/wp-content\/uploads\/2023\/05\/image7-rotated.jpeg 1512w\" sizes=\"(max-width: 768px) 100vw, 768px\" \/><\/a>\n\t\t\t<\/div><\/figure><figure class='gallery-item'>\n\t\t\t<div class='gallery-icon portrait'>\n\t\t\t\t<a data-elementor-open-lightbox=\"yes\" data-elementor-lightbox-slideshow=\"303111f\" data-elementor-lightbox-title=\"image6\" data-e-action-hash=\"#elementor-action%3Aaction%3Dlightbox%26settings%3DeyJpZCI6MzU5MiwidXJsIjoiaHR0cHM6XC9cL2VpZmVpbC5jb21cL3dwLWNvbnRlbnRcL3VwbG9hZHNcLzIwMjNcLzA1XC9pbWFnZTYtcm90YXRlZC5qcGVnIiwic2xpZGVzaG93IjoiMzAzMTExZiJ9\" href='https:\/\/eifeil.com\/wp-content\/uploads\/2023\/05\/image6-rotated.jpeg'><img decoding=\"async\" width=\"768\" height=\"1024\" src=\"https:\/\/eifeil.com\/wp-content\/uploads\/2023\/05\/image6-768x1024.jpeg\" class=\"attachment-medium_large size-medium_large\" alt=\"\" srcset=\"https:\/\/eifeil.com\/wp-content\/uploads\/2023\/05\/image6-768x1024.jpeg 768w, https:\/\/eifeil.com\/wp-content\/uploads\/2023\/05\/image6-225x300.jpeg 225w, https:\/\/eifeil.com\/wp-content\/uploads\/2023\/05\/image6-1152x1536.jpeg 1152w, https:\/\/eifeil.com\/wp-content\/uploads\/2023\/05\/image6-1000x1333.jpeg 1000w, https:\/\/eifeil.com\/wp-content\/uploads\/2023\/05\/image6-230x307.jpeg 230w, https:\/\/eifeil.com\/wp-content\/uploads\/2023\/05\/image6-350x467.jpeg 350w, https:\/\/eifeil.com\/wp-content\/uploads\/2023\/05\/image6-480x640.jpeg 480w, https:\/\/eifeil.com\/wp-content\/uploads\/2023\/05\/image6-rotated.jpeg 1512w\" sizes=\"(max-width: 768px) 100vw, 768px\" \/><\/a>\n\t\t\t<\/div><\/figure>\n\t\t<\/div>\n\t\t<\/div>\n\t\t\t\t\t\t<\/div>\n\t\t\t\t<\/div>\n\t\t\t\t\t<\/div>\n\t\t<\/div>\n\t\t\t\t<div class=\"elementor-column elementor-col-50 elementor-top-column elementor-element elementor-element-6c0b11d\" data-id=\"6c0b11d\" data-element_type=\"column\" data-e-type=\"column\">\n\t\t\t<div class=\"elementor-widget-wrap elementor-element-populated\">\n\t\t\t\t\t\t<div class=\"elementor-element elementor-element-23aa245 elementor-widget elementor-widget-heading\" data-id=\"23aa245\" data-element_type=\"widget\" data-e-type=\"widget\" data-widget_type=\"heading.default\">\n\t\t\t\t<div class=\"elementor-widget-container\">\n\t\t\t\t\t<h3 class=\"elementor-heading-title elementor-size-default\">Prix 2023<\/h3>\t\t\t\t<\/div>\n\t\t\t\t<\/div>\n\t\t\t\t<div class=\"elementor-element elementor-element-20b2852 elementor-widget elementor-widget-text-editor\" data-id=\"20b2852\" data-element_type=\"widget\" data-e-type=\"widget\" data-widget_type=\"text-editor.default\">\n\t\t\t\t<div class=\"elementor-widget-container\">\n\t\t\t\t\t\t\t\t\t<p>Lors de cette neuvi\u00e8me \u00e9dition, l&rsquo;\u00e9quipe EIFEIL s&rsquo;est rendu dans la classe musique de Madame Emmanuelle BOURRIQUET au sein du lyc\u00e9e FREPPEL \u00e0 Obernai.\u00a0<\/p><div class=\"x11i5rnm xat24cr x1mh8g0r x1vvkbs xtlvy1s x126k92a\"><ul><li dir=\"auto\">Prix de la meilleure auteure &#8211; <span style=\"color: #ee1f61;\"><strong><span class=\"xt0psk2\">LONDE<\/span><\/strong><\/span>, pour la chanson <br \/>\u00ab Corps \u00c9trangers \u00bb<\/li><li dir=\"auto\">Prix des meilleurs compositeur.rices &#8211; <span style=\"color: #ee1f61;\"><strong>Ruben KARAPETYAN, Tristan DALMAZIR et LONDE,<\/strong><\/span> Pour la chanson <br \/>\u00ab Corps \u00c9trangers \u00bb<\/li><li dir=\"auto\">Prix de la meilleure chanson port\u00e9 par des interpr\u00e8tes &#8211; <strong><span style=\"color: #ee1f61;\"><span class=\"xt0psk2\">Zimmia<\/span>,<\/span><\/strong> pour la chanson \u00ab The Last Nymph \u00bb<\/li><\/ul><\/div>\t\t\t\t\t\t\t\t<\/div>\n\t\t\t\t<\/div>\n\t\t\t\t\t<\/div>\n\t\t<\/div>\n\t\t\t\t\t<\/div>\n\t\t<\/section>\n\t\t\t\t<section class=\"elementor-section elementor-top-section elementor-element elementor-element-8e1b12a elementor-section-stretched elementor-section-boxed elementor-section-height-default elementor-section-height-default\" data-id=\"8e1b12a\" data-element_type=\"section\" data-e-type=\"section\" data-settings=\"{&quot;stretch_section&quot;:&quot;section-stretched&quot;}\">\n\t\t\t\t\t\t<div class=\"elementor-container elementor-column-gap-default\">\n\t\t\t\t\t<div class=\"elementor-column elementor-col-50 elementor-top-column elementor-element elementor-element-8933553\" data-id=\"8933553\" data-element_type=\"column\" data-e-type=\"column\">\n\t\t\t<div class=\"elementor-widget-wrap elementor-element-populated\">\n\t\t\t\t\t\t<div class=\"elementor-element elementor-element-5fab65b elementor-widget elementor-widget-image\" data-id=\"5fab65b\" data-element_type=\"widget\" data-e-type=\"widget\" data-widget_type=\"image.default\">\n\t\t\t\t<div class=\"elementor-widget-container\">\n\t\t\t\t\t\t\t\t\t\t\t\t\t\t\t<img decoding=\"async\" width=\"768\" height=\"576\" src=\"https:\/\/eifeil.com\/wp-content\/uploads\/2023\/01\/IMG-3225-768x576.jpg\" class=\"attachment-medium_large size-medium_large wp-image-2303\" alt=\"\" srcset=\"https:\/\/eifeil.com\/wp-content\/uploads\/2023\/01\/IMG-3225-768x576.jpg 768w, https:\/\/eifeil.com\/wp-content\/uploads\/2023\/01\/IMG-3225-300x225.jpg 300w, https:\/\/eifeil.com\/wp-content\/uploads\/2023\/01\/IMG-3225-1024x768.jpg 1024w, https:\/\/eifeil.com\/wp-content\/uploads\/2023\/01\/IMG-3225-1536x1152.jpg 1536w, https:\/\/eifeil.com\/wp-content\/uploads\/2023\/01\/IMG-3225-2048x1536.jpg 2048w, https:\/\/eifeil.com\/wp-content\/uploads\/2023\/01\/IMG-3225-1000x750.jpg 1000w, https:\/\/eifeil.com\/wp-content\/uploads\/2023\/01\/IMG-3225-230x173.jpg 230w, https:\/\/eifeil.com\/wp-content\/uploads\/2023\/01\/IMG-3225-350x263.jpg 350w, https:\/\/eifeil.com\/wp-content\/uploads\/2023\/01\/IMG-3225-480x360.jpg 480w\" sizes=\"(max-width: 768px) 100vw, 768px\" \/>\t\t\t\t\t\t\t\t\t\t\t\t\t\t\t<\/div>\n\t\t\t\t<\/div>\n\t\t\t\t\t<\/div>\n\t\t<\/div>\n\t\t\t\t<div class=\"elementor-column elementor-col-50 elementor-top-column elementor-element elementor-element-c697971\" data-id=\"c697971\" data-element_type=\"column\" data-e-type=\"column\">\n\t\t\t<div class=\"elementor-widget-wrap elementor-element-populated\">\n\t\t\t\t\t\t<div class=\"elementor-element elementor-element-0aef66f elementor-widget elementor-widget-heading\" data-id=\"0aef66f\" data-element_type=\"widget\" data-e-type=\"widget\" data-widget_type=\"heading.default\">\n\t\t\t\t<div class=\"elementor-widget-container\">\n\t\t\t\t\t<h3 class=\"elementor-heading-title elementor-size-default\">Prix 2022<\/h3>\t\t\t\t<\/div>\n\t\t\t\t<\/div>\n\t\t\t\t<div class=\"elementor-element elementor-element-275e8f1 elementor-widget elementor-widget-text-editor\" data-id=\"275e8f1\" data-element_type=\"widget\" data-e-type=\"widget\" data-widget_type=\"text-editor.default\">\n\t\t\t\t<div class=\"elementor-widget-container\">\n\t\t\t\t\t\t\t\t\t<p>Pour cette huiti\u00e8me \u00e9dition des prix, l&rsquo;\u00e9quipe EIFEIL s&rsquo;est rendu au lyc\u00e9e Giocante de Casablanca au sein de la classe de Monsieur Claude DAVIN.\u00a0<\/p><div class=\"x11i5rnm xat24cr x1mh8g0r x1vvkbs xtlvy1s x126k92a\"><div dir=\"auto\">Au programme : Une masterclass sur les droits d\u2019auteur, men\u00e9e par notre pr\u00e9sidente et \u00e9ditrice Isabel Dacheux et Le vote des Prix Lyc\u00e9ens de la Cr\u00e9ation Musicale, par les lyc\u00e9ens : meilleur.e auteur.e, meilleur.e compositeur.trice et meilleure chanson. port\u00e9e par un.e interpr\u00e8te.<\/div><\/div><div class=\"x11i5rnm xat24cr x1mh8g0r x1vvkbs xtlvy1s x126k92a\"><div dir=\"auto\">Pour cette \u00e9dition, nous avons eu le plaisir de compter parmi nous Oliver Leroux, d\u00e9l\u00e9gu\u00e9 r\u00e9gional de la Sacem en Corse.<\/div><\/div><div class=\"x11i5rnm xat24cr x1mh8g0r x1vvkbs xtlvy1s x126k92a\"><ul><li dir=\"auto\">Prix des meilleures compositrices &#8211; <span style=\"color: #ee1f61;\"><strong><span class=\"xt0psk2\">Marie Kanibal<\/span> et <span class=\"xt0psk2\">Cora Laba<\/span> &#8211; <span class=\"xt0psk2\">Warria Magda<\/span><\/strong><\/span>, Pour la chanson <a href=\"https:\/\/www.youtube.com\/watch?v=eO8ZSMCftkM\">\u00ab Vivons Cach\u00e9s \u00bb.<\/a><\/li><li dir=\"auto\">Prix de la meilleure auteure &#8211; <span style=\"color: #ee1f61;\"><strong>I\u00e9l\u00e9na BOYER<\/strong><\/span>, pour la chanson <br \/><a href=\"https:\/\/www.youtube.com\/watch?v=MnFauFBxH7c\">\u00ab DESHABILLE \u00bb.<\/a><\/li><li dir=\"auto\">Prix de la meilleure chanson port\u00e9e par une interpr\u00e8te &#8211; <span style=\"color: #ee1f61;\"><strong><span class=\"xt0psk2\">Charlotte Cardin<\/span><\/strong><\/span><span class=\"xt0psk2\">, <\/span>pour la chanson <a href=\"https:\/\/www.youtube.com\/watch?v=urIN1anTEZA\">\u00ab Scorpio Season \u00bb.<\/a><\/li><\/ul><\/div>\t\t\t\t\t\t\t\t<\/div>\n\t\t\t\t<\/div>\n\t\t\t\t\t<\/div>\n\t\t<\/div>\n\t\t\t\t\t<\/div>\n\t\t<\/section>\n\t\t\t\t<section class=\"elementor-section elementor-top-section elementor-element elementor-element-71684ce elementor-section-stretched elementor-section-boxed elementor-section-height-default elementor-section-height-default\" data-id=\"71684ce\" data-element_type=\"section\" data-e-type=\"section\" data-settings=\"{&quot;stretch_section&quot;:&quot;section-stretched&quot;,&quot;background_background&quot;:&quot;classic&quot;}\">\n\t\t\t\t\t\t<div class=\"elementor-container elementor-column-gap-default\">\n\t\t\t\t\t<div class=\"elementor-column elementor-col-100 elementor-top-column elementor-element elementor-element-e52f8ec\" data-id=\"e52f8ec\" data-element_type=\"column\" data-e-type=\"column\">\n\t\t\t<div class=\"elementor-widget-wrap elementor-element-populated\">\n\t\t\t\t\t\t<div class=\"elementor-element elementor-element-4cd89d1 elementor-widget elementor-widget-heading\" data-id=\"4cd89d1\" data-element_type=\"widget\" data-e-type=\"widget\" data-widget_type=\"heading.default\">\n\t\t\t\t<div class=\"elementor-widget-container\">\n\t\t\t\t\t<h3 class=\"elementor-heading-title elementor-size-default\">Prix 2021<\/h3>\t\t\t\t<\/div>\n\t\t\t\t<\/div>\n\t\t\t\t<div class=\"elementor-element elementor-element-88f7fc4 elementor-widget elementor-widget-text-editor\" data-id=\"88f7fc4\" data-element_type=\"widget\" data-e-type=\"widget\" data-widget_type=\"text-editor.default\">\n\t\t\t\t<div class=\"elementor-widget-container\">\n\t\t\t\t\t\t\t\t\t<ul><li>Prix de l\u2019auteur &#8211;<span style=\"color: #ee1f61;\">\u00a0<strong>Domique A<\/strong><\/span>\u00a0pour \u00ab Les \u00e9veill\u00e9s \u00bb<\/li><li>Prix du compositeur &#8211;<span style=\"color: #ee1f61;\">\u00a0<\/span><strong><span style=\"color: #ee1f61;\">Esser, Lott et Wookid<\/span>\u00a0<\/strong>pour \u00ab Goliath \u00bb<\/li><li>Prix de l&rsquo;interpr\u00e8te\u00a0 &#8211;\u00a0<span style=\"color: #ee1f61;\"><strong>Yseult<\/strong><\/span>\u00a0pour \u00ab Ind\u00e9l\u00e9bile \u00bb<\/li><\/ul>\t\t\t\t\t\t\t\t<\/div>\n\t\t\t\t<\/div>\n\t\t\t\t\t<\/div>\n\t\t<\/div>\n\t\t\t\t\t<\/div>\n\t\t<\/section>\n\t\t\t\t<section class=\"elementor-section elementor-top-section elementor-element elementor-element-c448cfb elementor-section-stretched elementor-section-boxed elementor-section-height-default elementor-section-height-default\" data-id=\"c448cfb\" data-element_type=\"section\" data-e-type=\"section\" data-settings=\"{&quot;stretch_section&quot;:&quot;section-stretched&quot;}\">\n\t\t\t\t\t\t<div class=\"elementor-container elementor-column-gap-default\">\n\t\t\t\t\t<div class=\"elementor-column elementor-col-50 elementor-top-column elementor-element elementor-element-ec80ed2\" data-id=\"ec80ed2\" data-element_type=\"column\" data-e-type=\"column\">\n\t\t\t<div class=\"elementor-widget-wrap elementor-element-populated\">\n\t\t\t\t\t\t<div class=\"elementor-element elementor-element-a864a53 elementor-widget elementor-widget-video\" data-id=\"a864a53\" data-element_type=\"widget\" data-e-type=\"widget\" data-settings=\"{&quot;youtube_url&quot;:&quot;https:\\\/\\\/www.youtube.com\\\/watch?v=laYe5NzkIMc&quot;,&quot;video_type&quot;:&quot;youtube&quot;,&quot;controls&quot;:&quot;yes&quot;}\" data-widget_type=\"video.default\">\n\t\t\t\t<div class=\"elementor-widget-container\">\n\t\t\t\t\t\t\t<div class=\"elementor-wrapper elementor-open-inline\">\n\t\t\t<div class=\"elementor-video\"><\/div>\t\t<\/div>\n\t\t\t\t\t\t<\/div>\n\t\t\t\t<\/div>\n\t\t\t\t\t<\/div>\n\t\t<\/div>\n\t\t\t\t<div class=\"elementor-column elementor-col-50 elementor-top-column elementor-element elementor-element-49ad986\" data-id=\"49ad986\" data-element_type=\"column\" data-e-type=\"column\">\n\t\t\t<div class=\"elementor-widget-wrap elementor-element-populated\">\n\t\t\t\t\t\t<div class=\"elementor-element elementor-element-4be3679 elementor-widget elementor-widget-heading\" data-id=\"4be3679\" data-element_type=\"widget\" data-e-type=\"widget\" data-widget_type=\"heading.default\">\n\t\t\t\t<div class=\"elementor-widget-container\">\n\t\t\t\t\t<h3 class=\"elementor-heading-title elementor-size-default\">Prix 2020<\/h3>\t\t\t\t<\/div>\n\t\t\t\t<\/div>\n\t\t\t\t<div class=\"elementor-element elementor-element-8097593 elementor-widget elementor-widget-text-editor\" data-id=\"8097593\" data-element_type=\"widget\" data-e-type=\"widget\" data-widget_type=\"text-editor.default\">\n\t\t\t\t<div class=\"elementor-widget-container\">\n\t\t\t\t\t\t\t\t\t<ul><li>Prix de l\u2019auteur &#8211;\u00a0<span style=\"color: #ee1f61;\"><strong>Adrian D\u00e9pinay (MNNQNS)<\/strong><\/span>\u00a0pour \u00ab Fall Down \u00bb<\/li><li>Prix du compositeur &#8211;<span style=\"color: #ee1f61;\">\u00a0<strong>B\u00e9esau\u00a0<\/strong><\/span>pour \u00ab Vue sur Mer \u00bb<\/li><li>Prix de l&rsquo;interpr\u00e8te\u00a0 &#8211;\u00a0<span style=\"color: #ee1f61;\"><strong>Brisa Roch\u00e9 &amp; Fred Fortuny<\/strong><\/span>\u00a0pour \u00ab Last Song \u00bb<\/li><\/ul><p>Malgr\u00e9 des conditions sanitaires particuli\u00e8res et un contexte particulier qui n\u2019ont pas permis de maintenir une masterclass en pr\u00e9sentiel, la f\u00e9d\u00e9ration EIFEIL a tenue \u00e0 conserver les Prix Lyc\u00e9ens de la Cr\u00e9ation Musicale. <br \/>Elle a donc organis\u00e9 des votes virtuels via un formulaire qui donnait acc\u00e8s \u00e0 un petit livret sur le droit d\u2019auteur\u00a0! <br \/>Cette consultation virtuelle a permis de rassembler plus de 140 votes de lyc\u00e9ens partout en France\u00a0!\u00a0<\/p>\t\t\t\t\t\t\t\t<\/div>\n\t\t\t\t<\/div>\n\t\t\t\t\t<\/div>\n\t\t<\/div>\n\t\t\t\t\t<\/div>\n\t\t<\/section>\n\t\t\t\t<section class=\"elementor-section elementor-top-section elementor-element elementor-element-afbaee3 elementor-section-stretched elementor-section-boxed elementor-section-height-default elementor-section-height-default\" data-id=\"afbaee3\" data-element_type=\"section\" data-e-type=\"section\" data-settings=\"{&quot;stretch_section&quot;:&quot;section-stretched&quot;,&quot;background_background&quot;:&quot;classic&quot;}\">\n\t\t\t\t\t\t<div class=\"elementor-container elementor-column-gap-default\">\n\t\t\t\t\t<div class=\"elementor-column elementor-col-50 elementor-top-column elementor-element elementor-element-ffba5cf\" data-id=\"ffba5cf\" data-element_type=\"column\" data-e-type=\"column\">\n\t\t\t<div class=\"elementor-widget-wrap elementor-element-populated\">\n\t\t\t\t\t\t<div class=\"elementor-element elementor-element-a24ce9d elementor-widget elementor-widget-video\" data-id=\"a24ce9d\" data-element_type=\"widget\" data-e-type=\"widget\" data-settings=\"{&quot;youtube_url&quot;:&quot;https:\\\/\\\/www.youtube.com\\\/watch?v=FiaOKUppDQ4&quot;,&quot;video_type&quot;:&quot;youtube&quot;,&quot;controls&quot;:&quot;yes&quot;}\" data-widget_type=\"video.default\">\n\t\t\t\t<div class=\"elementor-widget-container\">\n\t\t\t\t\t\t\t<div class=\"elementor-wrapper elementor-open-inline\">\n\t\t\t<div class=\"elementor-video\"><\/div>\t\t<\/div>\n\t\t\t\t\t\t<\/div>\n\t\t\t\t<\/div>\n\t\t\t\t\t<\/div>\n\t\t<\/div>\n\t\t\t\t<div class=\"elementor-column elementor-col-50 elementor-top-column elementor-element elementor-element-901ea6c\" data-id=\"901ea6c\" data-element_type=\"column\" data-e-type=\"column\">\n\t\t\t<div class=\"elementor-widget-wrap elementor-element-populated\">\n\t\t\t\t\t\t<div class=\"elementor-element elementor-element-36d1efc elementor-widget elementor-widget-heading\" data-id=\"36d1efc\" data-element_type=\"widget\" data-e-type=\"widget\" data-widget_type=\"heading.default\">\n\t\t\t\t<div class=\"elementor-widget-container\">\n\t\t\t\t\t<h3 class=\"elementor-heading-title elementor-size-default\">Prix 2018<\/h3>\t\t\t\t<\/div>\n\t\t\t\t<\/div>\n\t\t\t\t<div class=\"elementor-element elementor-element-46a7445 elementor-widget elementor-widget-text-editor\" data-id=\"46a7445\" data-element_type=\"widget\" data-e-type=\"widget\" data-widget_type=\"text-editor.default\">\n\t\t\t\t<div class=\"elementor-widget-container\">\n\t\t\t\t\t\t\t\t\t<ul><li>Prix de l&rsquo;auteur &#8211;<span style=\"color: #ee1f61;\">\u00a0<strong>Bastien Burle et Andu Burle<\/strong><\/span>\u00a0pour \u00ab\u00a0<em>Peau Lisse\u00a0<\/em>\u00bb<\/li><li>Prix du compositeur &#8211; <span style=\"color: #ee1f61;\"><strong>Nicolas Viegeolat, Romain Chicha, Simon Henner<\/strong><\/span>\u00a0pour \u00ab\u00a0<em>Love\u00a0<\/em>\u00bb<\/li><li>Prix de l&rsquo;interpr\u00e8te &#8211;\u00a0<span style=\"color: #ee1f61;\"><strong>Naps<\/strong><\/span>\u00a0pour \u00ab\u00a0<em>Ma Bella<\/em>\u00a0\u00bb<\/li><\/ul><p>Pour cette quatri\u00e8me \u00e9dition, des \u00e9l\u00e8ves de secondes , premi\u00e8res et terminales des fili\u00e8res g\u00e9n\u00e9rale et des arts appliqu\u00e9s du lyc\u00e9e Diderot \u00e0 Marseille ont \u00e9t\u00e9 les jurys de ces prix! Et pour faire honneur \u00e0 MP2018\u2026. la \u00a0playlist propos\u00e9e aux votes s\u2019articulera autour de<strong>\u00a0<span style=\"color: #ee1f61;\">L\u2019 AMOUR&#8230; ET QUEL AMOUR!<\/span><\/strong>\u00a0Les 3 prix ont \u00e9t\u00e9 remis par le jury aux laur\u00e9ats le 23 mai \u00e0 la cit\u00e9 de la Musique, \u00e0 l\u2019occasion d\u2019EditA.<\/p>\t\t\t\t\t\t\t\t<\/div>\n\t\t\t\t<\/div>\n\t\t\t\t\t<\/div>\n\t\t<\/div>\n\t\t\t\t\t<\/div>\n\t\t<\/section>\n\t\t\t\t<section class=\"elementor-section elementor-top-section elementor-element elementor-element-c3776f3 elementor-section-boxed elementor-section-height-default elementor-section-height-default\" data-id=\"c3776f3\" data-element_type=\"section\" data-e-type=\"section\">\n\t\t\t\t\t\t<div class=\"elementor-container elementor-column-gap-default\">\n\t\t\t\t\t<div class=\"elementor-column elementor-col-50 elementor-top-column elementor-element elementor-element-94a4f6b\" data-id=\"94a4f6b\" data-element_type=\"column\" data-e-type=\"column\">\n\t\t\t<div class=\"elementor-widget-wrap elementor-element-populated\">\n\t\t\t\t\t\t<div class=\"elementor-element elementor-element-27f3602 elementor-widget elementor-widget-image\" data-id=\"27f3602\" data-element_type=\"widget\" data-e-type=\"widget\" data-widget_type=\"image.default\">\n\t\t\t\t<div class=\"elementor-widget-container\">\n\t\t\t\t\t\t\t\t\t\t\t\t\t\t\t<img loading=\"lazy\" decoding=\"async\" width=\"480\" height=\"360\" src=\"https:\/\/eifeil.com\/wp-content\/uploads\/2022\/10\/prixlyceenscreationsmusicale2017-480x360.jpeg\" class=\"attachment-sydney-mas-thumb size-sydney-mas-thumb wp-image-1443\" alt=\"Prix lyc\u00e9en de la cr\u00e9ation musicale\" srcset=\"https:\/\/eifeil.com\/wp-content\/uploads\/2022\/10\/prixlyceenscreationsmusicale2017-480x360.jpeg 480w, https:\/\/eifeil.com\/wp-content\/uploads\/2022\/10\/prixlyceenscreationsmusicale2017-300x225.jpeg 300w, https:\/\/eifeil.com\/wp-content\/uploads\/2022\/10\/prixlyceenscreationsmusicale2017-1024x768.jpeg 1024w, https:\/\/eifeil.com\/wp-content\/uploads\/2022\/10\/prixlyceenscreationsmusicale2017-768x576.jpeg 768w, https:\/\/eifeil.com\/wp-content\/uploads\/2022\/10\/prixlyceenscreationsmusicale2017-1536x1151.jpeg 1536w, https:\/\/eifeil.com\/wp-content\/uploads\/2022\/10\/prixlyceenscreationsmusicale2017-1000x750.jpeg 1000w, https:\/\/eifeil.com\/wp-content\/uploads\/2022\/10\/prixlyceenscreationsmusicale2017-230x172.jpeg 230w, https:\/\/eifeil.com\/wp-content\/uploads\/2022\/10\/prixlyceenscreationsmusicale2017-350x262.jpeg 350w, https:\/\/eifeil.com\/wp-content\/uploads\/2022\/10\/prixlyceenscreationsmusicale2017.jpeg 1969w\" sizes=\"(max-width: 480px) 100vw, 480px\" \/>\t\t\t\t\t\t\t\t\t\t\t\t\t\t\t<\/div>\n\t\t\t\t<\/div>\n\t\t\t\t\t<\/div>\n\t\t<\/div>\n\t\t\t\t<div class=\"elementor-column elementor-col-50 elementor-top-column elementor-element elementor-element-319949f\" data-id=\"319949f\" data-element_type=\"column\" data-e-type=\"column\">\n\t\t\t<div class=\"elementor-widget-wrap elementor-element-populated\">\n\t\t\t\t\t\t<div class=\"elementor-element elementor-element-e9ca010 elementor-widget elementor-widget-heading\" data-id=\"e9ca010\" data-element_type=\"widget\" data-e-type=\"widget\" data-widget_type=\"heading.default\">\n\t\t\t\t<div class=\"elementor-widget-container\">\n\t\t\t\t\t<h3 class=\"elementor-heading-title elementor-size-default\">Prix 2017<\/h3>\t\t\t\t<\/div>\n\t\t\t\t<\/div>\n\t\t\t\t<div class=\"elementor-element elementor-element-118f202 elementor-widget elementor-widget-text-editor\" data-id=\"118f202\" data-element_type=\"widget\" data-e-type=\"widget\" data-widget_type=\"text-editor.default\">\n\t\t\t\t<div class=\"elementor-widget-container\">\n\t\t\t\t\t\t\t\t\t<ul><li><span class=\"JsGRdQ\" style=\"margin: 0px; padding: 0px; border: 0px; outline: 0px; font: inherit; vertical-align: baseline;\">Prix de l&rsquo;auteur &#8211; <\/span><span style=\"color: #ee1f61;\"><strong><span class=\"JsGRdQ\" style=\"margin: 0px; padding: 0px; border: 0px; outline: 0px; font-style: inherit; font-variant: inherit; font-stretch: inherit; font-size: inherit; line-height: inherit; font-family: inherit; font-optical-sizing: inherit; font-size-adjust: inherit; font-kerning: inherit; font-feature-settings: inherit; font-variation-settings: inherit; font-language-override: inherit; vertical-align: baseline;\">Bigflo &amp; Olivio Ordonez\u00a0<\/span><\/strong><\/span><span class=\"JsGRdQ\" style=\"margin: 0px; padding: 0px; border: 0px; outline: 0px; font: inherit; vertical-align: baseline;\">pour \u00ab\u00a0<\/span><span class=\"JsGRdQ\" style=\"margin: 0px; padding: 0px; border: 0px; outline: 0px; font: inherit; vertical-align: baseline;\">Pour un pote<\/span><span class=\"JsGRdQ\" style=\"margin: 0px; padding: 0px; border: 0px; outline: 0px; font: inherit; vertical-align: baseline;\">\u00a0\u00bb<\/span><\/li><li><span class=\"JsGRdQ\" style=\"margin: 0px; padding: 0px; border: 0px; outline: 0px; font: inherit; vertical-align: baseline;\">Prix de la compositrice &#8211;\u00a0<\/span><span style=\"color: #ee1f61;\"><strong><span class=\"JsGRdQ\" style=\"margin: 0px; padding: 0px; border: 0px; outline: 0px; font-style: inherit; font-variant: inherit; font-stretch: inherit; font-size: inherit; line-height: inherit; font-family: inherit; font-optical-sizing: inherit; font-size-adjust: inherit; font-kerning: inherit; font-feature-settings: inherit; font-variation-settings: inherit; font-language-override: inherit; vertical-align: baseline;\">Mathilde Cabezas<\/span><\/strong><\/span><span class=\"JsGRdQ\" style=\"margin: 0px; padding: 0px; border: 0px; outline: 0px; font: inherit; vertical-align: baseline;\">\u00a0pour<\/span>\u00a0<span class=\"JsGRdQ\" style=\"margin: 0px; padding: 0px; border: 0px; outline: 0px; font: inherit; vertical-align: baseline;\">\u00ab\u00a0<\/span><span class=\"JsGRdQ\" style=\"margin: 0px; padding: 0px; border: 0px; outline: 0px; font: inherit; vertical-align: baseline;\">Marianne<\/span><span class=\"JsGRdQ\" style=\"margin: 0px; padding: 0px; border: 0px; outline: 0px; font: inherit; vertical-align: baseline;\">\u00a0\u00bb<\/span><\/li><li><span class=\"JsGRdQ\" style=\"margin: 0px; padding: 0px; border: 0px; outline: 0px; font: inherit; vertical-align: baseline;\">Prix de l&rsquo;interpr\u00e8te<\/span>\u00a0<span class=\"JsGRdQ\" style=\"margin: 0px; padding: 0px; border: 0px; outline: 0px; font: inherit; vertical-align: baseline;\">&#8211;\u00a0<\/span><span class=\"JsGRdQ\" style=\"margin: 0px; padding: 0px; border: 0px; outline: 0px; font: inherit; vertical-align: baseline;\">Les Humanophones\u00a0<\/span><span class=\"JsGRdQ\" style=\"margin: 0px; padding: 0px; border: 0px; outline: 0px; font: inherit; vertical-align: baseline;\">pour \u00ab\u00a0<\/span><span class=\"JsGRdQ\" style=\"margin: 0px; padding: 0px; border: 0px; outline: 0px; font: inherit; vertical-align: baseline;\">Mod&rsquo;s Mood<\/span><span class=\"JsGRdQ\" style=\"margin: 0px; padding: 0px; border: 0px; outline: 0px; font: inherit; vertical-align: baseline;\">\u00a0\u00bb<\/span><\/li><li style=\"list-style-type: none;\">\u00a0<\/li><\/ul><p style=\"margin: 0px; padding: 0px; border: 0px; outline: 0px; font-variant-numeric: inherit; font-variant-east-asian: inherit; font-stretch: inherit; font-size: 17px; line-height: 27px; font-family: Lato, sans-serif; vertical-align: baseline;\">Pour cette 3\u00e8me \u00e9dition,\u00a0<span style=\"margin: 0px; padding: 0px; border: 0px; outline: 0px; font-style: inherit; font-variant: inherit; font-weight: 800; font-stretch: inherit; font-size: inherit; line-height: inherit; font-family: inherit; vertical-align: baseline; color: #ee1f61;\">le jury est compos\u00e9 de la classe de seconde option musique du lyc\u00e9e Saint-Ernin \u00e0 Toulouse <\/span>et encadr\u00e9 par des professionnels de la cr\u00e9ation et de l\u2019\u00e9dition musicale.<\/p>\t\t\t\t\t\t\t\t<\/div>\n\t\t\t\t<\/div>\n\t\t\t\t\t<\/div>\n\t\t<\/div>\n\t\t\t\t\t<\/div>\n\t\t<\/section>\n\t\t\t\t<section class=\"elementor-section elementor-top-section elementor-element elementor-element-943ebaa elementor-section-stretched elementor-section-boxed elementor-section-height-default elementor-section-height-default\" data-id=\"943ebaa\" data-element_type=\"section\" data-e-type=\"section\" data-settings=\"{&quot;stretch_section&quot;:&quot;section-stretched&quot;,&quot;background_background&quot;:&quot;classic&quot;}\">\n\t\t\t\t\t\t<div class=\"elementor-container elementor-column-gap-default\">\n\t\t\t\t\t<div class=\"elementor-column elementor-col-50 elementor-top-column elementor-element elementor-element-2e90ce0\" data-id=\"2e90ce0\" data-element_type=\"column\" data-e-type=\"column\">\n\t\t\t<div class=\"elementor-widget-wrap elementor-element-populated\">\n\t\t\t\t\t\t<div class=\"elementor-element elementor-element-4e995c2 elementor-widget__width-initial elementor-widget elementor-widget-image\" data-id=\"4e995c2\" data-element_type=\"widget\" data-e-type=\"widget\" data-widget_type=\"image.default\">\n\t\t\t\t<div class=\"elementor-widget-container\">\n\t\t\t\t\t\t\t\t\t\t\t\t\t\t\t<img loading=\"lazy\" decoding=\"async\" width=\"1024\" height=\"576\" src=\"https:\/\/eifeil.com\/wp-content\/uploads\/2022\/10\/prixlyce\u0301enscreationmusicale1-1024x576.jpeg\" class=\"attachment-large size-large wp-image-1439\" alt=\"Prix lyc\u00e9en de la cr\u00e9ation musicale 2016\" srcset=\"https:\/\/eifeil.com\/wp-content\/uploads\/2022\/10\/prixlyce\u0301enscreationmusicale1-1024x576.jpeg 1024w, https:\/\/eifeil.com\/wp-content\/uploads\/2022\/10\/prixlyce\u0301enscreationmusicale1-300x169.jpeg 300w, https:\/\/eifeil.com\/wp-content\/uploads\/2022\/10\/prixlyce\u0301enscreationmusicale1-768x432.jpeg 768w, https:\/\/eifeil.com\/wp-content\/uploads\/2022\/10\/prixlyce\u0301enscreationmusicale1-1536x864.jpeg 1536w, https:\/\/eifeil.com\/wp-content\/uploads\/2022\/10\/prixlyce\u0301enscreationmusicale1-2048x1152.jpeg 2048w, https:\/\/eifeil.com\/wp-content\/uploads\/2022\/10\/prixlyce\u0301enscreationmusicale1-1000x563.jpeg 1000w, https:\/\/eifeil.com\/wp-content\/uploads\/2022\/10\/prixlyce\u0301enscreationmusicale1-230x129.jpeg 230w, https:\/\/eifeil.com\/wp-content\/uploads\/2022\/10\/prixlyce\u0301enscreationmusicale1-350x197.jpeg 350w, https:\/\/eifeil.com\/wp-content\/uploads\/2022\/10\/prixlyce\u0301enscreationmusicale1-480x270.jpeg 480w\" sizes=\"(max-width: 1024px) 100vw, 1024px\" \/>\t\t\t\t\t\t\t\t\t\t\t\t\t\t\t<\/div>\n\t\t\t\t<\/div>\n\t\t\t\t\t<\/div>\n\t\t<\/div>\n\t\t\t\t<div class=\"elementor-column elementor-col-50 elementor-top-column elementor-element elementor-element-20253ba\" data-id=\"20253ba\" data-element_type=\"column\" data-e-type=\"column\">\n\t\t\t<div class=\"elementor-widget-wrap elementor-element-populated\">\n\t\t\t\t\t\t<div class=\"elementor-element elementor-element-53a6315 elementor-widget elementor-widget-heading\" data-id=\"53a6315\" data-element_type=\"widget\" data-e-type=\"widget\" data-widget_type=\"heading.default\">\n\t\t\t\t<div class=\"elementor-widget-container\">\n\t\t\t\t\t<h3 class=\"elementor-heading-title elementor-size-default\">Prix 2016<\/h3>\t\t\t\t<\/div>\n\t\t\t\t<\/div>\n\t\t\t\t<div class=\"elementor-element elementor-element-7f65fec elementor-widget elementor-widget-text-editor\" data-id=\"7f65fec\" data-element_type=\"widget\" data-e-type=\"widget\" data-widget_type=\"text-editor.default\">\n\t\t\t\t<div class=\"elementor-widget-container\">\n\t\t\t\t\t\t\t\t\t<ul><li>Prix de la chanson &#8211; <span style=\"color: #ee1f61;\"><strong>Marina Kaye<\/strong><\/span> pour \u00ab\u00a0Homeless\u00a0\u00bb<\/li><li>Prix du compositeur &#8211; <span style=\"color: #ee1f61;\"><strong>Lisa Diaz Zayas (Ibeyi)\u00a0<\/strong><\/span> pour \u00ab\u00a0River\u00a0\u00bb<\/li><li>Prix de l&rsquo;auteur : <span style=\"color: #ee1f61;\"><strong>Nekfeu<\/strong> <\/span>pour \u00ab\u00a0On verra\u00a0\u00bb<\/li><\/ul><p>Le jury est compos\u00e9 de 2 classes de lyc\u00e9es: le lyc\u00e9e Edgar Quinet g\u00e9n\u00e9ral et le lyc\u00e9e Edgar Quinet Professionnel.<\/p><p>Le 3 mai 2016, lors du cocktail d&rsquo;inauguration du deuxi\u00e8me rendez-vous du salon EditA,<b><span style=\"color: #ee1f61;\">\u00a0en pr\u00e9sence de Pierre Aidenbaum, maire du 3\u00e8me arrondissement de Paris et Laurence Goldgrab, conseill\u00e8re d\u00e9l\u00e9gu\u00e9 des entreprises culturelle aupr\u00e8s de Bruno Julliard.<\/span><br \/><\/b><em>Merci \u00e0 Joumana Kharrat, International Manager chez Universal Music Group.<\/em><\/p>\t\t\t\t\t\t\t\t<\/div>\n\t\t\t\t<\/div>\n\t\t\t\t\t<\/div>\n\t\t<\/div>\n\t\t\t\t\t<\/div>\n\t\t<\/section>\n\t\t\t\t<\/div>\n\t\t","protected":false},"excerpt":{"rendered":"<p>Les Prix Lyc\u00e9ens de la Cr\u00e9ation Musicale https:\/\/youtu.be\/4YJ1WVkmCxs Depuis 2016, EIFEIL s\u2019engage chaque ann\u00e9e aupr\u00e8s des lyc\u00e9ens pour leur faire d\u00e9couvrir, de mani\u00e8re concr\u00e8te et participative, les\u00a0enjeux du droit\u00a0d\u2019auteur \u00e0 [&hellip;]<\/p>\n","protected":false},"author":1,"featured_media":0,"parent":0,"menu_order":0,"comment_status":"closed","ping_status":"closed","template":"","meta":{"footnotes":""},"class_list":["post-1663","page","type-page","status-publish","hentry"],"yoast_head":"<!-- This site is optimized with the Yoast SEO plugin v26.6 - https:\/\/yoast.com\/wordpress\/plugins\/seo\/ -->\n<title>Les prix lyc\u00e9ens de la cr\u00e9ation musicale - EditA<\/title>\n<meta name=\"description\" content=\"Les prix lyc\u00e9ens de la cr\u00e9ation musicale : prix qui r\u00e9compense le ou la meilleur.e auteurs\/ compositeurs, dans le cadre d&#039;EditA.\" \/>\n<meta name=\"robots\" content=\"index, follow, max-snippet:-1, max-image-preview:large, max-video-preview:-1\" \/>\n<link rel=\"canonical\" href=\"https:\/\/eifeil.com\/index.php\/les-prix-lyceens-de-la-creation-musicale\/\" \/>\n<meta property=\"og:locale\" content=\"fr_FR\" \/>\n<meta property=\"og:type\" content=\"article\" \/>\n<meta property=\"og:title\" content=\"Les prix lyc\u00e9ens de la cr\u00e9ation musicale - EditA\" \/>\n<meta property=\"og:description\" content=\"Les prix lyc\u00e9ens de la cr\u00e9ation musicale : prix qui r\u00e9compense le ou la meilleur.e auteurs\/ compositeurs, dans le cadre d&#039;EditA.\" \/>\n<meta property=\"og:url\" content=\"https:\/\/eifeil.com\/index.php\/les-prix-lyceens-de-la-creation-musicale\/\" \/>\n<meta property=\"og:site_name\" content=\"EIFEIL\" \/>\n<meta property=\"article:modified_time\" content=\"2026-03-26T10:19:06+00:00\" \/>\n<meta property=\"og:image\" content=\"https:\/\/eifeil.com\/wp-content\/uploads\/2023\/05\/image7-768x1024.jpeg\" \/>\n<meta name=\"twitter:card\" content=\"summary_large_image\" \/>\n<meta name=\"twitter:label1\" content=\"Dur\u00e9e de lecture estim\u00e9e\" \/>\n\t<meta name=\"twitter:data1\" content=\"6 minutes\" \/>\n<script type=\"application\/ld+json\" class=\"yoast-schema-graph\">{\"@context\":\"https:\/\/schema.org\",\"@graph\":[{\"@type\":\"WebPage\",\"@id\":\"https:\/\/eifeil.com\/index.php\/les-prix-lyceens-de-la-creation-musicale\/\",\"url\":\"https:\/\/eifeil.com\/index.php\/les-prix-lyceens-de-la-creation-musicale\/\",\"name\":\"Les prix lyc\u00e9ens de la cr\u00e9ation musicale - EditA\",\"isPartOf\":{\"@id\":\"https:\/\/eifeil.com\/#website\"},\"primaryImageOfPage\":{\"@id\":\"https:\/\/eifeil.com\/index.php\/les-prix-lyceens-de-la-creation-musicale\/#primaryimage\"},\"image\":{\"@id\":\"https:\/\/eifeil.com\/index.php\/les-prix-lyceens-de-la-creation-musicale\/#primaryimage\"},\"thumbnailUrl\":\"https:\/\/eifeil.com\/wp-content\/uploads\/2023\/05\/image7-768x1024.jpeg\",\"datePublished\":\"2022-11-02T14:20:55+00:00\",\"dateModified\":\"2026-03-26T10:19:06+00:00\",\"description\":\"Les prix lyc\u00e9ens de la cr\u00e9ation musicale : prix qui r\u00e9compense le ou la meilleur.e auteurs\/ compositeurs, dans le cadre d'EditA.\",\"breadcrumb\":{\"@id\":\"https:\/\/eifeil.com\/index.php\/les-prix-lyceens-de-la-creation-musicale\/#breadcrumb\"},\"inLanguage\":\"fr-FR\",\"potentialAction\":[{\"@type\":\"ReadAction\",\"target\":[\"https:\/\/eifeil.com\/index.php\/les-prix-lyceens-de-la-creation-musicale\/\"]}]},{\"@type\":\"ImageObject\",\"inLanguage\":\"fr-FR\",\"@id\":\"https:\/\/eifeil.com\/index.php\/les-prix-lyceens-de-la-creation-musicale\/#primaryimage\",\"url\":\"https:\/\/eifeil.com\/wp-content\/uploads\/2023\/05\/image7-768x1024.jpeg\",\"contentUrl\":\"https:\/\/eifeil.com\/wp-content\/uploads\/2023\/05\/image7-768x1024.jpeg\"},{\"@type\":\"BreadcrumbList\",\"@id\":\"https:\/\/eifeil.com\/index.php\/les-prix-lyceens-de-la-creation-musicale\/#breadcrumb\",\"itemListElement\":[{\"@type\":\"ListItem\",\"position\":1,\"name\":\"Accueil\",\"item\":\"https:\/\/eifeil.com\/\"},{\"@type\":\"ListItem\",\"position\":2,\"name\":\"Les prix lyc\u00e9ens de la cr\u00e9ation musicale\"}]},{\"@type\":\"WebSite\",\"@id\":\"https:\/\/eifeil.com\/#website\",\"url\":\"https:\/\/eifeil.com\/\",\"name\":\"EIFEIL\",\"description\":\"\u00c9diteurs Ind\u00e9pendants F\u00e9d\u00e9r\u00e9s en France\",\"potentialAction\":[{\"@type\":\"SearchAction\",\"target\":{\"@type\":\"EntryPoint\",\"urlTemplate\":\"https:\/\/eifeil.com\/?s={search_term_string}\"},\"query-input\":{\"@type\":\"PropertyValueSpecification\",\"valueRequired\":true,\"valueName\":\"search_term_string\"}}],\"inLanguage\":\"fr-FR\"}]}<\/script>\n<!-- \/ Yoast SEO plugin. -->","yoast_head_json":{"title":"Les prix lyc\u00e9ens de la cr\u00e9ation musicale - EditA","description":"Les prix lyc\u00e9ens de la cr\u00e9ation musicale : prix qui r\u00e9compense le ou la meilleur.e auteurs\/ compositeurs, dans le cadre d'EditA.","robots":{"index":"index","follow":"follow","max-snippet":"max-snippet:-1","max-image-preview":"max-image-preview:large","max-video-preview":"max-video-preview:-1"},"canonical":"https:\/\/eifeil.com\/index.php\/les-prix-lyceens-de-la-creation-musicale\/","og_locale":"fr_FR","og_type":"article","og_title":"Les prix lyc\u00e9ens de la cr\u00e9ation musicale - EditA","og_description":"Les prix lyc\u00e9ens de la cr\u00e9ation musicale : prix qui r\u00e9compense le ou la meilleur.e auteurs\/ compositeurs, dans le cadre d'EditA.","og_url":"https:\/\/eifeil.com\/index.php\/les-prix-lyceens-de-la-creation-musicale\/","og_site_name":"EIFEIL","article_modified_time":"2026-03-26T10:19:06+00:00","og_image":[{"url":"https:\/\/eifeil.com\/wp-content\/uploads\/2023\/05\/image7-768x1024.jpeg","type":"","width":"","height":""}],"twitter_card":"summary_large_image","twitter_misc":{"Dur\u00e9e de lecture estim\u00e9e":"6 minutes"},"schema":{"@context":"https:\/\/schema.org","@graph":[{"@type":"WebPage","@id":"https:\/\/eifeil.com\/index.php\/les-prix-lyceens-de-la-creation-musicale\/","url":"https:\/\/eifeil.com\/index.php\/les-prix-lyceens-de-la-creation-musicale\/","name":"Les prix lyc\u00e9ens de la cr\u00e9ation musicale - EditA","isPartOf":{"@id":"https:\/\/eifeil.com\/#website"},"primaryImageOfPage":{"@id":"https:\/\/eifeil.com\/index.php\/les-prix-lyceens-de-la-creation-musicale\/#primaryimage"},"image":{"@id":"https:\/\/eifeil.com\/index.php\/les-prix-lyceens-de-la-creation-musicale\/#primaryimage"},"thumbnailUrl":"https:\/\/eifeil.com\/wp-content\/uploads\/2023\/05\/image7-768x1024.jpeg","datePublished":"2022-11-02T14:20:55+00:00","dateModified":"2026-03-26T10:19:06+00:00","description":"Les prix lyc\u00e9ens de la cr\u00e9ation musicale : prix qui r\u00e9compense le ou la meilleur.e auteurs\/ compositeurs, dans le cadre d'EditA.","breadcrumb":{"@id":"https:\/\/eifeil.com\/index.php\/les-prix-lyceens-de-la-creation-musicale\/#breadcrumb"},"inLanguage":"fr-FR","potentialAction":[{"@type":"ReadAction","target":["https:\/\/eifeil.com\/index.php\/les-prix-lyceens-de-la-creation-musicale\/"]}]},{"@type":"ImageObject","inLanguage":"fr-FR","@id":"https:\/\/eifeil.com\/index.php\/les-prix-lyceens-de-la-creation-musicale\/#primaryimage","url":"https:\/\/eifeil.com\/wp-content\/uploads\/2023\/05\/image7-768x1024.jpeg","contentUrl":"https:\/\/eifeil.com\/wp-content\/uploads\/2023\/05\/image7-768x1024.jpeg"},{"@type":"BreadcrumbList","@id":"https:\/\/eifeil.com\/index.php\/les-prix-lyceens-de-la-creation-musicale\/#breadcrumb","itemListElement":[{"@type":"ListItem","position":1,"name":"Accueil","item":"https:\/\/eifeil.com\/"},{"@type":"ListItem","position":2,"name":"Les prix lyc\u00e9ens de la cr\u00e9ation musicale"}]},{"@type":"WebSite","@id":"https:\/\/eifeil.com\/#website","url":"https:\/\/eifeil.com\/","name":"EIFEIL","description":"\u00c9diteurs Ind\u00e9pendants F\u00e9d\u00e9r\u00e9s en France","potentialAction":[{"@type":"SearchAction","target":{"@type":"EntryPoint","urlTemplate":"https:\/\/eifeil.com\/?s={search_term_string}"},"query-input":{"@type":"PropertyValueSpecification","valueRequired":true,"valueName":"search_term_string"}}],"inLanguage":"fr-FR"}]}},"_links":{"self":[{"href":"https:\/\/eifeil.com\/index.php\/wp-json\/wp\/v2\/pages\/1663","targetHints":{"allow":["GET"]}}],"collection":[{"href":"https:\/\/eifeil.com\/index.php\/wp-json\/wp\/v2\/pages"}],"about":[{"href":"https:\/\/eifeil.com\/index.php\/wp-json\/wp\/v2\/types\/page"}],"author":[{"embeddable":true,"href":"https:\/\/eifeil.com\/index.php\/wp-json\/wp\/v2\/users\/1"}],"replies":[{"embeddable":true,"href":"https:\/\/eifeil.com\/index.php\/wp-json\/wp\/v2\/comments?post=1663"}],"version-history":[{"count":67,"href":"https:\/\/eifeil.com\/index.php\/wp-json\/wp\/v2\/pages\/1663\/revisions"}],"predecessor-version":[{"id":8666,"href":"https:\/\/eifeil.com\/index.php\/wp-json\/wp\/v2\/pages\/1663\/revisions\/8666"}],"wp:attachment":[{"href":"https:\/\/eifeil.com\/index.php\/wp-json\/wp\/v2\/media?parent=1663"}],"curies":[{"name":"wp","href":"https:\/\/api.w.org\/{rel}","templated":true}]}}