{"id":6895,"date":"2025-03-26T15:55:12","date_gmt":"2025-03-26T14:55:12","guid":{"rendered":"https:\/\/eifeil.com\/?page_id=6895"},"modified":"2026-02-20T14:53:31","modified_gmt":"2026-02-20T13:53:31","slug":"comprendre-et-maitriser-le-droit-dauteur-et-ledition-musicale-en-2-jours","status":"publish","type":"page","link":"https:\/\/eifeil.com\/index.php\/comprendre-et-maitriser-le-droit-dauteur-et-ledition-musicale-en-2-jours\/","title":{"rendered":"Comprendre et ma\u00eetriser le droit d\u2019auteur et l\u2019\u00e9dition musicale (2,5 jours)"},"content":{"rendered":"\t\t<div data-elementor-type=\"wp-page\" data-elementor-id=\"6895\" class=\"elementor elementor-6895\">\n\t\t\t\t\t\t<section class=\"elementor-section elementor-top-section elementor-element elementor-element-2e0cb84 elementor-section-boxed elementor-section-height-default elementor-section-height-default\" data-id=\"2e0cb84\" data-element_type=\"section\" data-e-type=\"section\">\n\t\t\t\t\t\t<div class=\"elementor-container elementor-column-gap-default\">\n\t\t\t\t\t<div class=\"elementor-column elementor-col-66 elementor-top-column elementor-element elementor-element-4462107\" data-id=\"4462107\" data-element_type=\"column\" data-e-type=\"column\">\n\t\t\t<div class=\"elementor-widget-wrap elementor-element-populated\">\n\t\t\t\t\t\t<div class=\"elementor-element elementor-element-5402ca8 elementor-widget elementor-widget-image\" data-id=\"5402ca8\" data-element_type=\"widget\" data-e-type=\"widget\" data-widget_type=\"image.default\">\n\t\t\t\t<div class=\"elementor-widget-container\">\n\t\t\t\t\t\t\t\t\t\t\t\t\t\t\t<img fetchpriority=\"high\" decoding=\"async\" width=\"1024\" height=\"577\" src=\"https:\/\/eifeil.com\/wp-content\/uploads\/2024\/09\/Banniere-Facebook-7-1024x577.png\" class=\"attachment-large size-large wp-image-6107\" alt=\"droits d&#039;auteur et \u00e9dition musicale\" srcset=\"https:\/\/eifeil.com\/wp-content\/uploads\/2024\/09\/Banniere-Facebook-7-1024x577.png 1024w, https:\/\/eifeil.com\/wp-content\/uploads\/2024\/09\/Banniere-Facebook-7-300x169.png 300w, https:\/\/eifeil.com\/wp-content\/uploads\/2024\/09\/Banniere-Facebook-7-768x433.png 768w, https:\/\/eifeil.com\/wp-content\/uploads\/2024\/09\/Banniere-Facebook-7-1536x865.png 1536w, https:\/\/eifeil.com\/wp-content\/uploads\/2024\/09\/Banniere-Facebook-7-1000x563.png 1000w, https:\/\/eifeil.com\/wp-content\/uploads\/2024\/09\/Banniere-Facebook-7-230x130.png 230w, https:\/\/eifeil.com\/wp-content\/uploads\/2024\/09\/Banniere-Facebook-7-350x197.png 350w, https:\/\/eifeil.com\/wp-content\/uploads\/2024\/09\/Banniere-Facebook-7-480x270.png 480w, https:\/\/eifeil.com\/wp-content\/uploads\/2024\/09\/Banniere-Facebook-7.png 1640w\" sizes=\"(max-width: 1024px) 100vw, 1024px\" \/>\t\t\t\t\t\t\t\t\t\t\t\t\t\t\t<\/div>\n\t\t\t\t<\/div>\n\t\t\t\t\t<\/div>\n\t\t<\/div>\n\t\t\t\t<div class=\"elementor-column elementor-col-33 elementor-top-column elementor-element elementor-element-01f3ef9\" data-id=\"01f3ef9\" data-element_type=\"column\" data-e-type=\"column\" data-settings=\"{&quot;background_background&quot;:&quot;classic&quot;}\">\n\t\t\t<div class=\"elementor-widget-wrap elementor-element-populated\">\n\t\t\t\t\t\t<div class=\"elementor-element elementor-element-443bd28 elementor-widget elementor-widget-heading\" data-id=\"443bd28\" data-element_type=\"widget\" data-e-type=\"widget\" data-widget_type=\"heading.default\">\n\t\t\t\t<div class=\"elementor-widget-container\">\n\t\t\t\t\t<h2 class=\"elementor-heading-title elementor-size-default\">Informations Pratiques<\/h2>\t\t\t\t<\/div>\n\t\t\t\t<\/div>\n\t\t\t\t<div class=\"elementor-element elementor-element-efc59ef elementor-widget elementor-widget-heading\" data-id=\"efc59ef\" data-element_type=\"widget\" data-e-type=\"widget\" data-widget_type=\"heading.default\">\n\t\t\t\t<div class=\"elementor-widget-container\">\n\t\t\t\t\t<h3 class=\"elementor-heading-title elementor-size-default\">Dates :<\/h3>\t\t\t\t<\/div>\n\t\t\t\t<\/div>\n\t\t\t\t<div class=\"elementor-element elementor-element-68087af elementor-widget elementor-widget-text-editor\" data-id=\"68087af\" data-element_type=\"widget\" data-e-type=\"widget\" data-widget_type=\"text-editor.default\">\n\t\t\t\t<div class=\"elementor-widget-container\">\n\t\t\t\t\t\t\t\t\t<ul><li>Session Paris : du 11 au 13 mars au MILA (Paris 18e)<\/li><li>Session Toulouse : du 2 au 4 juin 2026 (F\u00e9d\u00e9ration Octopus)<\/li><li>Session Caen : du 23 au 25 juin (R\u00e9sau Norma)<\/li><li>Session Bouc-Bel-Air : du 02 au 04 novembre (Agence Arsud)<\/li><\/ul>\t\t\t\t\t\t\t\t<\/div>\n\t\t\t\t<\/div>\n\t\t\t\t<div class=\"elementor-element elementor-element-1c8044d elementor-widget elementor-widget-heading\" data-id=\"1c8044d\" data-element_type=\"widget\" data-e-type=\"widget\" data-widget_type=\"heading.default\">\n\t\t\t\t<div class=\"elementor-widget-container\">\n\t\t\t\t\t<h2 class=\"elementor-heading-title elementor-size-default\">Tarifs :<\/h2>\t\t\t\t<\/div>\n\t\t\t\t<\/div>\n\t\t\t\t<div class=\"elementor-element elementor-element-b8d606b elementor-widget elementor-widget-text-editor\" data-id=\"b8d606b\" data-element_type=\"widget\" data-e-type=\"widget\" data-widget_type=\"text-editor.default\">\n\t\t\t\t<div class=\"elementor-widget-container\">\n\t\t\t\t\t\t\t\t\t<p><strong>Possibilit\u00e9 de financement jusqu&rsquo;\u00e0 100%, nous contacter<\/strong><\/p>\t\t\t\t\t\t\t\t<\/div>\n\t\t\t\t<\/div>\n\t\t\t\t<div class=\"elementor-element elementor-element-185835d elementor-widget elementor-widget-heading\" data-id=\"185835d\" data-element_type=\"widget\" data-e-type=\"widget\" data-widget_type=\"heading.default\">\n\t\t\t\t<div class=\"elementor-widget-container\">\n\t\t\t\t\t<h2 class=\"elementor-heading-title elementor-size-default\">Dur\u00e9e : 17,5 heures<\/h2>\t\t\t\t<\/div>\n\t\t\t\t<\/div>\n\t\t\t\t<div class=\"elementor-element elementor-element-1a71d7c elementor-widget elementor-widget-heading\" data-id=\"1a71d7c\" data-element_type=\"widget\" data-e-type=\"widget\" data-widget_type=\"heading.default\">\n\t\t\t\t<div class=\"elementor-widget-container\">\n\t\t\t\t\t<h2 class=\"elementor-heading-title elementor-size-default\">Plus d'infos sur le site de l'agence Arsud :<\/h2>\t\t\t\t<\/div>\n\t\t\t\t<\/div>\n\t\t\t\t<div class=\"elementor-element elementor-element-addb370 elementor-align-center elementor-widget elementor-widget-button\" data-id=\"addb370\" data-element_type=\"widget\" data-e-type=\"widget\" data-widget_type=\"button.default\">\n\t\t\t\t<div class=\"elementor-widget-container\">\n\t\t\t\t\t\t\t\t\t<div class=\"elementor-button-wrapper\">\n\t\t\t\t\t<a class=\"elementor-button elementor-button-link elementor-size-sm\" href=\"https:\/\/fabrique-formation.com\/formation\/98\" target=\"_blank\">\n\t\t\t\t\t\t<span class=\"elementor-button-content-wrapper\">\n\t\t\t\t\t\t\t\t\t<span class=\"elementor-button-text\">Plus d'infos<\/span>\n\t\t\t\t\t<\/span>\n\t\t\t\t\t<\/a>\n\t\t\t\t<\/div>\n\t\t\t\t\t\t\t\t<\/div>\n\t\t\t\t<\/div>\n\t\t\t\t\t<\/div>\n\t\t<\/div>\n\t\t\t\t\t<\/div>\n\t\t<\/section>\n\t\t\t\t<section class=\"elementor-section elementor-top-section elementor-element elementor-element-785a859 elementor-section-boxed elementor-section-height-default elementor-section-height-default\" data-id=\"785a859\" data-element_type=\"section\" data-e-type=\"section\">\n\t\t\t\t\t\t<div class=\"elementor-container elementor-column-gap-default\">\n\t\t\t\t\t<div class=\"elementor-column elementor-col-66 elementor-top-column elementor-element elementor-element-0552923\" data-id=\"0552923\" data-element_type=\"column\" data-e-type=\"column\">\n\t\t\t<div class=\"elementor-widget-wrap elementor-element-populated\">\n\t\t\t\t\t\t<div class=\"elementor-element elementor-element-81206fc elementor-widget elementor-widget-spacer\" data-id=\"81206fc\" data-element_type=\"widget\" data-e-type=\"widget\" data-widget_type=\"spacer.default\">\n\t\t\t\t<div class=\"elementor-widget-container\">\n\t\t\t\t\t\t\t<div class=\"elementor-spacer\">\n\t\t\t<div class=\"elementor-spacer-inner\"><\/div>\n\t\t<\/div>\n\t\t\t\t\t\t<\/div>\n\t\t\t\t<\/div>\n\t\t\t\t<div class=\"elementor-element elementor-element-af870f4 elementor-widget elementor-widget-heading\" data-id=\"af870f4\" data-element_type=\"widget\" data-e-type=\"widget\" data-widget_type=\"heading.default\">\n\t\t\t\t<div class=\"elementor-widget-container\">\n\t\t\t\t\t<h2 class=\"elementor-heading-title elementor-size-default\">L'objectif de la formation<\/h2>\t\t\t\t<\/div>\n\t\t\t\t<\/div>\n\t\t\t\t<div class=\"elementor-element elementor-element-44ca3e7 elementor-widget elementor-widget-text-editor\" data-id=\"44ca3e7\" data-element_type=\"widget\" data-e-type=\"widget\" data-widget_type=\"text-editor.default\">\n\t\t\t\t<div class=\"elementor-widget-container\">\n\t\t\t\t\t\t\t\t\t<p><span class=\"OYPEnA font-feature-liga-off font-feature-clig-off font-feature-calt-off text-decoration-none text-strikethrough-none\">Acqu\u00e9rir des connaissances pratiques et op\u00e9rationnelles pour g\u00e9rer ses \u00e9ditions en trois points : \u00eatre capable de <strong>cr\u00e9er sa structure d&rsquo;\u00e9dition<\/strong>, <strong>ma\u00eetriser les obligations l\u00e9gales<\/strong>, du statut d&rsquo;\u00e9diteur et mettre en \u0153uvre une <strong>strat\u00e9gie de<\/strong><\/span> <span class=\"OYPEnA font-feature-liga-off font-feature-clig-off font-feature-calt-off text-decoration-none text-strikethrough-none\"><strong>d\u00e9veloppement de son catalogue<\/strong>.<\/span><\/p>\t\t\t\t\t\t\t\t<\/div>\n\t\t\t\t<\/div>\n\t\t\t\t<div class=\"elementor-element elementor-element-a7d3411 elementor-widget elementor-widget-heading\" data-id=\"a7d3411\" data-element_type=\"widget\" data-e-type=\"widget\" data-widget_type=\"heading.default\">\n\t\t\t\t<div class=\"elementor-widget-container\">\n\t\t\t\t\t<h2 class=\"elementor-heading-title elementor-size-default\">Les r\u00e9sultats \u00e0 l'issue de la formation : <\/h2>\t\t\t\t<\/div>\n\t\t\t\t<\/div>\n\t\t\t\t<div class=\"elementor-element elementor-element-b4f78d8 elementor-widget elementor-widget-text-editor\" data-id=\"b4f78d8\" data-element_type=\"widget\" data-e-type=\"widget\" data-widget_type=\"text-editor.default\">\n\t\t\t\t<div class=\"elementor-widget-container\">\n\t\t\t\t\t\t\t\t\t<ul><li><span class=\"OYPEnA font-feature-liga-off font-feature-clig-off font-feature-calt-off text-decoration-none text-strikethrough-none\">Ma\u00eetriser le cadre juridique et les obligations l\u00e9gales du statut d\u2019\u00e9diteur ;<\/span><\/li><li><span class=\"OYPEnA font-feature-liga-off font-feature-clig-off font-feature-calt-off text-decoration-none text-strikethrough-none\">Comprendre la gestion collective et les m\u00e9canismes de la Sacem ;<\/span><\/li><li><span class=\"OYPEnA font-feature-liga-off font-feature-clig-off font-feature-calt-off text-decoration-none text-strikethrough-none\">Mettre en \u0153uvre une strat\u00e9gie de d\u00e9veloppement de son catalogue ;<\/span><\/li><li><span class=\"OYPEnA font-feature-liga-off font-feature-clig-off font-feature-calt-off text-decoration-none text-strikethrough-none\">Estimer les ressources \u00e9conomiques indispensables \u00e0 la production d\u2019une \u0153uvre musicale ;<\/span><\/li><li><span class=\"OYPEnA font-feature-liga-off font-feature-clig-off font-feature-calt-off text-decoration-none text-strikethrough-none\">Comprendre les enjeux et responsabilit\u00e9s du producteur de films ou de l\u2019\u00e9diteur ;<\/span><\/li><li><span class=\"OYPEnA font-feature-liga-off font-feature-clig-off font-feature-calt-off text-decoration-none text-strikethrough-none\">Appr\u00e9hender les futurs enjeux de l\u2019\u00e9dition musicale.<\/span><\/li><\/ul>\t\t\t\t\t\t\t\t<\/div>\n\t\t\t\t<\/div>\n\t\t\t\t<div class=\"elementor-element elementor-element-799ff29 elementor-widget elementor-widget-heading\" data-id=\"799ff29\" data-element_type=\"widget\" data-e-type=\"widget\" data-widget_type=\"heading.default\">\n\t\t\t\t<div class=\"elementor-widget-container\">\n\t\t\t\t\t<h2 class=\"elementor-heading-title elementor-size-default\">Au programme :<\/h2>\t\t\t\t<\/div>\n\t\t\t\t<\/div>\n\t\t\t\t<div class=\"elementor-element elementor-element-f1a6f17 elementor-widget elementor-widget-spacer\" data-id=\"f1a6f17\" data-element_type=\"widget\" data-e-type=\"widget\" data-widget_type=\"spacer.default\">\n\t\t\t\t<div class=\"elementor-widget-container\">\n\t\t\t\t\t\t\t<div class=\"elementor-spacer\">\n\t\t\t<div class=\"elementor-spacer-inner\"><\/div>\n\t\t<\/div>\n\t\t\t\t\t\t<\/div>\n\t\t\t\t<\/div>\n\t\t\t\t<div class=\"elementor-element elementor-element-1c9904c elementor-widget elementor-widget-heading\" data-id=\"1c9904c\" data-element_type=\"widget\" data-e-type=\"widget\" data-widget_type=\"heading.default\">\n\t\t\t\t<div class=\"elementor-widget-container\">\n\t\t\t\t\t<h2 class=\"elementor-heading-title elementor-size-default\">JOUR 1 : Droit d'auteur, gestion collective et m\u00e9canisme de la Sacem<\/h2>\t\t\t\t<\/div>\n\t\t\t\t<\/div>\n\t\t\t\t<div class=\"elementor-element elementor-element-6202d1d elementor-widget elementor-widget-text-editor\" data-id=\"6202d1d\" data-element_type=\"widget\" data-e-type=\"widget\" data-widget_type=\"text-editor.default\">\n\t\t\t\t<div class=\"elementor-widget-container\">\n\t\t\t\t\t\t\t\t\t<p><strong><span class=\"OYPEnA font-feature-liga-off font-feature-clig-off font-feature-calt-off text-decoration-none text-strikethrough-none\">Le droit d&rsquo;auteur<\/span><\/strong><\/p><ul><li><div>D\u00e9finitions et cadre juridique du droit d\u2019auteur ;<\/div><\/li><li><div>Droits moraux et patrimoniaux ;<\/div><\/li><li><div>Dur\u00e9e et cession des droits ;<\/div><\/li><li><div>La gestion collective ;<\/div><\/li><li><div>La gestion individuelle.\u00a0<\/div><\/li><\/ul><p><strong><span class=\"OYPEnA font-feature-liga-off font-feature-clig-off font-feature-calt-off text-decoration-none text-strikethrough-none\">Comprendre la gestion collective et les m\u00e9canismes de la Sacem<\/span><\/strong><\/p><ul><li><div>Les droits et r\u00e9mun\u00e9ration des auteurs ;<\/div><\/li><li><div>Les r\u00e8gles de r\u00e9partition des droits : crit\u00e8res, m\u00e9thodes et sp\u00e9cificit\u00e9s des diff\u00e9rents droits (auteurs, compositeurs, \u00e9diteurs).<\/div><\/li><li style=\"list-style-type: none;\">\u00a0<\/li><\/ul>\t\t\t\t\t\t\t\t<\/div>\n\t\t\t\t<\/div>\n\t\t\t\t<div class=\"elementor-element elementor-element-59aba6d elementor-widget elementor-widget-heading\" data-id=\"59aba6d\" data-element_type=\"widget\" data-e-type=\"widget\" data-widget_type=\"heading.default\">\n\t\t\t\t<div class=\"elementor-widget-container\">\n\t\t\t\t\t<h2 class=\"elementor-heading-title elementor-size-default\">JOUR 2 : L'\u00e9dition musicale et le financement de la cr\u00e9ation<\/h2>\t\t\t\t<\/div>\n\t\t\t\t<\/div>\n\t\t\t\t<div class=\"elementor-element elementor-element-75cc296 elementor-widget elementor-widget-text-editor\" data-id=\"75cc296\" data-element_type=\"widget\" data-e-type=\"widget\" data-widget_type=\"text-editor.default\">\n\t\t\t\t<div class=\"elementor-widget-container\">\n\t\t\t\t\t\t\t\t\t<p class=\"cvGsUA direction-ltr align-justify para-style-heading3\"><strong><span class=\"OYPEnA font-feature-liga-off font-feature-clig-off font-feature-calt-off text-decoration-none text-strikethrough-none\">L&rsquo;\u00e9dition musicale :<\/span><\/strong><\/p><ul><li>Les types de contrats (\u00e9dition, co\u00e9dition, sous-\u00e9dition) et clauses essentielles et pi\u00e8ges \u00e0 \u00e9viter ;<\/li><li>Le processus d\u2019adh\u00e9sion \u00e0 la SACEM.\u00a0<\/li><\/ul><p><strong><span class=\"OYPEnA font-feature-liga-off font-feature-clig-off font-feature-calt-off text-decoration-none text-strikethrough-none\">Le financement de la cr\u00e9ation :<\/span><\/strong><\/p><ul><li><div><span style=\"font-family: Calibri, sans-serif;\">Les aides Sacem ;<\/span><\/div><\/li><li><div><span style=\"font-family: Calibri, sans-serif;\">Les aides CNM ;<\/span><\/div><\/li><li><div><span style=\"font-family: Calibri, sans-serif;\">Les cr\u00e9dits d&rsquo;imp\u00f4ts ;<\/span><\/div><\/li><li><div><span style=\"font-family: Calibri, sans-serif;\">Les revenus de l&rsquo;\u00e9dition musicale : droits Sacem, droits graphiques et synchros.\u00a0<\/span><\/div><\/li><li style=\"list-style-type: none;\">\u00a0<\/li><\/ul>\t\t\t\t\t\t\t\t<\/div>\n\t\t\t\t<\/div>\n\t\t\t\t<div class=\"elementor-element elementor-element-58cc324 elementor-widget elementor-widget-heading\" data-id=\"58cc324\" data-element_type=\"widget\" data-e-type=\"widget\" data-widget_type=\"heading.default\">\n\t\t\t\t<div class=\"elementor-widget-container\">\n\t\t\t\t\t<h2 class=\"elementor-heading-title elementor-size-default\">JOUR 3 : Strat\u00e9gies de d\u00e9veloppement de carri\u00e8re pour les auteurs et compositeurs<\/h2>\t\t\t\t<\/div>\n\t\t\t\t<\/div>\n\t\t\t\t<div class=\"elementor-element elementor-element-d81563d elementor-widget elementor-widget-text-editor\" data-id=\"d81563d\" data-element_type=\"widget\" data-e-type=\"widget\" data-widget_type=\"text-editor.default\">\n\t\t\t\t<div class=\"elementor-widget-container\">\n\t\t\t\t\t\t\t\t\t<div><ul><li>L&rsquo;exploitation phonographique ;<\/li><li>Les outils et plateformes de diffusion des \u0153uvres graphiques : paroles en ligne (BOEM, etc.), partitions et songbooks (Quick Partitions, Plan\u00e8te Partitions, etc.) ;<\/li><li>La synchronisation ;<\/li><li>La sous-\u00e9dition ;<\/li><li>Pr\u00e9sentation des principaux logiciels, utilisation et avantages pour la gestion des \u0153uvres &#8211; la gestion \u00e9ditoriale.<\/li><\/ul><\/div>\t\t\t\t\t\t\t\t<\/div>\n\t\t\t\t<\/div>\n\t\t\t\t<div class=\"elementor-element elementor-element-a624865 elementor-widget elementor-widget-spacer\" data-id=\"a624865\" data-element_type=\"widget\" data-e-type=\"widget\" data-widget_type=\"spacer.default\">\n\t\t\t\t<div class=\"elementor-widget-container\">\n\t\t\t\t\t\t\t<div class=\"elementor-spacer\">\n\t\t\t<div class=\"elementor-spacer-inner\"><\/div>\n\t\t<\/div>\n\t\t\t\t\t\t<\/div>\n\t\t\t\t<\/div>\n\t\t\t\t<div class=\"elementor-element elementor-element-9025655 elementor-widget elementor-widget-toggle\" data-id=\"9025655\" data-element_type=\"widget\" data-e-type=\"widget\" data-widget_type=\"toggle.default\">\n\t\t\t\t<div class=\"elementor-widget-container\">\n\t\t\t\t\t\t\t<div class=\"elementor-toggle\">\n\t\t\t\t\t\t\t<div class=\"elementor-toggle-item\">\n\t\t\t\t\t<div id=\"elementor-tab-title-1511\" class=\"elementor-tab-title\" data-tab=\"1\" role=\"button\" aria-controls=\"elementor-tab-content-1511\" aria-expanded=\"false\">\n\t\t\t\t\t\t\t\t\t\t\t\t<span class=\"elementor-toggle-icon elementor-toggle-icon-left\" aria-hidden=\"true\">\n\t\t\t\t\t\t\t\t\t\t\t\t\t\t\t<span class=\"elementor-toggle-icon-closed\"><i class=\"fas fa-caret-right\"><\/i><\/span>\n\t\t\t\t\t\t\t\t<span class=\"elementor-toggle-icon-opened\"><i class=\"elementor-toggle-icon-opened fas fa-caret-up\"><\/i><\/span>\n\t\t\t\t\t\t\t\t\t\t\t\t\t<\/span>\n\t\t\t\t\t\t\t\t\t\t\t\t<a class=\"elementor-toggle-title\" tabindex=\"0\">Pr\u00e9 requis<\/a>\n\t\t\t\t\t<\/div>\n\n\t\t\t\t\t<div id=\"elementor-tab-content-1511\" class=\"elementor-tab-content elementor-clearfix\" data-tab=\"1\" role=\"region\" aria-labelledby=\"elementor-tab-title-1511\"><p>Nos formations sont ouvertes \u00e0 tous, que vous ayez d\u00e9j\u00e0 une exp\u00e9rience dans la musique ou que vous souhaitiez changer compl\u00e8tement de m\u00e9tier. Nos formations ne n\u00e9cessitent donc pas de pr\u00e9-requis !<\/p><\/div>\n\t\t\t\t<\/div>\n\t\t\t\t\t\t\t<div class=\"elementor-toggle-item\">\n\t\t\t\t\t<div id=\"elementor-tab-title-1512\" class=\"elementor-tab-title\" data-tab=\"2\" role=\"button\" aria-controls=\"elementor-tab-content-1512\" aria-expanded=\"false\">\n\t\t\t\t\t\t\t\t\t\t\t\t<span class=\"elementor-toggle-icon elementor-toggle-icon-left\" aria-hidden=\"true\">\n\t\t\t\t\t\t\t\t\t\t\t\t\t\t\t<span class=\"elementor-toggle-icon-closed\"><i class=\"fas fa-caret-right\"><\/i><\/span>\n\t\t\t\t\t\t\t\t<span class=\"elementor-toggle-icon-opened\"><i class=\"elementor-toggle-icon-opened fas fa-caret-up\"><\/i><\/span>\n\t\t\t\t\t\t\t\t\t\t\t\t\t<\/span>\n\t\t\t\t\t\t\t\t\t\t\t\t<a class=\"elementor-toggle-title\" tabindex=\"0\">Tarif et financement<\/a>\n\t\t\t\t\t<\/div>\n\n\t\t\t\t\t<div id=\"elementor-tab-content-1512\" class=\"elementor-tab-content elementor-clearfix\" data-tab=\"2\" role=\"region\" aria-labelledby=\"elementor-tab-title-1512\"><p><strong>Tarif : Possibilit\u00e9 de financement jusqu&rsquo;\u00e0 100%, nous contacter<\/strong><\/p><p><span style=\"text-decoration: underline;\"><strong>L\u2019aide financi\u00e8re de la Sacem :<\/strong><\/span><br \/>Elle constitue une prise en charge totale des frais des formations d\u2019EIFEIL pour :<\/p><ul><li>Les cr\u00e9ateurs (auteurs, compositeurs, arrangeurs, adaptateurs), non \u00e9ligibles aux financements du fonds artistes-auteur de l\u2019Afdas, et qui n\u2019ont pas acc\u00e8s \u00e0 d\u2019autres dispositifs de financements.<\/li><li>Les \u00e9diteurs, qui ont per\u00e7u 1500\u20ac minimum de droits d\u2019auteur sur l\u2019une des 2 derni\u00e8res ann\u00e9es (2022 ou 2023).<\/li><\/ul><p><span style=\"text-decoration: underline;\"><strong>Financement de l&rsquo;Afdas :<\/strong><\/span><\/p><ul><li>Les cr\u00e9ateurs : Avoir per\u00e7u au total 6 762 \u20ac de droits d\u2019auteur bruts repartis sur les 3 derni\u00e8res ann\u00e9es ou ; 10 143 \u20ac de droits d\u2019auteur bruts repartis sur les 5 derni\u00e8res ann\u00e9es (Attention, il s\u2019agit d\u2019un chiffre d&rsquo;affaires total cumul\u00e9)<\/li><li>Les \u00e9diteurs et leurs \u00e9ventuels salari\u00e9s : les cotisations \u00e0 l\u2019Afdas se font directement sur les bulletins de salaire.<\/li><\/ul><p>Pour plus de renseignements et pour discuter de votre projet de formation, n\u2019h\u00e9sitez pas \u00e0 nous<\/p><\/div>\n\t\t\t\t<\/div>\n\t\t\t\t\t\t\t<div class=\"elementor-toggle-item\">\n\t\t\t\t\t<div id=\"elementor-tab-title-1513\" class=\"elementor-tab-title\" data-tab=\"3\" role=\"button\" aria-controls=\"elementor-tab-content-1513\" aria-expanded=\"false\">\n\t\t\t\t\t\t\t\t\t\t\t\t<span class=\"elementor-toggle-icon elementor-toggle-icon-left\" aria-hidden=\"true\">\n\t\t\t\t\t\t\t\t\t\t\t\t\t\t\t<span class=\"elementor-toggle-icon-closed\"><i class=\"fas fa-caret-right\"><\/i><\/span>\n\t\t\t\t\t\t\t\t<span class=\"elementor-toggle-icon-opened\"><i class=\"elementor-toggle-icon-opened fas fa-caret-up\"><\/i><\/span>\n\t\t\t\t\t\t\t\t\t\t\t\t\t<\/span>\n\t\t\t\t\t\t\t\t\t\t\t\t<a class=\"elementor-toggle-title\" tabindex=\"0\">Modalit\u00e9s p\u00e9dagogiques et \u00e9valuations<\/a>\n\t\t\t\t\t<\/div>\n\n\t\t\t\t\t<div id=\"elementor-tab-content-1513\" class=\"elementor-tab-content elementor-clearfix\" data-tab=\"3\" role=\"region\" aria-labelledby=\"elementor-tab-title-1513\"><p><span style=\"text-decoration: underline;\"><strong>Modalit\u00e9s p\u00e9dagogiques :\u00a0<\/strong><\/span><\/p><p class=\"cvGsUA direction-ltr align-justify para-style-body\"><span class=\"OYPEnA font-feature-liga-off font-feature-clig-off font-feature-calt-off text-decoration-none text-strikethrough-none\">Nos m\u00e9thodes d\u2019enseignement favorisent l\u2019apprentissage interactif et l\u2019\u00e9change d\u2019id\u00e9es. Nous utilisons des techniques vari\u00e9es, telles que :<\/span><\/p><ul><li><span class=\"OYPEnA font-feature-liga-off font-feature-clig-off font-feature-calt-off text-decoration-none text-strikethrough-none\">Des pr\u00e9sentations th\u00e9oriques : <\/span><span class=\"OYPEnA font-feature-liga-off font-feature-clig-off font-feature-calt-off text-decoration-none text-strikethrough-none\">pour donner aux participants une base solide sur le sujet.<\/span><\/li><li><span class=\"OYPEnA font-feature-liga-off font-feature-clig-off font-feature-calt-off text-decoration-none text-strikethrough-none\">Des \u00e9tudes de cas :<\/span><span class=\"OYPEnA font-feature-liga-off font-feature-clig-off font-feature-calt-off text-decoration-none text-strikethrough-none\"> pour permettre de mettre en pratique les concepts appris et d\u2019analyser des situations r\u00e9elles.<\/span><\/li><li><span class=\"OYPEnA font-feature-liga-off font-feature-clig-off font-feature-calt-off text-decoration-none text-strikethrough-none\">Des ateliers pratiques :<\/span><span class=\"OYPEnA font-feature-liga-off font-feature-clig-off font-feature-calt-off text-decoration-none text-strikethrough-none\"> pour privil\u00e9gier l\u2019apprentissage actif et travailler directement sur des projets concrets.<\/span><\/li><li><span class=\"OYPEnA font-feature-liga-off font-feature-clig-off font-feature-calt-off text-decoration-none text-strikethrough-none\">Des discussion et d\u00e9bat :<\/span><span class=\"OYPEnA font-feature-liga-off font-feature-clig-off font-feature-calt-off text-decoration-none text-strikethrough-none\"> pour faciliter l\u2019\u00e9change d\u2019id\u00e9es et le d\u00e9veloppement de la pens\u00e9e critique.<\/span><\/li><\/ul><p><span style=\"text-decoration: underline;\"><strong>Modalit\u00e9s d&rsquo;\u00e9valuations :<\/strong><\/span><\/p><ul><li><span class=\"OYPEnA font-feature-liga-off font-feature-clig-off font-feature-calt-off text-decoration-none text-strikethrough-none\"><strong>\u00c9valuation formative :<\/strong> Questions\/ R\u00e9ponses<\/span><span class=\"OYPEnA font-feature-liga-off font-feature-clig-off font-feature-calt-off text-decoration-none text-strikethrough-none\"> apr\u00e8s chaque module, pour v\u00e9rifier la compr\u00e9hension des stagiaires.<\/span><\/li><li><span class=\"OYPEnA font-feature-liga-off font-feature-clig-off font-feature-calt-off text-decoration-none text-strikethrough-none\"><strong>\u00c9valuation sommative :<\/strong> QCM<\/span><span class=\"OYPEnA font-feature-liga-off font-feature-clig-off font-feature-calt-off text-decoration-none text-strikethrough-none\"> qui couvre les sujets sur l\u2019ensemble de la formation. <\/span><span class=\"OYPEnA font-feature-liga-off font-feature-clig-off font-feature-calt-off text-decoration-none text-strikethrough-none\">Exercice de type \u201ccas pratique\u201d<\/span><span class=\"OYPEnA font-feature-liga-off font-feature-clig-off font-feature-calt-off text-decoration-none text-strikethrough-none\">,<\/span> <span class=\"OYPEnA font-feature-liga-off font-feature-clig-off font-feature-calt-off text-decoration-none text-strikethrough-none\">pour analyser \u00e0 partir d\u2019un cas fictif les concepts et m\u00e9thodes vu durant la formation.<\/span><\/li><\/ul><\/div>\n\t\t\t\t<\/div>\n\t\t\t\t\t\t\t<div class=\"elementor-toggle-item\">\n\t\t\t\t\t<div id=\"elementor-tab-title-1514\" class=\"elementor-tab-title\" data-tab=\"4\" role=\"button\" aria-controls=\"elementor-tab-content-1514\" aria-expanded=\"false\">\n\t\t\t\t\t\t\t\t\t\t\t\t<span class=\"elementor-toggle-icon elementor-toggle-icon-left\" aria-hidden=\"true\">\n\t\t\t\t\t\t\t\t\t\t\t\t\t\t\t<span class=\"elementor-toggle-icon-closed\"><i class=\"fas fa-caret-right\"><\/i><\/span>\n\t\t\t\t\t\t\t\t<span class=\"elementor-toggle-icon-opened\"><i class=\"elementor-toggle-icon-opened fas fa-caret-up\"><\/i><\/span>\n\t\t\t\t\t\t\t\t\t\t\t\t\t<\/span>\n\t\t\t\t\t\t\t\t\t\t\t\t<a class=\"elementor-toggle-title\" tabindex=\"0\">Modalit\u00e9s d'acc\u00e8s<\/a>\n\t\t\t\t\t<\/div>\n\n\t\t\t\t\t<div id=\"elementor-tab-content-1514\" class=\"elementor-tab-content elementor-clearfix\" data-tab=\"4\" role=\"region\" aria-labelledby=\"elementor-tab-title-1514\"><p><span style=\"text-decoration: underline;\"><strong>Information sur l&rsquo;admission :<\/strong><\/span><\/p><p>Pour plus d\u2019information, contacter\u00a0 09 72 14 23 89 ou par mail contact@eifeil.fr<\/p><p><span style=\"text-decoration: underline;\"><strong>Information sur l&rsquo;accessibilit\u00e9 : <\/strong><\/span><\/p><p>Nos formations sont accessibles \u00e0 tous.<\/p><\/div>\n\t\t\t\t<\/div>\n\t\t\t\t\t\t\t\t<\/div>\n\t\t\t\t\t\t<\/div>\n\t\t\t\t<\/div>\n\t\t\t\t<div class=\"elementor-element elementor-element-1e8710e elementor-widget elementor-widget-spacer\" data-id=\"1e8710e\" data-element_type=\"widget\" data-e-type=\"widget\" data-widget_type=\"spacer.default\">\n\t\t\t\t<div class=\"elementor-widget-container\">\n\t\t\t\t\t\t\t<div class=\"elementor-spacer\">\n\t\t\t<div class=\"elementor-spacer-inner\"><\/div>\n\t\t<\/div>\n\t\t\t\t\t\t<\/div>\n\t\t\t\t<\/div>\n\t\t\t\t<div class=\"elementor-element elementor-element-c548fff elementor-widget elementor-widget-heading\" data-id=\"c548fff\" data-element_type=\"widget\" data-e-type=\"widget\" data-widget_type=\"heading.default\">\n\t\t\t\t<div class=\"elementor-widget-container\">\n\t\t\t\t\t<h2 class=\"elementor-heading-title elementor-size-default\">Les intervenant.es<\/h2>\t\t\t\t<\/div>\n\t\t\t\t<\/div>\n\t\t\t\t<div class=\"elementor-element elementor-element-08dbd2e elementor-widget elementor-widget-spacer\" data-id=\"08dbd2e\" data-element_type=\"widget\" data-e-type=\"widget\" data-widget_type=\"spacer.default\">\n\t\t\t\t<div class=\"elementor-widget-container\">\n\t\t\t\t\t\t\t<div class=\"elementor-spacer\">\n\t\t\t<div class=\"elementor-spacer-inner\"><\/div>\n\t\t<\/div>\n\t\t\t\t\t\t<\/div>\n\t\t\t\t<\/div>\n\t\t\t\t\t<\/div>\n\t\t<\/div>\n\t\t\t\t<div class=\"elementor-column elementor-col-33 elementor-top-column elementor-element elementor-element-2cdcee3\" data-id=\"2cdcee3\" data-element_type=\"column\" data-e-type=\"column\">\n\t\t\t<div class=\"elementor-widget-wrap\">\n\t\t\t\t\t\t\t<\/div>\n\t\t<\/div>\n\t\t\t\t\t<\/div>\n\t\t<\/section>\n\t\t\t\t<section class=\"elementor-section elementor-top-section elementor-element elementor-element-b40d836 elementor-section-boxed elementor-section-height-default elementor-section-height-default\" data-id=\"b40d836\" data-element_type=\"section\" data-e-type=\"section\">\n\t\t\t\t\t\t<div class=\"elementor-container elementor-column-gap-default\">\n\t\t\t\t\t<div class=\"elementor-column elementor-col-50 elementor-top-column elementor-element elementor-element-811257e\" data-id=\"811257e\" data-element_type=\"column\" data-e-type=\"column\">\n\t\t\t<div class=\"elementor-widget-wrap elementor-element-populated\">\n\t\t\t\t\t\t<div class=\"elementor-element elementor-element-f79387f elementor-widget elementor-widget-heading\" data-id=\"f79387f\" data-element_type=\"widget\" data-e-type=\"widget\" data-widget_type=\"heading.default\">\n\t\t\t\t<div class=\"elementor-widget-container\">\n\t\t\t\t\t<h3 class=\"elementor-heading-title elementor-size-default\">Isabel DACHEUX<\/h3>\t\t\t\t<\/div>\n\t\t\t\t<\/div>\n\t\t\t\t<div class=\"elementor-element elementor-element-4a43e54 elementor-widget elementor-widget-text-editor\" data-id=\"4a43e54\" data-element_type=\"widget\" data-e-type=\"widget\" data-widget_type=\"text-editor.default\">\n\t\t\t\t<div class=\"elementor-widget-container\">\n\t\t\t\t\t\t\t\t\t<p><strong>\u00c9ditrice ind\u00e9pendante<\/strong><\/p>\t\t\t\t\t\t\t\t<\/div>\n\t\t\t\t<\/div>\n\t\t\t\t<div class=\"elementor-element elementor-element-61a4935 elementor-widget elementor-widget-image\" data-id=\"61a4935\" data-element_type=\"widget\" data-e-type=\"widget\" data-widget_type=\"image.default\">\n\t\t\t\t<div class=\"elementor-widget-container\">\n\t\t\t\t\t\t\t\t\t\t\t\t\t\t\t<img decoding=\"async\" width=\"1024\" height=\"1024\" src=\"https:\/\/eifeil.com\/wp-content\/uploads\/2023\/12\/Advent-Calendar-8-1024x1024.png\" class=\"attachment-large size-large wp-image-5102\" alt=\"Isabel Dacheux\" srcset=\"https:\/\/eifeil.com\/wp-content\/uploads\/2023\/12\/Advent-Calendar-8-1024x1024.png 1024w, https:\/\/eifeil.com\/wp-content\/uploads\/2023\/12\/Advent-Calendar-8-300x300.png 300w, https:\/\/eifeil.com\/wp-content\/uploads\/2023\/12\/Advent-Calendar-8-150x150.png 150w, https:\/\/eifeil.com\/wp-content\/uploads\/2023\/12\/Advent-Calendar-8-768x768.png 768w, https:\/\/eifeil.com\/wp-content\/uploads\/2023\/12\/Advent-Calendar-8-1000x1000.png 1000w, https:\/\/eifeil.com\/wp-content\/uploads\/2023\/12\/Advent-Calendar-8-230x230.png 230w, https:\/\/eifeil.com\/wp-content\/uploads\/2023\/12\/Advent-Calendar-8-350x350.png 350w, https:\/\/eifeil.com\/wp-content\/uploads\/2023\/12\/Advent-Calendar-8-480x480.png 480w, https:\/\/eifeil.com\/wp-content\/uploads\/2023\/12\/Advent-Calendar-8.png 1080w\" sizes=\"(max-width: 1024px) 100vw, 1024px\" \/>\t\t\t\t\t\t\t\t\t\t\t\t\t\t\t<\/div>\n\t\t\t\t<\/div>\n\t\t\t\t<div class=\"elementor-element elementor-element-f5c436b elementor-widget elementor-widget-text-editor\" data-id=\"f5c436b\" data-element_type=\"widget\" data-e-type=\"widget\" data-widget_type=\"text-editor.default\">\n\t\t\t\t<div class=\"elementor-widget-container\">\n\t\t\t\t\t\t\t\t\t<p><span class=\"OYPEnA font-feature-liga-off font-feature-clig-off font-feature-calt-off text-decoration-none text-strikethrough-none\">\u00c9ditrice ind\u00e9pendante, fondatrice et g\u00e9rante de Scherzo production, fondatrice et pr\u00e9sidente de la f\u00e9d\u00e9ration EIFEIL, membre soci\u00e9taire de la Sacem et membre du Conseil d\u2019administration du SNEP.<\/span><\/p>\t\t\t\t\t\t\t\t<\/div>\n\t\t\t\t<\/div>\n\t\t\t\t\t<\/div>\n\t\t<\/div>\n\t\t\t\t<div class=\"elementor-column elementor-col-50 elementor-top-column elementor-element elementor-element-8d948be\" data-id=\"8d948be\" data-element_type=\"column\" data-e-type=\"column\">\n\t\t\t<div class=\"elementor-widget-wrap elementor-element-populated\">\n\t\t\t\t\t\t<div class=\"elementor-element elementor-element-5095a96 elementor-widget elementor-widget-heading\" data-id=\"5095a96\" data-element_type=\"widget\" data-e-type=\"widget\" data-widget_type=\"heading.default\">\n\t\t\t\t<div class=\"elementor-widget-container\">\n\t\t\t\t\t<h3 class=\"elementor-heading-title elementor-size-default\">Alexandre BOISAUBERT<\/h3>\t\t\t\t<\/div>\n\t\t\t\t<\/div>\n\t\t\t\t<div class=\"elementor-element elementor-element-f549ca3 elementor-widget elementor-widget-text-editor\" data-id=\"f549ca3\" data-element_type=\"widget\" data-e-type=\"widget\" data-widget_type=\"text-editor.default\">\n\t\t\t\t<div class=\"elementor-widget-container\">\n\t\t\t\t\t\t\t\t\t<p><strong><span class=\"OYPEnA font-feature-liga-off font-feature-clig-off font-feature-calt-off text-decoration-none text-strikethrough-none\">Gestionnaire de droits et royaut\u00e9s<\/span><br \/><\/strong><\/p>\t\t\t\t\t\t\t\t<\/div>\n\t\t\t\t<\/div>\n\t\t\t\t<div class=\"elementor-element elementor-element-8bdda4b elementor-widget elementor-widget-image\" data-id=\"8bdda4b\" data-element_type=\"widget\" data-e-type=\"widget\" data-widget_type=\"image.default\">\n\t\t\t\t<div class=\"elementor-widget-container\">\n\t\t\t\t\t\t\t\t\t\t\t\t\t\t\t<img decoding=\"async\" width=\"300\" height=\"300\" src=\"https:\/\/eifeil.com\/wp-content\/uploads\/2024\/09\/2-1-300x300-1.png\" class=\"attachment-large size-large wp-image-6131\" alt=\"\" srcset=\"https:\/\/eifeil.com\/wp-content\/uploads\/2024\/09\/2-1-300x300-1.png 300w, https:\/\/eifeil.com\/wp-content\/uploads\/2024\/09\/2-1-300x300-1-150x150.png 150w, https:\/\/eifeil.com\/wp-content\/uploads\/2024\/09\/2-1-300x300-1-230x230.png 230w\" sizes=\"(max-width: 300px) 100vw, 300px\" \/>\t\t\t\t\t\t\t\t\t\t\t\t\t\t\t<\/div>\n\t\t\t\t<\/div>\n\t\t\t\t<div class=\"elementor-element elementor-element-d8ed60a elementor-widget elementor-widget-text-editor\" data-id=\"d8ed60a\" data-element_type=\"widget\" data-e-type=\"widget\" data-widget_type=\"text-editor.default\">\n\t\t\t\t<div class=\"elementor-widget-container\">\n\t\t\t\t\t\t\t\t\t<p><span class=\"OYPEnA font-feature-liga-off font-feature-clig-off font-feature-calt-off text-decoration-none text-strikethrough-none\">Fondateur de No Dancing Please, co-fondateur de la f\u00e9d\u00e9ration EIFEIL, \u00e9diteur sp\u00e9cialis\u00e9 dans la gestion de catalogue et des rapports avec la Sacem, subvention et financement, obligation et pratiques du m\u00e9tier d\u2019\u00e9diteur.<\/span><\/p>\t\t\t\t\t\t\t\t<\/div>\n\t\t\t\t<\/div>\n\t\t\t\t\t<\/div>\n\t\t<\/div>\n\t\t\t\t\t<\/div>\n\t\t<\/section>\n\t\t\t\t<section class=\"elementor-section elementor-top-section elementor-element elementor-element-36a93e9 elementor-section-boxed elementor-section-height-default elementor-section-height-default\" data-id=\"36a93e9\" data-element_type=\"section\" data-e-type=\"section\">\n\t\t\t\t\t\t<div class=\"elementor-container elementor-column-gap-default\">\n\t\t\t\t\t<div class=\"elementor-column elementor-col-100 elementor-top-column elementor-element elementor-element-908c701\" data-id=\"908c701\" data-element_type=\"column\" data-e-type=\"column\">\n\t\t\t<div class=\"elementor-widget-wrap elementor-element-populated\">\n\t\t\t\t\t\t<div class=\"elementor-element elementor-element-4cb4766 elementor-widget elementor-widget-image\" data-id=\"4cb4766\" data-element_type=\"widget\" data-e-type=\"widget\" data-widget_type=\"image.default\">\n\t\t\t\t<div class=\"elementor-widget-container\">\n\t\t\t\t\t\t\t\t\t\t\t\t\t\t\t<img loading=\"lazy\" decoding=\"async\" width=\"317\" height=\"169\" src=\"https:\/\/eifeil.com\/wp-content\/uploads\/2024\/02\/logoqualiopi-150dpi-avecmarianne.png\" class=\"attachment-large size-large wp-image-5366\" alt=\"\" srcset=\"https:\/\/eifeil.com\/wp-content\/uploads\/2024\/02\/logoqualiopi-150dpi-avecmarianne.png 317w, https:\/\/eifeil.com\/wp-content\/uploads\/2024\/02\/logoqualiopi-150dpi-avecmarianne-300x160.png 300w, https:\/\/eifeil.com\/wp-content\/uploads\/2024\/02\/logoqualiopi-150dpi-avecmarianne-230x123.png 230w\" sizes=\"(max-width: 317px) 100vw, 317px\" \/>\t\t\t\t\t\t\t\t\t\t\t\t\t\t\t<\/div>\n\t\t\t\t<\/div>\n\t\t\t\t<div class=\"elementor-element elementor-element-b9be806 elementor-widget elementor-widget-text-editor\" data-id=\"b9be806\" data-element_type=\"widget\" data-e-type=\"widget\" data-widget_type=\"text-editor.default\">\n\t\t\t\t<div class=\"elementor-widget-container\">\n\t\t\t\t\t\t\t\t\t<p>La certification QUALIOPI qualit\u00e9 a \u00e9t\u00e9 d\u00e9livr\u00e9e au titre de la cat\u00e9gorie d\u2019action suivante :\u00a0<strong>ACTIONS DE FORMATION,<\/strong>\u00a0<\/p><p>par l\u2019organisme QUALIANOR CERTIFICATION pour l\u2019organisme : F\u00e9d\u00e9ration EIFEIL.<\/p>\t\t\t\t\t\t\t\t<\/div>\n\t\t\t\t<\/div>\n\t\t\t\t\t<\/div>\n\t\t<\/div>\n\t\t\t\t\t<\/div>\n\t\t<\/section>\n\t\t\t\t<\/div>\n\t\t","protected":false},"excerpt":{"rendered":"<p>Informations Pratiques Dates : Session Paris : du 11 au 13 mars au MILA (Paris 18e) Session Toulouse : du 2 au 4 juin 2026 (F\u00e9d\u00e9ration Octopus) Session Caen : [&hellip;]<\/p>\n","protected":false},"author":1,"featured_media":0,"parent":0,"menu_order":0,"comment_status":"closed","ping_status":"closed","template":"","meta":{"footnotes":""},"class_list":["post-6895","page","type-page","status-publish","hentry"],"yoast_head":"<!-- This site is optimized with the Yoast SEO plugin v26.6 - https:\/\/yoast.com\/wordpress\/plugins\/seo\/ -->\n<title>Comprendre et ma\u00eetriser le droit d\u2019auteur et l\u2019\u00e9dition musicale (2,5 jours) - EIFEIL<\/title>\n<meta name=\"description\" content=\"Comprendre et ma\u00eetriser le droit d\u2019auteur et l\u2019\u00e9dition musicale en seulement 2 jours avec les formations EIFEIL\" \/>\n<meta name=\"robots\" content=\"index, follow, max-snippet:-1, max-image-preview:large, max-video-preview:-1\" \/>\n<link rel=\"canonical\" href=\"https:\/\/eifeil.com\/index.php\/comprendre-et-maitriser-le-droit-dauteur-et-ledition-musicale-en-2-jours\/\" \/>\n<meta property=\"og:locale\" content=\"fr_FR\" \/>\n<meta property=\"og:type\" content=\"article\" \/>\n<meta property=\"og:title\" content=\"Comprendre et ma\u00eetriser le droit d\u2019auteur et l\u2019\u00e9dition musicale (2,5 jours) - EIFEIL\" \/>\n<meta property=\"og:description\" content=\"Comprendre et ma\u00eetriser le droit d\u2019auteur et l\u2019\u00e9dition musicale en seulement 2 jours avec les formations EIFEIL\" \/>\n<meta property=\"og:url\" content=\"https:\/\/eifeil.com\/index.php\/comprendre-et-maitriser-le-droit-dauteur-et-ledition-musicale-en-2-jours\/\" \/>\n<meta property=\"og:site_name\" content=\"EIFEIL\" \/>\n<meta property=\"article:modified_time\" content=\"2026-02-20T13:53:31+00:00\" \/>\n<meta property=\"og:image\" content=\"https:\/\/eifeil.com\/wp-content\/uploads\/2024\/09\/Banniere-Facebook-7-1024x577.png\" \/>\n\t<meta property=\"og:image:width\" content=\"1024\" \/>\n\t<meta property=\"og:image:height\" content=\"577\" \/>\n\t<meta property=\"og:image:type\" content=\"image\/png\" \/>\n<meta name=\"twitter:card\" content=\"summary_large_image\" \/>\n<meta name=\"twitter:label1\" content=\"Dur\u00e9e de lecture estim\u00e9e\" \/>\n\t<meta name=\"twitter:data1\" content=\"5 minutes\" \/>\n<script type=\"application\/ld+json\" class=\"yoast-schema-graph\">{\"@context\":\"https:\/\/schema.org\",\"@graph\":[{\"@type\":\"WebPage\",\"@id\":\"https:\/\/eifeil.com\/index.php\/comprendre-et-maitriser-le-droit-dauteur-et-ledition-musicale-en-2-jours\/\",\"url\":\"https:\/\/eifeil.com\/index.php\/comprendre-et-maitriser-le-droit-dauteur-et-ledition-musicale-en-2-jours\/\",\"name\":\"Comprendre et ma\u00eetriser le droit d\u2019auteur et l\u2019\u00e9dition musicale (2,5 jours) - EIFEIL\",\"isPartOf\":{\"@id\":\"https:\/\/eifeil.com\/#website\"},\"primaryImageOfPage\":{\"@id\":\"https:\/\/eifeil.com\/index.php\/comprendre-et-maitriser-le-droit-dauteur-et-ledition-musicale-en-2-jours\/#primaryimage\"},\"image\":{\"@id\":\"https:\/\/eifeil.com\/index.php\/comprendre-et-maitriser-le-droit-dauteur-et-ledition-musicale-en-2-jours\/#primaryimage\"},\"thumbnailUrl\":\"https:\/\/eifeil.com\/wp-content\/uploads\/2024\/09\/Banniere-Facebook-7-1024x577.png\",\"datePublished\":\"2025-03-26T14:55:12+00:00\",\"dateModified\":\"2026-02-20T13:53:31+00:00\",\"description\":\"Comprendre et ma\u00eetriser le droit d\u2019auteur et l\u2019\u00e9dition musicale en seulement 2 jours avec les formations EIFEIL\",\"breadcrumb\":{\"@id\":\"https:\/\/eifeil.com\/index.php\/comprendre-et-maitriser-le-droit-dauteur-et-ledition-musicale-en-2-jours\/#breadcrumb\"},\"inLanguage\":\"fr-FR\",\"potentialAction\":[{\"@type\":\"ReadAction\",\"target\":[\"https:\/\/eifeil.com\/index.php\/comprendre-et-maitriser-le-droit-dauteur-et-ledition-musicale-en-2-jours\/\"]}]},{\"@type\":\"ImageObject\",\"inLanguage\":\"fr-FR\",\"@id\":\"https:\/\/eifeil.com\/index.php\/comprendre-et-maitriser-le-droit-dauteur-et-ledition-musicale-en-2-jours\/#primaryimage\",\"url\":\"https:\/\/eifeil.com\/wp-content\/uploads\/2024\/09\/Banniere-Facebook-7.png\",\"contentUrl\":\"https:\/\/eifeil.com\/wp-content\/uploads\/2024\/09\/Banniere-Facebook-7.png\",\"width\":1640,\"height\":924,\"caption\":\"droits d'auteur et \u00e9dition musicale\"},{\"@type\":\"BreadcrumbList\",\"@id\":\"https:\/\/eifeil.com\/index.php\/comprendre-et-maitriser-le-droit-dauteur-et-ledition-musicale-en-2-jours\/#breadcrumb\",\"itemListElement\":[{\"@type\":\"ListItem\",\"position\":1,\"name\":\"Accueil\",\"item\":\"https:\/\/eifeil.com\/\"},{\"@type\":\"ListItem\",\"position\":2,\"name\":\"Comprendre et ma\u00eetriser le droit d\u2019auteur et l\u2019\u00e9dition musicale (2,5 jours)\"}]},{\"@type\":\"WebSite\",\"@id\":\"https:\/\/eifeil.com\/#website\",\"url\":\"https:\/\/eifeil.com\/\",\"name\":\"EIFEIL\",\"description\":\"\u00c9diteurs Ind\u00e9pendants F\u00e9d\u00e9r\u00e9s en France\",\"potentialAction\":[{\"@type\":\"SearchAction\",\"target\":{\"@type\":\"EntryPoint\",\"urlTemplate\":\"https:\/\/eifeil.com\/?s={search_term_string}\"},\"query-input\":{\"@type\":\"PropertyValueSpecification\",\"valueRequired\":true,\"valueName\":\"search_term_string\"}}],\"inLanguage\":\"fr-FR\"}]}<\/script>\n<!-- \/ Yoast SEO plugin. -->","yoast_head_json":{"title":"Comprendre et ma\u00eetriser le droit d\u2019auteur et l\u2019\u00e9dition musicale (2,5 jours) - EIFEIL","description":"Comprendre et ma\u00eetriser le droit d\u2019auteur et l\u2019\u00e9dition musicale en seulement 2 jours avec les formations EIFEIL","robots":{"index":"index","follow":"follow","max-snippet":"max-snippet:-1","max-image-preview":"max-image-preview:large","max-video-preview":"max-video-preview:-1"},"canonical":"https:\/\/eifeil.com\/index.php\/comprendre-et-maitriser-le-droit-dauteur-et-ledition-musicale-en-2-jours\/","og_locale":"fr_FR","og_type":"article","og_title":"Comprendre et ma\u00eetriser le droit d\u2019auteur et l\u2019\u00e9dition musicale (2,5 jours) - EIFEIL","og_description":"Comprendre et ma\u00eetriser le droit d\u2019auteur et l\u2019\u00e9dition musicale en seulement 2 jours avec les formations EIFEIL","og_url":"https:\/\/eifeil.com\/index.php\/comprendre-et-maitriser-le-droit-dauteur-et-ledition-musicale-en-2-jours\/","og_site_name":"EIFEIL","article_modified_time":"2026-02-20T13:53:31+00:00","og_image":[{"width":1024,"height":577,"url":"https:\/\/eifeil.com\/wp-content\/uploads\/2024\/09\/Banniere-Facebook-7-1024x577.png","type":"image\/png"}],"twitter_card":"summary_large_image","twitter_misc":{"Dur\u00e9e de lecture estim\u00e9e":"5 minutes"},"schema":{"@context":"https:\/\/schema.org","@graph":[{"@type":"WebPage","@id":"https:\/\/eifeil.com\/index.php\/comprendre-et-maitriser-le-droit-dauteur-et-ledition-musicale-en-2-jours\/","url":"https:\/\/eifeil.com\/index.php\/comprendre-et-maitriser-le-droit-dauteur-et-ledition-musicale-en-2-jours\/","name":"Comprendre et ma\u00eetriser le droit d\u2019auteur et l\u2019\u00e9dition musicale (2,5 jours) - EIFEIL","isPartOf":{"@id":"https:\/\/eifeil.com\/#website"},"primaryImageOfPage":{"@id":"https:\/\/eifeil.com\/index.php\/comprendre-et-maitriser-le-droit-dauteur-et-ledition-musicale-en-2-jours\/#primaryimage"},"image":{"@id":"https:\/\/eifeil.com\/index.php\/comprendre-et-maitriser-le-droit-dauteur-et-ledition-musicale-en-2-jours\/#primaryimage"},"thumbnailUrl":"https:\/\/eifeil.com\/wp-content\/uploads\/2024\/09\/Banniere-Facebook-7-1024x577.png","datePublished":"2025-03-26T14:55:12+00:00","dateModified":"2026-02-20T13:53:31+00:00","description":"Comprendre et ma\u00eetriser le droit d\u2019auteur et l\u2019\u00e9dition musicale en seulement 2 jours avec les formations EIFEIL","breadcrumb":{"@id":"https:\/\/eifeil.com\/index.php\/comprendre-et-maitriser-le-droit-dauteur-et-ledition-musicale-en-2-jours\/#breadcrumb"},"inLanguage":"fr-FR","potentialAction":[{"@type":"ReadAction","target":["https:\/\/eifeil.com\/index.php\/comprendre-et-maitriser-le-droit-dauteur-et-ledition-musicale-en-2-jours\/"]}]},{"@type":"ImageObject","inLanguage":"fr-FR","@id":"https:\/\/eifeil.com\/index.php\/comprendre-et-maitriser-le-droit-dauteur-et-ledition-musicale-en-2-jours\/#primaryimage","url":"https:\/\/eifeil.com\/wp-content\/uploads\/2024\/09\/Banniere-Facebook-7.png","contentUrl":"https:\/\/eifeil.com\/wp-content\/uploads\/2024\/09\/Banniere-Facebook-7.png","width":1640,"height":924,"caption":"droits d'auteur et \u00e9dition musicale"},{"@type":"BreadcrumbList","@id":"https:\/\/eifeil.com\/index.php\/comprendre-et-maitriser-le-droit-dauteur-et-ledition-musicale-en-2-jours\/#breadcrumb","itemListElement":[{"@type":"ListItem","position":1,"name":"Accueil","item":"https:\/\/eifeil.com\/"},{"@type":"ListItem","position":2,"name":"Comprendre et ma\u00eetriser le droit d\u2019auteur et l\u2019\u00e9dition musicale (2,5 jours)"}]},{"@type":"WebSite","@id":"https:\/\/eifeil.com\/#website","url":"https:\/\/eifeil.com\/","name":"EIFEIL","description":"\u00c9diteurs Ind\u00e9pendants F\u00e9d\u00e9r\u00e9s en France","potentialAction":[{"@type":"SearchAction","target":{"@type":"EntryPoint","urlTemplate":"https:\/\/eifeil.com\/?s={search_term_string}"},"query-input":{"@type":"PropertyValueSpecification","valueRequired":true,"valueName":"search_term_string"}}],"inLanguage":"fr-FR"}]}},"_links":{"self":[{"href":"https:\/\/eifeil.com\/index.php\/wp-json\/wp\/v2\/pages\/6895","targetHints":{"allow":["GET"]}}],"collection":[{"href":"https:\/\/eifeil.com\/index.php\/wp-json\/wp\/v2\/pages"}],"about":[{"href":"https:\/\/eifeil.com\/index.php\/wp-json\/wp\/v2\/types\/page"}],"author":[{"embeddable":true,"href":"https:\/\/eifeil.com\/index.php\/wp-json\/wp\/v2\/users\/1"}],"replies":[{"embeddable":true,"href":"https:\/\/eifeil.com\/index.php\/wp-json\/wp\/v2\/comments?post=6895"}],"version-history":[{"count":75,"href":"https:\/\/eifeil.com\/index.php\/wp-json\/wp\/v2\/pages\/6895\/revisions"}],"predecessor-version":[{"id":8415,"href":"https:\/\/eifeil.com\/index.php\/wp-json\/wp\/v2\/pages\/6895\/revisions\/8415"}],"wp:attachment":[{"href":"https:\/\/eifeil.com\/index.php\/wp-json\/wp\/v2\/media?parent=6895"}],"curies":[{"name":"wp","href":"https:\/\/api.w.org\/{rel}","templated":true}]}}