{"id":7944,"date":"2025-09-18T11:52:37","date_gmt":"2025-09-18T09:52:37","guid":{"rendered":"https:\/\/eifeil.com\/?page_id=7944"},"modified":"2025-09-18T12:08:29","modified_gmt":"2025-09-18T10:08:29","slug":"creasync-festival-2024","status":"publish","type":"page","link":"https:\/\/eifeil.com\/index.php\/creasync-festival-2024\/","title":{"rendered":"Cr\u00e9aSync festival 2024"},"content":{"rendered":"\t\t<div data-elementor-type=\"wp-page\" data-elementor-id=\"7944\" class=\"elementor elementor-7944\">\n\t\t\t\t\t\t<section class=\"elementor-section elementor-top-section elementor-element elementor-element-8c55816 elementor-section-boxed elementor-section-height-default elementor-section-height-default\" data-id=\"8c55816\" data-element_type=\"section\" data-e-type=\"section\">\n\t\t\t\t\t\t<div class=\"elementor-container elementor-column-gap-default\">\n\t\t\t\t\t<div class=\"elementor-column elementor-col-100 elementor-top-column elementor-element elementor-element-912ee4d\" data-id=\"912ee4d\" data-element_type=\"column\" data-e-type=\"column\">\n\t\t\t<div class=\"elementor-widget-wrap elementor-element-populated\">\n\t\t\t\t\t\t<div class=\"elementor-element elementor-element-e5ef100 elementor-widget elementor-widget-spacer\" data-id=\"e5ef100\" data-element_type=\"widget\" data-e-type=\"widget\" data-widget_type=\"spacer.default\">\n\t\t\t\t<div class=\"elementor-widget-container\">\n\t\t\t\t\t\t\t<div class=\"elementor-spacer\">\n\t\t\t<div class=\"elementor-spacer-inner\"><\/div>\n\t\t<\/div>\n\t\t\t\t\t\t<\/div>\n\t\t\t\t<\/div>\n\t\t\t\t<div class=\"elementor-element elementor-element-f5cea62 elementor-widget elementor-widget-image\" data-id=\"f5cea62\" data-element_type=\"widget\" data-e-type=\"widget\" data-widget_type=\"image.default\">\n\t\t\t\t<div class=\"elementor-widget-container\">\n\t\t\t\t\t\t\t\t\t\t\t\t\t\t\t<img fetchpriority=\"high\" decoding=\"async\" width=\"768\" height=\"432\" src=\"https:\/\/eifeil.com\/wp-content\/uploads\/2025\/03\/1-768x432.png\" class=\"attachment-medium_large size-medium_large wp-image-7001\" alt=\"\" srcset=\"https:\/\/eifeil.com\/wp-content\/uploads\/2025\/03\/1-768x432.png 768w, https:\/\/eifeil.com\/wp-content\/uploads\/2025\/03\/1-300x169.png 300w, https:\/\/eifeil.com\/wp-content\/uploads\/2025\/03\/1-1024x576.png 1024w, https:\/\/eifeil.com\/wp-content\/uploads\/2025\/03\/1-1536x864.png 1536w, https:\/\/eifeil.com\/wp-content\/uploads\/2025\/03\/1-2048x1152.png 2048w, https:\/\/eifeil.com\/wp-content\/uploads\/2025\/03\/1-1000x563.png 1000w, https:\/\/eifeil.com\/wp-content\/uploads\/2025\/03\/1-230x129.png 230w, https:\/\/eifeil.com\/wp-content\/uploads\/2025\/03\/1-350x197.png 350w, https:\/\/eifeil.com\/wp-content\/uploads\/2025\/03\/1-480x270.png 480w\" sizes=\"(max-width: 768px) 100vw, 768px\" \/>\t\t\t\t\t\t\t\t\t\t\t\t\t\t\t<\/div>\n\t\t\t\t<\/div>\n\t\t\t\t<div class=\"elementor-element elementor-element-fdc5570 elementor-widget elementor-widget-heading\" data-id=\"fdc5570\" data-element_type=\"widget\" data-e-type=\"widget\" data-widget_type=\"heading.default\">\n\t\t\t\t<div class=\"elementor-widget-container\">\n\t\t\t\t\t<h3 class=\"elementor-heading-title elementor-size-default\">Synchronisation et musique pour l\u2019image \u00e0 l\u2019Horizon 2030 : <br>Tendances et Innovations<\/h3>\t\t\t\t<\/div>\n\t\t\t\t<\/div>\n\t\t\t\t<div class=\"elementor-element elementor-element-f8e68a5 elementor-widget elementor-widget-text-editor\" data-id=\"f8e68a5\" data-element_type=\"widget\" data-e-type=\"widget\" data-widget_type=\"text-editor.default\">\n\t\t\t\t<div class=\"elementor-widget-container\">\n\t\t\t\t\t\t\t\t\t<p>\u00c0 l&rsquo;aube de 2030, la synchronisation et la musique pour l&rsquo;image s&rsquo;appr\u00eatent \u00e0 conna\u00eetre une transformation radicale, port\u00e9e par les avanc\u00e9es technologiques et les \u00e9volutions des pratiques artistiques. Dans un monde o\u00f9 le contenu audiovisuel est omnipr\u00e9sent, les tendances \u00e9mergentes et les innovations promettent de red\u00e9finir la mani\u00e8re dont la musique accompagne les images, cr\u00e9ant des exp\u00e9riences immersives et \u00e9motionnelles sans pr\u00e9c\u00e9dent. Nous explorerons les nouvelles fronti\u00e8res de la synchronisation musicale, les outils r\u00e9volutionnaires \u00e0 la disposition des cr\u00e9ateurs et les impacts de l&rsquo;intelligence artificielle sur la composition et la production sonore.<\/p>\t\t\t\t\t\t\t\t<\/div>\n\t\t\t\t<\/div>\n\t\t\t\t<div class=\"elementor-element elementor-element-ec7f32b elementor-widget elementor-widget-spacer\" data-id=\"ec7f32b\" data-element_type=\"widget\" data-e-type=\"widget\" data-widget_type=\"spacer.default\">\n\t\t\t\t<div class=\"elementor-widget-container\">\n\t\t\t\t\t\t\t<div class=\"elementor-spacer\">\n\t\t\t<div class=\"elementor-spacer-inner\"><\/div>\n\t\t<\/div>\n\t\t\t\t\t\t<\/div>\n\t\t\t\t<\/div>\n\t\t\t\t<div class=\"elementor-element elementor-element-c5fccc1 elementor-widget elementor-widget-heading\" data-id=\"c5fccc1\" data-element_type=\"widget\" data-e-type=\"widget\" data-widget_type=\"heading.default\">\n\t\t\t\t<div class=\"elementor-widget-container\">\n\t\t\t\t\t<h2 class=\"elementor-heading-title elementor-size-default\">PROGRAMME 2024<\/h2>\t\t\t\t<\/div>\n\t\t\t\t<\/div>\n\t\t\t\t<div class=\"elementor-element elementor-element-f6c611c elementor-widget elementor-widget-spacer\" data-id=\"f6c611c\" data-element_type=\"widget\" data-e-type=\"widget\" data-widget_type=\"spacer.default\">\n\t\t\t\t<div class=\"elementor-widget-container\">\n\t\t\t\t\t\t\t<div class=\"elementor-spacer\">\n\t\t\t<div class=\"elementor-spacer-inner\"><\/div>\n\t\t<\/div>\n\t\t\t\t\t\t<\/div>\n\t\t\t\t<\/div>\n\t\t\t\t\t<\/div>\n\t\t<\/div>\n\t\t\t\t\t<\/div>\n\t\t<\/section>\n\t\t\t\t<section class=\"elementor-section elementor-top-section elementor-element elementor-element-9f986e4 elementor-section-boxed elementor-section-height-default elementor-section-height-default\" data-id=\"9f986e4\" data-element_type=\"section\" data-e-type=\"section\">\n\t\t\t\t\t\t<div class=\"elementor-container elementor-column-gap-default\">\n\t\t\t\t\t<div class=\"elementor-column elementor-col-100 elementor-top-column elementor-element elementor-element-7ec5afc\" data-id=\"7ec5afc\" data-element_type=\"column\" data-e-type=\"column\">\n\t\t\t<div class=\"elementor-widget-wrap elementor-element-populated\">\n\t\t\t\t\t\t<div class=\"elementor-element elementor-element-15e4c54 elementor-widget elementor-widget-toggle\" data-id=\"15e4c54\" data-element_type=\"widget\" data-e-type=\"widget\" data-widget_type=\"toggle.default\">\n\t\t\t\t<div class=\"elementor-widget-container\">\n\t\t\t\t\t\t\t<div class=\"elementor-toggle\">\n\t\t\t\t\t\t\t<div class=\"elementor-toggle-item\">\n\t\t\t\t\t<div id=\"elementor-tab-title-2291\" class=\"elementor-tab-title\" data-tab=\"1\" role=\"button\" aria-controls=\"elementor-tab-content-2291\" aria-expanded=\"false\">\n\t\t\t\t\t\t\t\t\t\t\t\t<span class=\"elementor-toggle-icon elementor-toggle-icon-left\" aria-hidden=\"true\">\n\t\t\t\t\t\t\t\t\t\t\t\t\t\t\t<span class=\"elementor-toggle-icon-closed\"><i class=\"fas fa-caret-right\"><\/i><\/span>\n\t\t\t\t\t\t\t\t<span class=\"elementor-toggle-icon-opened\"><i class=\"elementor-toggle-icon-opened fas fa-caret-up\"><\/i><\/span>\n\t\t\t\t\t\t\t\t\t\t\t\t\t<\/span>\n\t\t\t\t\t\t\t\t\t\t\t\t<a class=\"elementor-toggle-title\" tabindex=\"0\">13h00-13h30 - Accueil <\/a>\n\t\t\t\t\t<\/div>\n\n\t\t\t\t\t<div id=\"elementor-tab-content-2291\" class=\"elementor-tab-content elementor-clearfix\" data-tab=\"1\" role=\"region\" aria-labelledby=\"elementor-tab-title-2291\"><\/div>\n\t\t\t\t<\/div>\n\t\t\t\t\t\t\t<div class=\"elementor-toggle-item\">\n\t\t\t\t\t<div id=\"elementor-tab-title-2292\" class=\"elementor-tab-title\" data-tab=\"2\" role=\"button\" aria-controls=\"elementor-tab-content-2292\" aria-expanded=\"false\">\n\t\t\t\t\t\t\t\t\t\t\t\t<span class=\"elementor-toggle-icon elementor-toggle-icon-left\" aria-hidden=\"true\">\n\t\t\t\t\t\t\t\t\t\t\t\t\t\t\t<span class=\"elementor-toggle-icon-closed\"><i class=\"fas fa-caret-right\"><\/i><\/span>\n\t\t\t\t\t\t\t\t<span class=\"elementor-toggle-icon-opened\"><i class=\"elementor-toggle-icon-opened fas fa-caret-up\"><\/i><\/span>\n\t\t\t\t\t\t\t\t\t\t\t\t\t<\/span>\n\t\t\t\t\t\t\t\t\t\t\t\t<a class=\"elementor-toggle-title\" tabindex=\"0\">13h30-13h45 -  Introduction \u00e0 la synchro et musique pour l'image<\/a>\n\t\t\t\t\t<\/div>\n\n\t\t\t\t\t<div id=\"elementor-tab-content-2292\" class=\"elementor-tab-content elementor-clearfix\" data-tab=\"2\" role=\"region\" aria-labelledby=\"elementor-tab-title-2292\"><p>(Re)d\u00e9couvrez les bases et l&rsquo;\u00e9cosyst\u00e8me de la synchro et musique pour l&rsquo;image.\u00a0<\/p><p><strong><span style=\"text-decoration: underline;\">Intervenant.e :<\/span><\/strong> \u00e0 venir\u00a0<\/p><\/div>\n\t\t\t\t<\/div>\n\t\t\t\t\t\t\t<div class=\"elementor-toggle-item\">\n\t\t\t\t\t<div id=\"elementor-tab-title-2293\" class=\"elementor-tab-title\" data-tab=\"3\" role=\"button\" aria-controls=\"elementor-tab-content-2293\" aria-expanded=\"false\">\n\t\t\t\t\t\t\t\t\t\t\t\t<span class=\"elementor-toggle-icon elementor-toggle-icon-left\" aria-hidden=\"true\">\n\t\t\t\t\t\t\t\t\t\t\t\t\t\t\t<span class=\"elementor-toggle-icon-closed\"><i class=\"fas fa-caret-right\"><\/i><\/span>\n\t\t\t\t\t\t\t\t<span class=\"elementor-toggle-icon-opened\"><i class=\"elementor-toggle-icon-opened fas fa-caret-up\"><\/i><\/span>\n\t\t\t\t\t\t\t\t\t\t\t\t\t<\/span>\n\t\t\t\t\t\t\t\t\t\t\t\t<a class=\"elementor-toggle-title\" tabindex=\"0\">13h45-14h30 - Table ronde : Comment s\u00e9lectionner et placer la musique \u00e0 destination de l\u2019audiovisuel ?<\/a>\n\t\t\t\t\t<\/div>\n\n\t\t\t\t\t<div id=\"elementor-tab-content-2293\" class=\"elementor-tab-content elementor-clearfix\" data-tab=\"3\" role=\"region\" aria-labelledby=\"elementor-tab-title-2293\"><p>Proposer la musique parfaite pour un film, une s\u00e9rie, une pub, exige une compr\u00e9hension fine de l&rsquo;atmosph\u00e8re et des \u00e9motions souhait\u00e9es pour la sc\u00e8ne&#8230; Il est essentiel de choisir des morceaux qui renforcent le message visuel et de savoir lire entre les lignes du brief !\u00a0<\/p><p><strong><span style=\"text-decoration: underline;\">Intervenant.e.s :<\/span><\/strong> Pascal L\u00e9vy, Producteur, R\u00e9alisateur Son ; Adrien Simonnet, music supervisor ; Nikolai Augustin, Bridge.audio ; (autres intervenants tbc).\u00a0<\/p><p><span style=\"text-decoration: underline;\"><strong>Mod\u00e9ratrice :<\/strong><\/span> Nadine Verna, ex directrice du PAM et g\u00e9rante de Laprodarosa Music.\u00a0<\/p><\/div>\n\t\t\t\t<\/div>\n\t\t\t\t\t\t\t<div class=\"elementor-toggle-item\">\n\t\t\t\t\t<div id=\"elementor-tab-title-2294\" class=\"elementor-tab-title\" data-tab=\"4\" role=\"button\" aria-controls=\"elementor-tab-content-2294\" aria-expanded=\"false\">\n\t\t\t\t\t\t\t\t\t\t\t\t<span class=\"elementor-toggle-icon elementor-toggle-icon-left\" aria-hidden=\"true\">\n\t\t\t\t\t\t\t\t\t\t\t\t\t\t\t<span class=\"elementor-toggle-icon-closed\"><i class=\"fas fa-caret-right\"><\/i><\/span>\n\t\t\t\t\t\t\t\t<span class=\"elementor-toggle-icon-opened\"><i class=\"elementor-toggle-icon-opened fas fa-caret-up\"><\/i><\/span>\n\t\t\t\t\t\t\t\t\t\t\t\t\t<\/span>\n\t\t\t\t\t\t\t\t\t\t\t\t<a class=\"elementor-toggle-title\" tabindex=\"0\">14h30-14h45 - Let's Talk<\/a>\n\t\t\t\t\t<\/div>\n\n\t\t\t\t\t<div id=\"elementor-tab-content-2294\" class=\"elementor-tab-content elementor-clearfix\" data-tab=\"4\" role=\"region\" aria-labelledby=\"elementor-tab-title-2294\"><p>Posez toutes vos questions !\u00a0<\/p><\/div>\n\t\t\t\t<\/div>\n\t\t\t\t\t\t\t<div class=\"elementor-toggle-item\">\n\t\t\t\t\t<div id=\"elementor-tab-title-2295\" class=\"elementor-tab-title\" data-tab=\"5\" role=\"button\" aria-controls=\"elementor-tab-content-2295\" aria-expanded=\"false\">\n\t\t\t\t\t\t\t\t\t\t\t\t<span class=\"elementor-toggle-icon elementor-toggle-icon-left\" aria-hidden=\"true\">\n\t\t\t\t\t\t\t\t\t\t\t\t\t\t\t<span class=\"elementor-toggle-icon-closed\"><i class=\"fas fa-caret-right\"><\/i><\/span>\n\t\t\t\t\t\t\t\t<span class=\"elementor-toggle-icon-opened\"><i class=\"elementor-toggle-icon-opened fas fa-caret-up\"><\/i><\/span>\n\t\t\t\t\t\t\t\t\t\t\t\t\t<\/span>\n\t\t\t\t\t\t\t\t\t\t\t\t<a class=\"elementor-toggle-title\" tabindex=\"0\">14h45-15h30 - Conversation : De la partition \u00e0 l\u2019image : comment la musique fa\u00e7onne la narration cin\u00e9matographique ?<\/a>\n\t\t\t\t\t<\/div>\n\n\t\t\t\t\t<div id=\"elementor-tab-content-2295\" class=\"elementor-tab-content elementor-clearfix\" data-tab=\"5\" role=\"region\" aria-labelledby=\"elementor-tab-title-2295\"><p>Entretien entre compositeurs et r\u00e9alisateurs afin de comprendre leur relation pr\u00e9cieuse&#8230; L\u00e0 o\u00f9 chaque \u00e9change nourrit l&rsquo;alchimie indispensable \u00e0 la cr\u00e9ation et fa\u00e7onne l&rsquo;\u00e2me de la bande sonore !<\/p><p><strong><span style=\"text-decoration: underline;\">Intervenants :<\/span><\/strong> Bertrand Burgalat, producteur et fondateur de Tricatel et compositeur ; Simon Cloquet-Lafollye, compositeur de musique pour l&rsquo;image ; Paul Malinowski, compositeur et musicien, metteur en onde \u00e0 Radio France.\u00a0<\/p><p><strong><span style=\"text-decoration: underline;\">Mod\u00e9rateur :<\/span>\u00a0<\/strong>Laurent Balandras, \u00e9diteur g\u00e9rant des \u00e9ditions Balandras.\u00a0<\/p><\/div>\n\t\t\t\t<\/div>\n\t\t\t\t\t\t\t<div class=\"elementor-toggle-item\">\n\t\t\t\t\t<div id=\"elementor-tab-title-2296\" class=\"elementor-tab-title\" data-tab=\"6\" role=\"button\" aria-controls=\"elementor-tab-content-2296\" aria-expanded=\"false\">\n\t\t\t\t\t\t\t\t\t\t\t\t<span class=\"elementor-toggle-icon elementor-toggle-icon-left\" aria-hidden=\"true\">\n\t\t\t\t\t\t\t\t\t\t\t\t\t\t\t<span class=\"elementor-toggle-icon-closed\"><i class=\"fas fa-caret-right\"><\/i><\/span>\n\t\t\t\t\t\t\t\t<span class=\"elementor-toggle-icon-opened\"><i class=\"elementor-toggle-icon-opened fas fa-caret-up\"><\/i><\/span>\n\t\t\t\t\t\t\t\t\t\t\t\t\t<\/span>\n\t\t\t\t\t\t\t\t\t\t\t\t<a class=\"elementor-toggle-title\" tabindex=\"0\">15h30-15h45 - Let's Talk<\/a>\n\t\t\t\t\t<\/div>\n\n\t\t\t\t\t<div id=\"elementor-tab-content-2296\" class=\"elementor-tab-content elementor-clearfix\" data-tab=\"6\" role=\"region\" aria-labelledby=\"elementor-tab-title-2296\"><p>Posez toutes vos questions !\u00a0<\/p><\/div>\n\t\t\t\t<\/div>\n\t\t\t\t\t\t\t<div class=\"elementor-toggle-item\">\n\t\t\t\t\t<div id=\"elementor-tab-title-2297\" class=\"elementor-tab-title\" data-tab=\"7\" role=\"button\" aria-controls=\"elementor-tab-content-2297\" aria-expanded=\"false\">\n\t\t\t\t\t\t\t\t\t\t\t\t<span class=\"elementor-toggle-icon elementor-toggle-icon-left\" aria-hidden=\"true\">\n\t\t\t\t\t\t\t\t\t\t\t\t\t\t\t<span class=\"elementor-toggle-icon-closed\"><i class=\"fas fa-caret-right\"><\/i><\/span>\n\t\t\t\t\t\t\t\t<span class=\"elementor-toggle-icon-opened\"><i class=\"elementor-toggle-icon-opened fas fa-caret-up\"><\/i><\/span>\n\t\t\t\t\t\t\t\t\t\t\t\t\t<\/span>\n\t\t\t\t\t\t\t\t\t\t\t\t<a class=\"elementor-toggle-title\" tabindex=\"0\">15h45-16h30 - Table ronde : IA vs cr\u00e9ation musicale : outil innovation ou menace pour l'authenticit\u00e9 ?<\/a>\n\t\t\t\t\t<\/div>\n\n\t\t\t\t\t<div id=\"elementor-tab-content-2297\" class=\"elementor-tab-content elementor-clearfix\" data-tab=\"7\" role=\"region\" aria-labelledby=\"elementor-tab-title-2297\"><p>L\u2019IA red\u00e9finit les r\u00e8gles de la cr\u00e9ation musicale, ouvrant de nouvelles perspectives pour l&rsquo;industrie et ses cr\u00e9ateur.trice.s, tout en posant des questions sur l&rsquo;authenticit\u00e9 et le respect des droits sur l&rsquo;\u0153uvre. Si la technologie acc\u00e9l\u00e8re les processus et \u00e9largit les possibilit\u00e9s artistiques, elle invite aussi \u00e0 repenser le r\u00f4le irrempla\u00e7able de l&rsquo;humain au sein de la cr\u00e9ation !\u00a0<\/p><p><strong><span style=\"text-decoration: underline;\">Intervenant.e.s :<\/span><\/strong> Sylvain Morizet, compositeur, orchestrateur et membre de la commission innovation au CNM ; Nikolai Augustin, Bridge.audio ; Patrick Sigwalt, Compositeur et pr\u00e9sident du CA de la Sacem ; Vanessa Bertran, auteure de doublage et sous titrage.\u00a0<\/p><p><span style=\"text-decoration: underline;\"><strong>Mod\u00e9ratrice :<\/strong><\/span> <strong>Isabel Dacheux, g\u00e9rante de scherzo production<\/strong>\u00a0<\/p><\/div>\n\t\t\t\t<\/div>\n\t\t\t\t\t\t\t<div class=\"elementor-toggle-item\">\n\t\t\t\t\t<div id=\"elementor-tab-title-2298\" class=\"elementor-tab-title\" data-tab=\"8\" role=\"button\" aria-controls=\"elementor-tab-content-2298\" aria-expanded=\"false\">\n\t\t\t\t\t\t\t\t\t\t\t\t<span class=\"elementor-toggle-icon elementor-toggle-icon-left\" aria-hidden=\"true\">\n\t\t\t\t\t\t\t\t\t\t\t\t\t\t\t<span class=\"elementor-toggle-icon-closed\"><i class=\"fas fa-caret-right\"><\/i><\/span>\n\t\t\t\t\t\t\t\t<span class=\"elementor-toggle-icon-opened\"><i class=\"elementor-toggle-icon-opened fas fa-caret-up\"><\/i><\/span>\n\t\t\t\t\t\t\t\t\t\t\t\t\t<\/span>\n\t\t\t\t\t\t\t\t\t\t\t\t<a class=\"elementor-toggle-title\" tabindex=\"0\">16h30-17h00 - Let's Talk<\/a>\n\t\t\t\t\t<\/div>\n\n\t\t\t\t\t<div id=\"elementor-tab-content-2298\" class=\"elementor-tab-content elementor-clearfix\" data-tab=\"8\" role=\"region\" aria-labelledby=\"elementor-tab-title-2298\"><p>Posez toutes vos questions !\u00a0<\/p><\/div>\n\t\t\t\t<\/div>\n\t\t\t\t\t\t\t<div class=\"elementor-toggle-item\">\n\t\t\t\t\t<div id=\"elementor-tab-title-2299\" class=\"elementor-tab-title\" data-tab=\"9\" role=\"button\" aria-controls=\"elementor-tab-content-2299\" aria-expanded=\"false\">\n\t\t\t\t\t\t\t\t\t\t\t\t<span class=\"elementor-toggle-icon elementor-toggle-icon-left\" aria-hidden=\"true\">\n\t\t\t\t\t\t\t\t\t\t\t\t\t\t\t<span class=\"elementor-toggle-icon-closed\"><i class=\"fas fa-caret-right\"><\/i><\/span>\n\t\t\t\t\t\t\t\t<span class=\"elementor-toggle-icon-opened\"><i class=\"elementor-toggle-icon-opened fas fa-caret-up\"><\/i><\/span>\n\t\t\t\t\t\t\t\t\t\t\t\t\t<\/span>\n\t\t\t\t\t\t\t\t\t\t\t\t<a class=\"elementor-toggle-title\" tabindex=\"0\">17h00-18h00 - Temps de rencontre<\/a>\n\t\t\t\t\t<\/div>\n\n\t\t\t\t\t<div id=\"elementor-tab-content-2299\" class=\"elementor-tab-content elementor-clearfix\" data-tab=\"9\" role=\"region\" aria-labelledby=\"elementor-tab-title-2299\"><p>Venez rencontrer et \u00e9changer avec des professionnel.le.s de la synchro et musique pour l&rsquo;image !\u00a0<\/p><\/div>\n\t\t\t\t<\/div>\n\t\t\t\t\t\t\t\t<\/div>\n\t\t\t\t\t\t<\/div>\n\t\t\t\t<\/div>\n\t\t\t\t\t<\/div>\n\t\t<\/div>\n\t\t\t\t\t<\/div>\n\t\t<\/section>\n\t\t\t\t<section class=\"elementor-section elementor-top-section elementor-element elementor-element-674c1f8 elementor-section-boxed elementor-section-height-default elementor-section-height-default\" data-id=\"674c1f8\" data-element_type=\"section\" data-e-type=\"section\">\n\t\t\t\t\t\t<div class=\"elementor-container elementor-column-gap-default\">\n\t\t\t\t\t<div class=\"elementor-column elementor-col-100 elementor-top-column elementor-element elementor-element-8d904f7\" data-id=\"8d904f7\" data-element_type=\"column\" data-e-type=\"column\">\n\t\t\t<div class=\"elementor-widget-wrap elementor-element-populated\">\n\t\t\t\t\t\t<div class=\"elementor-element elementor-element-d0ff97d elementor-widget elementor-widget-spacer\" data-id=\"d0ff97d\" data-element_type=\"widget\" data-e-type=\"widget\" data-widget_type=\"spacer.default\">\n\t\t\t\t<div class=\"elementor-widget-container\">\n\t\t\t\t\t\t\t<div class=\"elementor-spacer\">\n\t\t\t<div class=\"elementor-spacer-inner\"><\/div>\n\t\t<\/div>\n\t\t\t\t\t\t<\/div>\n\t\t\t\t<\/div>\n\t\t\t\t<div class=\"elementor-element elementor-element-6575c01 elementor-widget elementor-widget-heading\" data-id=\"6575c01\" data-element_type=\"widget\" data-e-type=\"widget\" data-widget_type=\"heading.default\">\n\t\t\t\t<div class=\"elementor-widget-container\">\n\t\t\t\t\t<h2 class=\"elementor-heading-title elementor-size-default\">LES CONF\u00c9RENCES EN REPLAY<\/h2>\t\t\t\t<\/div>\n\t\t\t\t<\/div>\n\t\t\t\t<div class=\"elementor-element elementor-element-75c61a4 elementor-widget elementor-widget-spacer\" data-id=\"75c61a4\" data-element_type=\"widget\" data-e-type=\"widget\" data-widget_type=\"spacer.default\">\n\t\t\t\t<div class=\"elementor-widget-container\">\n\t\t\t\t\t\t\t<div class=\"elementor-spacer\">\n\t\t\t<div class=\"elementor-spacer-inner\"><\/div>\n\t\t<\/div>\n\t\t\t\t\t\t<\/div>\n\t\t\t\t<\/div>\n\t\t\t\t<div class=\"elementor-element elementor-element-df3e0a0 elementor-widget elementor-widget-image\" data-id=\"df3e0a0\" data-element_type=\"widget\" data-e-type=\"widget\" data-widget_type=\"image.default\">\n\t\t\t\t<div class=\"elementor-widget-container\">\n\t\t\t\t\t\t\t\t\t\t\t\t\t\t\t<img decoding=\"async\" width=\"1024\" height=\"1024\" src=\"https:\/\/eifeil.com\/wp-content\/uploads\/2025\/03\/INSTA-CreaSync-Festival-2-1024x1024.png\" class=\"attachment-large size-large wp-image-7000\" alt=\"\" srcset=\"https:\/\/eifeil.com\/wp-content\/uploads\/2025\/03\/INSTA-CreaSync-Festival-2-1024x1024.png 1024w, https:\/\/eifeil.com\/wp-content\/uploads\/2025\/03\/INSTA-CreaSync-Festival-2-300x300.png 300w, https:\/\/eifeil.com\/wp-content\/uploads\/2025\/03\/INSTA-CreaSync-Festival-2-150x150.png 150w, https:\/\/eifeil.com\/wp-content\/uploads\/2025\/03\/INSTA-CreaSync-Festival-2-768x768.png 768w, https:\/\/eifeil.com\/wp-content\/uploads\/2025\/03\/INSTA-CreaSync-Festival-2-1000x1000.png 1000w, https:\/\/eifeil.com\/wp-content\/uploads\/2025\/03\/INSTA-CreaSync-Festival-2-230x230.png 230w, https:\/\/eifeil.com\/wp-content\/uploads\/2025\/03\/INSTA-CreaSync-Festival-2-350x350.png 350w, https:\/\/eifeil.com\/wp-content\/uploads\/2025\/03\/INSTA-CreaSync-Festival-2-480x480.png 480w, https:\/\/eifeil.com\/wp-content\/uploads\/2025\/03\/INSTA-CreaSync-Festival-2.png 1080w\" sizes=\"(max-width: 1024px) 100vw, 1024px\" \/>\t\t\t\t\t\t\t\t\t\t\t\t\t\t\t<\/div>\n\t\t\t\t<\/div>\n\t\t\t\t<div class=\"elementor-element elementor-element-e85347c elementor-widget elementor-widget-spacer\" data-id=\"e85347c\" data-element_type=\"widget\" data-e-type=\"widget\" data-widget_type=\"spacer.default\">\n\t\t\t\t<div class=\"elementor-widget-container\">\n\t\t\t\t\t\t\t<div class=\"elementor-spacer\">\n\t\t\t<div class=\"elementor-spacer-inner\"><\/div>\n\t\t<\/div>\n\t\t\t\t\t\t<\/div>\n\t\t\t\t<\/div>\n\t\t\t\t\t<\/div>\n\t\t<\/div>\n\t\t\t\t\t<\/div>\n\t\t<\/section>\n\t\t\t\t<section class=\"elementor-section elementor-top-section elementor-element elementor-element-582df24 elementor-section-boxed elementor-section-height-default elementor-section-height-default\" data-id=\"582df24\" data-element_type=\"section\" data-e-type=\"section\">\n\t\t\t\t\t\t<div class=\"elementor-container elementor-column-gap-default\">\n\t\t\t\t\t<div class=\"elementor-column elementor-col-33 elementor-top-column elementor-element elementor-element-2eb35d1\" data-id=\"2eb35d1\" data-element_type=\"column\" data-e-type=\"column\">\n\t\t\t<div class=\"elementor-widget-wrap elementor-element-populated\">\n\t\t\t\t\t\t<div class=\"elementor-element elementor-element-b5b9f1d elementor-align-right elementor-widget elementor-widget-button\" data-id=\"b5b9f1d\" data-element_type=\"widget\" data-e-type=\"widget\" data-widget_type=\"button.default\">\n\t\t\t\t<div class=\"elementor-widget-container\">\n\t\t\t\t\t\t\t\t\t<div class=\"elementor-button-wrapper\">\n\t\t\t\t\t<a class=\"elementor-button elementor-button-link elementor-size-sm\" href=\"#\">\n\t\t\t\t\t\t<span class=\"elementor-button-content-wrapper\">\n\t\t\t\t\t\t\t\t\t<span class=\"elementor-button-text\">Spotify<\/span>\n\t\t\t\t\t<\/span>\n\t\t\t\t\t<\/a>\n\t\t\t\t<\/div>\n\t\t\t\t\t\t\t\t<\/div>\n\t\t\t\t<\/div>\n\t\t\t\t\t<\/div>\n\t\t<\/div>\n\t\t\t\t<div class=\"elementor-column elementor-col-33 elementor-top-column elementor-element elementor-element-919312f\" data-id=\"919312f\" data-element_type=\"column\" data-e-type=\"column\">\n\t\t\t<div class=\"elementor-widget-wrap elementor-element-populated\">\n\t\t\t\t\t\t<div class=\"elementor-element elementor-element-0d513e0 elementor-align-center elementor-widget elementor-widget-button\" data-id=\"0d513e0\" data-element_type=\"widget\" data-e-type=\"widget\" data-widget_type=\"button.default\">\n\t\t\t\t<div class=\"elementor-widget-container\">\n\t\t\t\t\t\t\t\t\t<div class=\"elementor-button-wrapper\">\n\t\t\t\t\t<a class=\"elementor-button elementor-button-link elementor-size-sm\" href=\"#\">\n\t\t\t\t\t\t<span class=\"elementor-button-content-wrapper\">\n\t\t\t\t\t\t\t\t\t<span class=\"elementor-button-text\">Soundcloud<\/span>\n\t\t\t\t\t<\/span>\n\t\t\t\t\t<\/a>\n\t\t\t\t<\/div>\n\t\t\t\t\t\t\t\t<\/div>\n\t\t\t\t<\/div>\n\t\t\t\t\t<\/div>\n\t\t<\/div>\n\t\t\t\t<div class=\"elementor-column elementor-col-33 elementor-top-column elementor-element elementor-element-438e841\" data-id=\"438e841\" data-element_type=\"column\" data-e-type=\"column\">\n\t\t\t<div class=\"elementor-widget-wrap elementor-element-populated\">\n\t\t\t\t\t\t<div class=\"elementor-element elementor-element-411f6bb elementor-align-left elementor-widget elementor-widget-button\" data-id=\"411f6bb\" data-element_type=\"widget\" data-e-type=\"widget\" data-widget_type=\"button.default\">\n\t\t\t\t<div class=\"elementor-widget-container\">\n\t\t\t\t\t\t\t\t\t<div class=\"elementor-button-wrapper\">\n\t\t\t\t\t<a class=\"elementor-button elementor-button-link elementor-size-sm\" href=\"#\">\n\t\t\t\t\t\t<span class=\"elementor-button-content-wrapper\">\n\t\t\t\t\t\t\t\t\t<span class=\"elementor-button-text\">Youtube<\/span>\n\t\t\t\t\t<\/span>\n\t\t\t\t\t<\/a>\n\t\t\t\t<\/div>\n\t\t\t\t\t\t\t\t<\/div>\n\t\t\t\t<\/div>\n\t\t\t\t\t<\/div>\n\t\t<\/div>\n\t\t\t\t\t<\/div>\n\t\t<\/section>\n\t\t\t\t<section class=\"elementor-section elementor-top-section elementor-element elementor-element-b14ee1e elementor-section-boxed elementor-section-height-default elementor-section-height-default\" data-id=\"b14ee1e\" data-element_type=\"section\" data-e-type=\"section\">\n\t\t\t\t\t\t<div class=\"elementor-container elementor-column-gap-default\">\n\t\t\t\t\t<div class=\"elementor-column elementor-col-100 elementor-top-column elementor-element elementor-element-ae9b383\" data-id=\"ae9b383\" data-element_type=\"column\" data-e-type=\"column\">\n\t\t\t<div class=\"elementor-widget-wrap elementor-element-populated\">\n\t\t\t\t\t\t<div class=\"elementor-element elementor-element-453a98d elementor-widget elementor-widget-spacer\" data-id=\"453a98d\" data-element_type=\"widget\" data-e-type=\"widget\" data-widget_type=\"spacer.default\">\n\t\t\t\t<div class=\"elementor-widget-container\">\n\t\t\t\t\t\t\t<div class=\"elementor-spacer\">\n\t\t\t<div class=\"elementor-spacer-inner\"><\/div>\n\t\t<\/div>\n\t\t\t\t\t\t<\/div>\n\t\t\t\t<\/div>\n\t\t\t\t<div class=\"elementor-element elementor-element-18f3416 elementor-widget elementor-widget-heading\" data-id=\"18f3416\" data-element_type=\"widget\" data-e-type=\"widget\" data-widget_type=\"heading.default\">\n\t\t\t\t<div class=\"elementor-widget-container\">\n\t\t\t\t\t<h2 class=\"elementor-heading-title elementor-size-default\">PRIX CR\u00c9ASYNC 2024<\/h2>\t\t\t\t<\/div>\n\t\t\t\t<\/div>\n\t\t\t\t<div class=\"elementor-element elementor-element-ce3a7dd elementor-widget elementor-widget-spacer\" data-id=\"ce3a7dd\" data-element_type=\"widget\" data-e-type=\"widget\" data-widget_type=\"spacer.default\">\n\t\t\t\t<div class=\"elementor-widget-container\">\n\t\t\t\t\t\t\t<div class=\"elementor-spacer\">\n\t\t\t<div class=\"elementor-spacer-inner\"><\/div>\n\t\t<\/div>\n\t\t\t\t\t\t<\/div>\n\t\t\t\t<\/div>\n\t\t\t\t<div class=\"elementor-element elementor-element-986e307 elementor-widget elementor-widget-text-editor\" data-id=\"986e307\" data-element_type=\"widget\" data-e-type=\"widget\" data-widget_type=\"text-editor.default\">\n\t\t\t\t<div class=\"elementor-widget-container\">\n\t\t\t\t\t\t\t\t\t<p class=\"cvGsUA direction-ltr align-center para-style-body\"><span class=\"OYPEnA font-feature-liga-off font-feature-clig-off font-feature-calt-off text-decoration-none text-strikethrough-none\">Compositeur.trices, <\/span><span class=\"OYPEnA font-feature-liga-off font-feature-clig-off font-feature-calt-off text-decoration-none text-strikethrough-none\">envoyez-nous vos compositions de musique pour l\u2019image,\u00a0<\/span><\/p><p class=\"cvGsUA direction-ltr align-center para-style-body\"><span class=\"OYPEnA font-feature-liga-off font-feature-clig-off font-feature-calt-off text-decoration-none text-strikethrough-none\">pour l\u2019une des trois cat\u00e9gories ci-dessous <\/span><span class=\"OYPEnA font-feature-liga-off font-feature-clig-off font-feature-calt-off text-decoration-none text-strikethrough-none\">et tentez de remporter le prix Cr\u00e9async 2024 !<\/span><\/p>\t\t\t\t\t\t\t\t<\/div>\n\t\t\t\t<\/div>\n\t\t\t\t\t<\/div>\n\t\t<\/div>\n\t\t\t\t\t<\/div>\n\t\t<\/section>\n\t\t\t\t<section class=\"elementor-section elementor-top-section elementor-element elementor-element-da76f4f elementor-section-boxed elementor-section-height-default elementor-section-height-default\" data-id=\"da76f4f\" data-element_type=\"section\" data-e-type=\"section\">\n\t\t\t\t\t\t<div class=\"elementor-container elementor-column-gap-default\">\n\t\t\t\t\t<div class=\"elementor-column elementor-col-50 elementor-top-column elementor-element elementor-element-f3cfd0d\" data-id=\"f3cfd0d\" data-element_type=\"column\" data-e-type=\"column\" data-settings=\"{&quot;background_background&quot;:&quot;classic&quot;}\">\n\t\t\t<div class=\"elementor-widget-wrap elementor-element-populated\">\n\t\t\t\t\t\t<div class=\"elementor-element elementor-element-d12f16b elementor-widget elementor-widget-spacer\" data-id=\"d12f16b\" data-element_type=\"widget\" data-e-type=\"widget\" data-widget_type=\"spacer.default\">\n\t\t\t\t<div class=\"elementor-widget-container\">\n\t\t\t\t\t\t\t<div class=\"elementor-spacer\">\n\t\t\t<div class=\"elementor-spacer-inner\"><\/div>\n\t\t<\/div>\n\t\t\t\t\t\t<\/div>\n\t\t\t\t<\/div>\n\t\t\t\t<div class=\"elementor-element elementor-element-5689fce elementor-widget elementor-widget-spacer\" data-id=\"5689fce\" data-element_type=\"widget\" data-e-type=\"widget\" data-widget_type=\"spacer.default\">\n\t\t\t\t<div class=\"elementor-widget-container\">\n\t\t\t\t\t\t\t<div class=\"elementor-spacer\">\n\t\t\t<div class=\"elementor-spacer-inner\"><\/div>\n\t\t<\/div>\n\t\t\t\t\t\t<\/div>\n\t\t\t\t<\/div>\n\t\t\t\t<div class=\"elementor-element elementor-element-f8edb0c elementor-widget elementor-widget-spacer\" data-id=\"f8edb0c\" data-element_type=\"widget\" data-e-type=\"widget\" data-widget_type=\"spacer.default\">\n\t\t\t\t<div class=\"elementor-widget-container\">\n\t\t\t\t\t\t\t<div class=\"elementor-spacer\">\n\t\t\t<div class=\"elementor-spacer-inner\"><\/div>\n\t\t<\/div>\n\t\t\t\t\t\t<\/div>\n\t\t\t\t<\/div>\n\t\t\t\t<div class=\"elementor-element elementor-element-5ae4d9b elementor-widget elementor-widget-text-editor\" data-id=\"5ae4d9b\" data-element_type=\"widget\" data-e-type=\"widget\" data-widget_type=\"text-editor.default\">\n\t\t\t\t<div class=\"elementor-widget-container\">\n\t\t\t\t\t\t\t\t\t<div class=\"\" data-block=\"true\" data-editor=\"brbun\" data-offset-key=\"akbtr-0-0\"><div class=\"_1mf _1mj\" data-offset-key=\"akbtr-0-0\">Cat\u00e9gorie \u00ab\u00a0Film d&rsquo;animation\u00a0\u00bb : <strong>\u00a0Pierre Oberkampf, <\/strong>pour <strong>\u00ab\u00a0Les belles cicatrices\u00a0\u00bb<\/strong><\/div><\/div>\t\t\t\t\t\t\t\t<\/div>\n\t\t\t\t<\/div>\n\t\t\t\t\t<\/div>\n\t\t<\/div>\n\t\t\t\t<div class=\"elementor-column elementor-col-50 elementor-top-column elementor-element elementor-element-cd436fe\" data-id=\"cd436fe\" data-element_type=\"column\" data-e-type=\"column\" data-settings=\"{&quot;background_background&quot;:&quot;classic&quot;}\">\n\t\t\t<div class=\"elementor-widget-wrap elementor-element-populated\">\n\t\t\t\t\t\t<div class=\"elementor-element elementor-element-6cb5850 elementor-widget elementor-widget-spacer\" data-id=\"6cb5850\" data-element_type=\"widget\" data-e-type=\"widget\" data-widget_type=\"spacer.default\">\n\t\t\t\t<div class=\"elementor-widget-container\">\n\t\t\t\t\t\t\t<div class=\"elementor-spacer\">\n\t\t\t<div class=\"elementor-spacer-inner\"><\/div>\n\t\t<\/div>\n\t\t\t\t\t\t<\/div>\n\t\t\t\t<\/div>\n\t\t\t\t<div class=\"elementor-element elementor-element-ba51e17 elementor-widget elementor-widget-spacer\" data-id=\"ba51e17\" data-element_type=\"widget\" data-e-type=\"widget\" data-widget_type=\"spacer.default\">\n\t\t\t\t<div class=\"elementor-widget-container\">\n\t\t\t\t\t\t\t<div class=\"elementor-spacer\">\n\t\t\t<div class=\"elementor-spacer-inner\"><\/div>\n\t\t<\/div>\n\t\t\t\t\t\t<\/div>\n\t\t\t\t<\/div>\n\t\t\t\t<div class=\"elementor-element elementor-element-70a5292 elementor-widget elementor-widget-text-editor\" data-id=\"70a5292\" data-element_type=\"widget\" data-e-type=\"widget\" data-widget_type=\"text-editor.default\">\n\t\t\t\t<div class=\"elementor-widget-container\">\n\t\t\t\t\t\t\t\t\t<div class=\"\" data-block=\"true\" data-editor=\"brbun\" data-offset-key=\"akbtr-0-0\">Cat\u00e9gorie \u00ab\u00a0Film humoristique\u00a0\u00bb : <strong> Bertrand Burgalat, <\/strong>pour <strong>\u00ab\u00a0\u00c7a, c&rsquo;est Paris !\u00a0\u00bb<\/strong><\/div>\t\t\t\t\t\t\t\t<\/div>\n\t\t\t\t<\/div>\n\t\t\t\t\t<\/div>\n\t\t<\/div>\n\t\t\t\t\t<\/div>\n\t\t<\/section>\n\t\t\t\t<\/div>\n\t\t","protected":false},"excerpt":{"rendered":"<p>Synchronisation et musique pour l\u2019image \u00e0 l\u2019Horizon 2030 : Tendances et Innovations \u00c0 l&rsquo;aube de 2030, la synchronisation et la musique pour l&rsquo;image s&rsquo;appr\u00eatent \u00e0 conna\u00eetre une transformation radicale, port\u00e9e [&hellip;]<\/p>\n","protected":false},"author":1,"featured_media":0,"parent":0,"menu_order":0,"comment_status":"closed","ping_status":"closed","template":"","meta":{"footnotes":""},"class_list":["post-7944","page","type-page","status-publish","hentry"],"yoast_head":"<!-- This site is optimized with the Yoast SEO plugin v26.6 - https:\/\/yoast.com\/wordpress\/plugins\/seo\/ -->\n<title>Cr\u00e9aSync festival 2024 - EIFEIL<\/title>\n<meta name=\"description\" content=\"Cr\u00e9aSync festival 2023, le festival de la synchronisation et de la musique pour l&#039;image, \u00e0 la Cin\u00e9math\u00e8que fran\u00e7aise de Pairs\" \/>\n<meta name=\"robots\" content=\"index, follow, max-snippet:-1, max-image-preview:large, max-video-preview:-1\" \/>\n<link rel=\"canonical\" href=\"https:\/\/eifeil.com\/index.php\/creasync-festival-2024\/\" \/>\n<meta property=\"og:locale\" content=\"fr_FR\" \/>\n<meta property=\"og:type\" content=\"article\" \/>\n<meta property=\"og:title\" content=\"Cr\u00e9aSync festival 2024 - EIFEIL\" \/>\n<meta property=\"og:description\" content=\"Cr\u00e9aSync festival 2023, le festival de la synchronisation et de la musique pour l&#039;image, \u00e0 la Cin\u00e9math\u00e8que fran\u00e7aise de Pairs\" \/>\n<meta property=\"og:url\" content=\"https:\/\/eifeil.com\/index.php\/creasync-festival-2024\/\" \/>\n<meta property=\"og:site_name\" content=\"EIFEIL\" \/>\n<meta property=\"article:modified_time\" content=\"2025-09-18T10:08:29+00:00\" \/>\n<meta property=\"og:image\" content=\"https:\/\/eifeil.com\/wp-content\/uploads\/2025\/03\/1-1024x576.png\" \/>\n\t<meta property=\"og:image:width\" content=\"1024\" \/>\n\t<meta property=\"og:image:height\" content=\"576\" \/>\n\t<meta property=\"og:image:type\" content=\"image\/png\" \/>\n<meta name=\"twitter:card\" content=\"summary_large_image\" \/>\n<meta name=\"twitter:label1\" content=\"Dur\u00e9e de lecture estim\u00e9e\" \/>\n\t<meta name=\"twitter:data1\" content=\"3 minutes\" \/>\n<script type=\"application\/ld+json\" class=\"yoast-schema-graph\">{\"@context\":\"https:\/\/schema.org\",\"@graph\":[{\"@type\":\"WebPage\",\"@id\":\"https:\/\/eifeil.com\/index.php\/creasync-festival-2024\/\",\"url\":\"https:\/\/eifeil.com\/index.php\/creasync-festival-2024\/\",\"name\":\"Cr\u00e9aSync festival 2024 - EIFEIL\",\"isPartOf\":{\"@id\":\"https:\/\/eifeil.com\/#website\"},\"primaryImageOfPage\":{\"@id\":\"https:\/\/eifeil.com\/index.php\/creasync-festival-2024\/#primaryimage\"},\"image\":{\"@id\":\"https:\/\/eifeil.com\/index.php\/creasync-festival-2024\/#primaryimage\"},\"thumbnailUrl\":\"https:\/\/eifeil.com\/wp-content\/uploads\/2025\/03\/1-768x432.png\",\"datePublished\":\"2025-09-18T09:52:37+00:00\",\"dateModified\":\"2025-09-18T10:08:29+00:00\",\"description\":\"Cr\u00e9aSync festival 2023, le festival de la synchronisation et de la musique pour l'image, \u00e0 la Cin\u00e9math\u00e8que fran\u00e7aise de Pairs\",\"breadcrumb\":{\"@id\":\"https:\/\/eifeil.com\/index.php\/creasync-festival-2024\/#breadcrumb\"},\"inLanguage\":\"fr-FR\",\"potentialAction\":[{\"@type\":\"ReadAction\",\"target\":[\"https:\/\/eifeil.com\/index.php\/creasync-festival-2024\/\"]}]},{\"@type\":\"ImageObject\",\"inLanguage\":\"fr-FR\",\"@id\":\"https:\/\/eifeil.com\/index.php\/creasync-festival-2024\/#primaryimage\",\"url\":\"https:\/\/eifeil.com\/wp-content\/uploads\/2025\/03\/1.png\",\"contentUrl\":\"https:\/\/eifeil.com\/wp-content\/uploads\/2025\/03\/1.png\",\"width\":2560,\"height\":1440},{\"@type\":\"BreadcrumbList\",\"@id\":\"https:\/\/eifeil.com\/index.php\/creasync-festival-2024\/#breadcrumb\",\"itemListElement\":[{\"@type\":\"ListItem\",\"position\":1,\"name\":\"Accueil\",\"item\":\"https:\/\/eifeil.com\/\"},{\"@type\":\"ListItem\",\"position\":2,\"name\":\"Cr\u00e9aSync festival 2024\"}]},{\"@type\":\"WebSite\",\"@id\":\"https:\/\/eifeil.com\/#website\",\"url\":\"https:\/\/eifeil.com\/\",\"name\":\"EIFEIL\",\"description\":\"\u00c9diteurs Ind\u00e9pendants F\u00e9d\u00e9r\u00e9s en France\",\"potentialAction\":[{\"@type\":\"SearchAction\",\"target\":{\"@type\":\"EntryPoint\",\"urlTemplate\":\"https:\/\/eifeil.com\/?s={search_term_string}\"},\"query-input\":{\"@type\":\"PropertyValueSpecification\",\"valueRequired\":true,\"valueName\":\"search_term_string\"}}],\"inLanguage\":\"fr-FR\"}]}<\/script>\n<!-- \/ Yoast SEO plugin. -->","yoast_head_json":{"title":"Cr\u00e9aSync festival 2024 - EIFEIL","description":"Cr\u00e9aSync festival 2023, le festival de la synchronisation et de la musique pour l'image, \u00e0 la Cin\u00e9math\u00e8que fran\u00e7aise de Pairs","robots":{"index":"index","follow":"follow","max-snippet":"max-snippet:-1","max-image-preview":"max-image-preview:large","max-video-preview":"max-video-preview:-1"},"canonical":"https:\/\/eifeil.com\/index.php\/creasync-festival-2024\/","og_locale":"fr_FR","og_type":"article","og_title":"Cr\u00e9aSync festival 2024 - EIFEIL","og_description":"Cr\u00e9aSync festival 2023, le festival de la synchronisation et de la musique pour l'image, \u00e0 la Cin\u00e9math\u00e8que fran\u00e7aise de Pairs","og_url":"https:\/\/eifeil.com\/index.php\/creasync-festival-2024\/","og_site_name":"EIFEIL","article_modified_time":"2025-09-18T10:08:29+00:00","og_image":[{"width":1024,"height":576,"url":"https:\/\/eifeil.com\/wp-content\/uploads\/2025\/03\/1-1024x576.png","type":"image\/png"}],"twitter_card":"summary_large_image","twitter_misc":{"Dur\u00e9e de lecture estim\u00e9e":"3 minutes"},"schema":{"@context":"https:\/\/schema.org","@graph":[{"@type":"WebPage","@id":"https:\/\/eifeil.com\/index.php\/creasync-festival-2024\/","url":"https:\/\/eifeil.com\/index.php\/creasync-festival-2024\/","name":"Cr\u00e9aSync festival 2024 - EIFEIL","isPartOf":{"@id":"https:\/\/eifeil.com\/#website"},"primaryImageOfPage":{"@id":"https:\/\/eifeil.com\/index.php\/creasync-festival-2024\/#primaryimage"},"image":{"@id":"https:\/\/eifeil.com\/index.php\/creasync-festival-2024\/#primaryimage"},"thumbnailUrl":"https:\/\/eifeil.com\/wp-content\/uploads\/2025\/03\/1-768x432.png","datePublished":"2025-09-18T09:52:37+00:00","dateModified":"2025-09-18T10:08:29+00:00","description":"Cr\u00e9aSync festival 2023, le festival de la synchronisation et de la musique pour l'image, \u00e0 la Cin\u00e9math\u00e8que fran\u00e7aise de Pairs","breadcrumb":{"@id":"https:\/\/eifeil.com\/index.php\/creasync-festival-2024\/#breadcrumb"},"inLanguage":"fr-FR","potentialAction":[{"@type":"ReadAction","target":["https:\/\/eifeil.com\/index.php\/creasync-festival-2024\/"]}]},{"@type":"ImageObject","inLanguage":"fr-FR","@id":"https:\/\/eifeil.com\/index.php\/creasync-festival-2024\/#primaryimage","url":"https:\/\/eifeil.com\/wp-content\/uploads\/2025\/03\/1.png","contentUrl":"https:\/\/eifeil.com\/wp-content\/uploads\/2025\/03\/1.png","width":2560,"height":1440},{"@type":"BreadcrumbList","@id":"https:\/\/eifeil.com\/index.php\/creasync-festival-2024\/#breadcrumb","itemListElement":[{"@type":"ListItem","position":1,"name":"Accueil","item":"https:\/\/eifeil.com\/"},{"@type":"ListItem","position":2,"name":"Cr\u00e9aSync festival 2024"}]},{"@type":"WebSite","@id":"https:\/\/eifeil.com\/#website","url":"https:\/\/eifeil.com\/","name":"EIFEIL","description":"\u00c9diteurs Ind\u00e9pendants F\u00e9d\u00e9r\u00e9s en France","potentialAction":[{"@type":"SearchAction","target":{"@type":"EntryPoint","urlTemplate":"https:\/\/eifeil.com\/?s={search_term_string}"},"query-input":{"@type":"PropertyValueSpecification","valueRequired":true,"valueName":"search_term_string"}}],"inLanguage":"fr-FR"}]}},"_links":{"self":[{"href":"https:\/\/eifeil.com\/index.php\/wp-json\/wp\/v2\/pages\/7944","targetHints":{"allow":["GET"]}}],"collection":[{"href":"https:\/\/eifeil.com\/index.php\/wp-json\/wp\/v2\/pages"}],"about":[{"href":"https:\/\/eifeil.com\/index.php\/wp-json\/wp\/v2\/types\/page"}],"author":[{"embeddable":true,"href":"https:\/\/eifeil.com\/index.php\/wp-json\/wp\/v2\/users\/1"}],"replies":[{"embeddable":true,"href":"https:\/\/eifeil.com\/index.php\/wp-json\/wp\/v2\/comments?post=7944"}],"version-history":[{"count":7,"href":"https:\/\/eifeil.com\/index.php\/wp-json\/wp\/v2\/pages\/7944\/revisions"}],"predecessor-version":[{"id":7952,"href":"https:\/\/eifeil.com\/index.php\/wp-json\/wp\/v2\/pages\/7944\/revisions\/7952"}],"wp:attachment":[{"href":"https:\/\/eifeil.com\/index.php\/wp-json\/wp\/v2\/media?parent=7944"}],"curies":[{"name":"wp","href":"https:\/\/api.w.org\/{rel}","templated":true}]}}